{"id":1635,"date":"2022-02-03T14:18:58","date_gmt":"2022-02-03T14:18:58","guid":{"rendered":"https:\/\/internationalbluecross.org\/qui-sommes-nous\/"},"modified":"2026-03-04T14:32:43","modified_gmt":"2026-03-04T14:32:43","slug":"qui-sommes-nous","status":"publish","type":"page","link":"https:\/\/internationalbluecross.org\/fr\/qui-sommes-nous\/","title":{"rendered":"Qui sommes-nous?"},"content":{"rendered":"<p>[et_pb_section fb_built=\u00a0\u00bb1&Prime; _builder_version=\u00a0\u00bb4.16&Prime; _module_preset=\u00a0\u00bbdefault\u00a0\u00bb custom_padding=\u00a0\u00bb20px||20px||false|false\u00a0\u00bb global_colors_info=\u00a0\u00bb{}\u00a0\u00bb][et_pb_row _builder_version=\u00a0\u00bb4.16&Prime; _module_preset=\u00a0\u00bbdefault\u00a0\u00bb custom_margin=\u00a0\u00bb||0px||false|false\u00a0\u00bb custom_padding=\u00a0\u00bb||0px||false|false\u00a0\u00bb global_colors_info=\u00a0\u00bb{}\u00a0\u00bb][et_pb_column type=\u00a0\u00bb4_4&Prime; _builder_version=\u00a0\u00bb4.16&Prime; _module_preset=\u00a0\u00bbdefault\u00a0\u00bb global_colors_info=\u00a0\u00bb{}\u00a0\u00bb][et_pb_post_title meta=\u00a0\u00bboff\u00a0\u00bb featured_image=\u00a0\u00bboff\u00a0\u00bb _builder_version=\u00a0\u00bb4.16&Prime; _module_preset=\u00a0\u00bbdefault\u00a0\u00bb title_font=\u00a0\u00bb|700|on||||||\u00a0\u00bb title_font_size=\u00a0\u00bb30px\u00a0\u00bb custom_margin=\u00a0\u00bb||10px||false|false\u00a0\u00bb global_colors_info=\u00a0\u00bb{}\u00a0\u00bb][\/et_pb_post_title][\/et_pb_column][\/et_pb_row][\/et_pb_section][et_pb_section fb_built=\u00a0\u00bb1&Prime; _builder_version=\u00a0\u00bb4.16&Prime; _module_preset=\u00a0\u00bbdefault\u00a0\u00bb background_color=\u00a0\u00bb#f0f0f0&Prime; custom_padding=\u00a0\u00bb20px||20px||false|false\u00a0\u00bb global_colors_info=\u00a0\u00bb{}\u00a0\u00bb][et_pb_row _builder_version=\u00a0\u00bb4.16&Prime; _module_preset=\u00a0\u00bbdefault\u00a0\u00bb custom_padding=\u00a0\u00bb||10px||false|false\u00a0\u00bb global_colors_info=\u00a0\u00bb{}\u00a0\u00bb][et_pb_column type=\u00a0\u00bb4_4&Prime; _builder_version=\u00a0\u00bb4.16&Prime; _module_preset=\u00a0\u00bbdefault\u00a0\u00bb global_colors_info=\u00a0\u00bb{}\u00a0\u00bb][et_pb_text _builder_version=\u00a0\u00bb4.21.0&Prime; _module_preset=\u00a0\u00bbdefault\u00a0\u00bb header_2_font_size=\u00a0\u00bb30px\u00a0\u00bb global_colors_info=\u00a0\u00bb{}\u00a0\u00bb]<\/p>\n<div class=\"hgroup\">\n<h2 class=\"as-h1\"><em><strong>IBC en bref<\/strong><\/em><\/h2>\n<\/div>\n<p>[\/et_pb_text][\/et_pb_column][\/et_pb_row][et_pb_row use_custom_gutter=\u00a0\u00bbon\u00a0\u00bb gutter_width=\u00a0\u00bb2&Prime; _builder_version=\u00a0\u00bb4.16&Prime; _module_preset=\u00a0\u00bbdefault\u00a0\u00bb custom_padding=\u00a0\u00bb10px||||false|false\u00a0\u00bb global_colors_info=\u00a0\u00bb{}\u00a0\u00bb][et_pb_column type=\u00a0\u00bb4_4&Prime; _builder_version=\u00a0\u00bb4.16&Prime; _module_preset=\u00a0\u00bbdefault\u00a0\u00bb global_colors_info=\u00a0\u00bb{}\u00a0\u00bb][et_pb_text _builder_version=\u00a0\u00bb4.22.2&Prime; _module_preset=\u00a0\u00bbdefault\u00a0\u00bb global_colors_info=\u00a0\u00bb{}\u00a0\u00bb]<\/p>\n<p id=\"e1527\" style=\"text-align: left;\"><img data-opt-id=1975931284  fetchpriority=\"high\" decoding=\"async\" class=\"wp-image-22 alignleft size-large\" src=\"https:\/\/mll3h1jyy9a5.i.optimole.com\/w:1024\/h:768\/q:mauto\/ig:avif\/https:\/\/internationalbluecross.org\/wp-content\/uploads\/2022\/01\/2000H-title-picture2.jpg\" alt=\"\" width=\"513\" height=\"385\"><span style=\"font-size: 15px;\">Dans de nombreux pays, la consommation nocive d&rsquo;alcool et d&rsquo;autres drogues constitue un obstacle au d\u00e9veloppement social et \u00e9conomique durable. Des personnes vivent dans des conditions pr\u00e9caires, dans le besoin, au ch\u00f4mage et d\u00e9pourvues de perspectives. International Blue Cross s&rsquo;engage donc \u00e0 r\u00e9duire l&rsquo;impact n\u00e9gatif de la consommation d&rsquo;alcool et d&rsquo;autres drogues dans le monde et \u00e0 permettre une coexistence constructive dans les soci\u00e9t\u00e9s &#8211; sans violence, sans oppression et sans maladies li\u00e9es \u00e0 l&rsquo;addiction ! De la Suisse aux \u00celes F\u00e9ro\u00e9, du Congo au Br\u00e9sil &#8211; depuis 1886, l&rsquo;IBC s&rsquo;engage aupr\u00e8s de ceux qui vivent en marge de la soci\u00e9t\u00e9 et cherche \u00e0 att\u00e9nuer leurs difficult\u00e9s.<\/span><\/p>\n<p id=\"e1528\">En tant qu&rsquo;organisation non gouvernementale fa\u00eeti\u00e8re, l\u2019IBC coordonne les activit\u00e9s de 37 organisations membres affili\u00e9es dans 35 pays. Ils constituent un r\u00e9seau aidant des personnes sur quatre continents \u00e0 vivre sans d\u00e9pendance.<\/p>\n<p>En tant qu&rsquo;organisation de sant\u00e9 mondiale, l&rsquo;IBC met \u00e9galement en \u0153uvre des programmes de coop\u00e9ration internationale au d\u00e9veloppement, conform\u00e9ment \u00e0 l&rsquo;<a href=\"https:\/\/www.un.org\/sustainabledevelopment\/sustainable-development-goals\/\" target=\"_blank\" rel=\"noopener\">Agenda 2030 des Nations Unies<\/a>. IBC <span lang=\"EN-US\">Les programmes de coop\u00e9ration au d\u00e9veloppement travaillent dans le domaine de la pr\u00e9vention globale de l&rsquo;alcoolisme et des autres toxicomanies par le biais du d\u00e9veloppement des comp\u00e9tences, de l&rsquo;action communautaire, de la d\u00e9fense des int\u00e9r\u00eats et des groupes d&rsquo;entraide.<\/span><\/p>\n<div><\/div>\n<p>Depuis 2013, l&rsquo;IBC met en place des programmes avec des partenaires locaux. Les partenaires se trouvent actuellement en R\u00e9publique du Tchad, en R\u00e9publique du Congo, au Togo et en Tanzanie.<\/p>\n<p id=\"e3841\"><strong>Plus de 1 000 travailleurs sociaux, experts en pr\u00e9vention et autres professionnels dans le monde, sous le drapeau de la Croix Bleue, s&rsquo;occupent de personnes ayant des probl\u00e8mes d&rsquo;alcool et autres drogues \u2013 et de celles qui sont \u00e0 risque.<\/strong><\/p>\n<p>[\/et_pb_text][\/et_pb_column][\/et_pb_row][\/et_pb_section][et_pb_section fb_built=\u00a0\u00bb1&Prime; _builder_version=\u00a0\u00bb4.22.2&Prime; _module_preset=\u00a0\u00bbdefault\u00a0\u00bb background_color=\u00a0\u00bb#4e84bc\u00a0\u00bb custom_padding=\u00a0\u00bb0px||0px||false|false\u00a0\u00bb global_colors_info=\u00a0\u00bb{}\u00a0\u00bb][et_pb_row column_structure=\u00a0\u00bb1_2,1_2&Prime; _builder_version=\u00a0\u00bb4.22.2&Prime; _module_preset=\u00a0\u00bbdefault\u00a0\u00bb background_color=\u00a0\u00bb#4e84bc\u00a0\u00bb background_enable_image=\u00a0\u00bboff\u00a0\u00bb width=\u00a0\u00bb100%\u00a0\u00bb max_width=\u00a0\u00bb100%\u00a0\u00bb custom_padding=\u00a0\u00bb0px||0px||false|false\u00a0\u00bb global_colors_info=\u00a0\u00bb{}\u00a0\u00bb][et_pb_column type=\u00a0\u00bb1_2&Prime; _builder_version=\u00a0\u00bb4.22.2&Prime; _module_preset=\u00a0\u00bbdefault\u00a0\u00bb global_colors_info=\u00a0\u00bb{}\u00a0\u00bb][et_pb_image title_text=\u00a0\u00bb2000H-kongo\u00a0\u00bb show_bottom_space=\u00a0\u00bboff\u00a0\u00bb _builder_version=\u00a0\u00bb4.22.2&Prime; _module_preset=\u00a0\u00bbdefault\u00a0\u00bb background_image=\u00a0\u00bbhttps:\/\/internationalbluecross.org\/wp-content\/uploads\/2022\/02\/2000H-kongo.jpg\u00a0\u00bb parallax=\u00a0\u00bbon\u00a0\u00bb min_height=\u00a0\u00bb420px\u00a0\u00bb custom_padding=\u00a0\u00bb210px||210px||false|false\u00a0\u00bb global_colors_info=\u00a0\u00bb{}\u00a0\u00bb][\/et_pb_image][\/et_pb_column][et_pb_column type=\u00a0\u00bb1_2&Prime; _builder_version=\u00a0\u00bb4.22.2&Prime; _module_preset=\u00a0\u00bbdefault\u00a0\u00bb global_colors_info=\u00a0\u00bb{}\u00a0\u00bb][et_pb_text _builder_version=\u00a0\u00bb4.23.1&Prime; _module_preset=\u00a0\u00bbdefault\u00a0\u00bb text_text_color=\u00a0\u00bb#FFFFFF\u00a0\u00bb text_font_size=\u00a0\u00bb17px\u00a0\u00bb header_text_color=\u00a0\u00bb#FFFFFF\u00a0\u00bb header_2_text_color=\u00a0\u00bb#FFFFFF\u00a0\u00bb width=\u00a0\u00bb99.9%\u00a0\u00bb min_height=\u00a0\u00bb427px\u00a0\u00bb custom_margin_last_edited=\u00a0\u00bboff|desktop\u00a0\u00bb custom_padding=\u00a0\u00bb60px|40px|60px|1px|false|false\u00a0\u00bb custom_padding_tablet=\u00a0\u00bb0px|20px|20px|20px|false|false\u00a0\u00bb custom_padding_phone=\u00a0\u00bb||20px||false|false\u00a0\u00bb custom_padding_last_edited=\u00a0\u00bbon|desktop\u00a0\u00bb global_colors_info=\u00a0\u00bb{}\u00a0\u00bb]<\/p>\n<h2><strong>Axe strat\u00e9gique<\/strong> <span>2021 &#8211; 2028<\/span><\/h2>\n<p><span><\/span><\/p>\n<ul>\n<li><span style=\"font-size: 17px; font-weight: 400;\">Promouvoir une vie saine et \u00e9panouissante,<\/span> <span style=\"font-size: 17px; font-weight: 400;\">exempte d&rsquo;alcool, d&rsquo;autres drogues et de toutes les d\u00e9pendances, <strong>gr\u00e2ce \u00e0<\/strong><\/span> <span style=\"font-size: 17px; font-weight: 400;\">des mod\u00e8les complets de pr\u00e9vention et d&rsquo;intervention fond\u00e9s sur des donn\u00e9es probantes.<\/span><span style=\"font-size: 17px; font-weight: 400;\"> <\/span><\/li>\n<li><span style=\"font-size: 17px;\"><span style=\"font-size: 17px;\">Des organisations membres fortes <\/span><\/span><span style=\"font-size: 17px;\"><span style=\"font-size: 17px;\">favoriser la collaboration entre les organisations membres,<\/span><\/span><span style=\"font-size: 17px;\"><span style=\"font-size: 17px;\">assurer un engagement actif <\/span><\/span><span style=\"font-size: 17px;\">et une repr\u00e9sentation au sein des r\u00e9seaux de sant\u00e9 mondiaux.<\/span><\/li>\n<li><span style=\"font-size: 17px;\">Approche chr\u00e9tienne fond\u00e9e sur les valeurs ; Promouvoir<\/span><span style=\"font-size: 17px;\">une vision holistique de la sant\u00e9 qui int\u00e8gre la vision biopsychosociale et spirituelle du bien-\u00eatre humain et une approche professionnelle du travail social fond\u00e9e sur la foi.<\/span><\/li>\n<\/ul>\n<p id=\"bar_items1532\"><strong>L&rsquo;IBC travaille selon les objectifs de d\u00e9veloppement prioritaires des Nations unies et est certifi\u00e9 ZEWO.<\/strong><strong><\/strong><\/p>\n<p style=\"font-weight: 400;\">[\/et_pb_text][\/et_pb_column][\/et_pb_row][\/et_pb_section][et_pb_section fb_built=\u00a0\u00bb1&Prime; _builder_version=\u00a0\u00bb4.16&Prime; _module_preset=\u00a0\u00bbdefault\u00a0\u00bb background_color=\u00a0\u00bb#f0f0f0&Prime; custom_padding=\u00a0\u00bb20px||20px||false|false\u00a0\u00bb global_colors_info=\u00a0\u00bb{}\u00a0\u00bb][et_pb_row _builder_version=\u00a0\u00bb4.16&Prime; _module_preset=\u00a0\u00bbdefault\u00a0\u00bb custom_padding=\u00a0\u00bb||10px||false|false\u00a0\u00bb global_colors_info=\u00a0\u00bb{}\u00a0\u00bb][et_pb_column type=\u00a0\u00bb4_4&Prime; _builder_version=\u00a0\u00bb4.16&Prime; _module_preset=\u00a0\u00bbdefault\u00a0\u00bb global_colors_info=\u00a0\u00bb{}\u00a0\u00bb][et_pb_text _builder_version=\u00a0\u00bb4.16&Prime; _module_preset=\u00a0\u00bbdefault\u00a0\u00bb header_2_font_size=\u00a0\u00bb30px\u00a0\u00bb global_colors_info=\u00a0\u00bb{}\u00a0\u00bb]<\/p>\n<div class=\"hgroup\">\n<h2 class=\"as-h1\"><em><strong>Notre Histoire<\/strong><\/em><\/h2>\n<\/div>\n<p>[\/et_pb_text][\/et_pb_column][\/et_pb_row][et_pb_row column_structure=\u00a0\u00bb3_5,2_5&Prime; use_custom_gutter=\u00a0\u00bbon\u00a0\u00bb gutter_width=\u00a0\u00bb2&Prime; _builder_version=\u00a0\u00bb4.16&Prime; _module_preset=\u00a0\u00bbdefault\u00a0\u00bb custom_padding=\u00a0\u00bb10px||||false|false\u00a0\u00bb global_colors_info=\u00a0\u00bb{}\u00a0\u00bb][et_pb_column type=\u00a0\u00bb3_5&Prime; _builder_version=\u00a0\u00bb4.16&Prime; _module_preset=\u00a0\u00bbdefault\u00a0\u00bb global_colors_info=\u00a0\u00bb{}\u00a0\u00bb][et_pb_text _builder_version=\u00a0\u00bb4.16&Prime; _module_preset=\u00a0\u00bbdefault\u00a0\u00bb global_colors_info=\u00a0\u00bb{}\u00a0\u00bb]<\/p>\n<p id=\"e1514\">Les origines du mouvement de la Croix Bleue et donc de l&rsquo;organisation fa\u00eeti\u00e8re internationale IBC remontent au 19\u1d49 si\u00e8cle. Les probl\u00e8mes d&rsquo;alcool \u00e9taient r\u00e9pandus dans la soci\u00e9t\u00e9 de l&rsquo;\u00e9poque. Cela a incit\u00e9 le pasteur suisse Louis-Lucien Rochat \u00e0 s&rsquo;engager pour les personnes concern\u00e9es. Avec ses coll\u00e8gues, il a tent\u00e9 d&rsquo;all\u00e9ger les souffrances des personnes d\u00e9pendantes de l&rsquo;alcool. Son engagement a conduit \u00e0 la fondation officielle de la Croix Bleue le 21 septembre 1877 \u00e0 Gen\u00e8ve.<\/p>\n<p id=\"e1515\">Rapidement, le mouvement de la Croix-Bleue s&rsquo;\u00e9tend au-del\u00e0 des fronti\u00e8res suisses. C&rsquo;est ainsi qu&rsquo;est n\u00e9e la n\u00e9cessit\u00e9 d&rsquo;unir les diff\u00e9rents groupes au sein d&rsquo;une organisation fa\u00eeti\u00e8re internationale. C&rsquo;est la raison pour laquelle le \u00ab\u00a0Comit\u00e9 international\u00a0\u00bb a \u00e9t\u00e9 fond\u00e9 \u00e0 La Chaux-de-Fonds (Suisse) en 1886 &#8211; et c&rsquo;est ainsi que l&rsquo;International Blue Cross est n\u00e9e. Bient\u00f4t, le mouvement franchit non seulement les fronti\u00e8res nationales, mais s&rsquo;\u00e9tend \u00e9galement au-del\u00e0 de l&rsquo;Europe : en 1906, la premi\u00e8re organisation non europ\u00e9enne de la Croix-Bleue est fond\u00e9e en Afrique, au Ghana. Aujourd&rsquo;hui, pr\u00e8s de 40 organisations nationales d&rsquo;Europe, d&rsquo;Afrique, d&rsquo;Asie et d&rsquo;Am\u00e9rique du Sud font partie d&rsquo;International Blue Cross. <\/p>\n<p>[\/et_pb_text][\/et_pb_column][et_pb_column type=\u00a0\u00bb2_5&Prime; _builder_version=\u00a0\u00bb4.16&Prime; _module_preset=\u00a0\u00bbdefault\u00a0\u00bb global_colors_info=\u00a0\u00bb{}\u00a0\u00bb][et_pb_image src=\u00a0\u00bbhttps:\/\/internationalbluecross.org\/wp-content\/uploads\/2022\/02\/Louis-Lucien-Rochat-kl.jpg\u00a0\u00bb title_text=\u00a0\u00bbLouis-Lucien-Rochat-kl\u00a0\u00bb show_in_lightbox=\u00a0\u00bbon\u00a0\u00bb use_overlay=\u00a0\u00bbon\u00a0\u00bb overlay_icon_color=\u00a0\u00bb#FFFFFF\u00a0\u00bb hover_overlay_color=\u00a0\u00bbrgba(255,255,255,0.33)\u00a0\u00bb hover_icon=\u00a0\u00bb&#x54;||divi||400&Prime; _builder_version=\u00a0\u00bb4.16&Prime; _module_preset=\u00a0\u00bbdefault\u00a0\u00bb global_colors_info=\u00a0\u00bb{}\u00a0\u00bb][\/et_pb_image][et_pb_text _builder_version=\u00a0\u00bb4.16&Prime; _module_preset=\u00a0\u00bbdefault\u00a0\u00bb text_font_size=\u00a0\u00bb12px\u00a0\u00bb global_colors_info=\u00a0\u00bb{}\u00a0\u00bb]Pasteur Louis-Lucien Rochat, fondateur de la Croix-Bleue[\/et_pb_text][\/et_pb_column][\/et_pb_row][\/et_pb_section][et_pb_section fb_built=\u00a0\u00bb1&Prime; _builder_version=\u00a0\u00bb4.16&Prime; _module_preset=\u00a0\u00bbdefault\u00a0\u00bb custom_padding=\u00a0\u00bb0px||0px||false|false\u00a0\u00bb global_colors_info=\u00a0\u00bb{}\u00a0\u00bb][et_pb_row column_structure=\u00a0\u00bb1_2,1_2&Prime; _builder_version=\u00a0\u00bb4.16&Prime; _module_preset=\u00a0\u00bbdefault\u00a0\u00bb background_color=\u00a0\u00bb#4e84bc\u00a0\u00bb background_enable_image=\u00a0\u00bboff\u00a0\u00bb width=\u00a0\u00bb100%\u00a0\u00bb max_width=\u00a0\u00bb100%\u00a0\u00bb custom_padding=\u00a0\u00bb0px||0px||false|false\u00a0\u00bb global_colors_info=\u00a0\u00bb{}\u00a0\u00bb][et_pb_column type=\u00a0\u00bb1_2&Prime; _builder_version=\u00a0\u00bb4.16&Prime; _module_preset=\u00a0\u00bbdefault\u00a0\u00bb global_colors_info=\u00a0\u00bb{}\u00a0\u00bb][et_pb_image title_text=\u00a0\u00bb2000H-afrika\u00a0\u00bb force_fullwidth=\u00a0\u00bbon\u00a0\u00bb _builder_version=\u00a0\u00bb4.22.2&Prime; _module_preset=\u00a0\u00bbdefault\u00a0\u00bb background_image=\u00a0\u00bbhttps:\/\/internationalbluecross.org\/wp-content\/uploads\/2022\/02\/2000H-afrika.jpg\u00a0\u00bb parallax=\u00a0\u00bbon\u00a0\u00bb max_height=\u00a0\u00bb347px\u00a0\u00bb custom_padding=\u00a0\u00bb250px||250px||false|false\u00a0\u00bb global_colors_info=\u00a0\u00bb{}\u00a0\u00bb][\/et_pb_image][\/et_pb_column][et_pb_column type=\u00a0\u00bb1_2&Prime; _builder_version=\u00a0\u00bb4.16&Prime; _module_preset=\u00a0\u00bbdefault\u00a0\u00bb global_colors_info=\u00a0\u00bb{}\u00a0\u00bb][et_pb_text admin_label=\u00a0\u00bbText\u00a0\u00bb _builder_version=\u00a0\u00bb4.23.1&Prime; _module_preset=\u00a0\u00bbdefault\u00a0\u00bb text_text_color=\u00a0\u00bb#FFFFFF\u00a0\u00bb text_font_size=\u00a0\u00bb17px\u00a0\u00bb header_text_color=\u00a0\u00bb#FFFFFF\u00a0\u00bb header_2_text_color=\u00a0\u00bb#FFFFFF\u00a0\u00bb header_3_font=\u00a0\u00bb|600|on||||||\u00a0\u00bb header_3_text_color=\u00a0\u00bb#FFFFFF\u00a0\u00bb custom_margin_last_edited=\u00a0\u00bboff|desktop\u00a0\u00bb custom_padding=\u00a0\u00bb60px|40px|60px||false|false\u00a0\u00bb custom_padding_tablet=\u00a0\u00bb0px|20px|20px|20px|false|false\u00a0\u00bb custom_padding_phone=\u00a0\u00bb||20px||false|false\u00a0\u00bb custom_padding_last_edited=\u00a0\u00bbon|desktop\u00a0\u00bb global_colors_info=\u00a0\u00bb{}\u00a0\u00bb]<\/p>\n<h2 id=\"bar_items3828\"><strong>Vision et Mission<\/strong><\/h2>\n<h3 id=\"bar_items3831\">Notre Vision<\/h3>\n<ul>\n<li>Les gens vivent dignement et sainement dans un monde o\u00f9 les structures et les services de la soci\u00e9t\u00e9 leur permettent de vivre sans d\u00e9pendance ni dommages li\u00e9s \u00e0 l&rsquo;alcool ou \u00e0 d&rsquo;autres drogues.<\/li>\n<\/ul>\n<p>&nbsp;<\/p>\n<h3 id=\"bar_items3833\">Notre Mission<\/h3>\n<ul id=\"bar_items3832\" class=\"list-plus\">\n<li>Pr\u00e9venir et r\u00e9duire l\u2019usage, l\u2019abus et la d\u00e9pendance \u00e0 l\u2019alcool et aux autres drogues ainsi que leurs m\u00e9faits, en particulier \u00e0 l\u2019\u00e9gard des personnes les plus vuln\u00e9rables.<\/li>\n<li>Engager les organisations de la Croix Bleue du monde entier \u00e0 promouvoir la mission, avec une vision holistique de l&rsquo;\u00eatre humain comme un \u00e9tat de complet bien-\u00eatre physique, mental, spirituel et social.<\/li>\n<\/ul>\n<p>[\/et_pb_text][\/et_pb_column][\/et_pb_row][\/et_pb_section][et_pb_section fb_built=\u00a0\u00bb1&Prime; _builder_version=\u00a0\u00bb4.16&Prime; _module_preset=\u00a0\u00bbdefault\u00a0\u00bb background_color=\u00a0\u00bb#f0f0f0&Prime; custom_padding=\u00a0\u00bb20px||20px||false|false\u00a0\u00bb global_colors_info=\u00a0\u00bb{}\u00a0\u00bb][et_pb_row _builder_version=\u00a0\u00bb4.16&Prime; _module_preset=\u00a0\u00bbdefault\u00a0\u00bb custom_padding=\u00a0\u00bb||10px||false|false\u00a0\u00bb global_colors_info=\u00a0\u00bb{}\u00a0\u00bb][et_pb_column type=\u00a0\u00bb4_4&Prime; _builder_version=\u00a0\u00bb4.16&Prime; _module_preset=\u00a0\u00bbdefault\u00a0\u00bb global_colors_info=\u00a0\u00bb{}\u00a0\u00bb][et_pb_text _builder_version=\u00a0\u00bb4.16&Prime; _module_preset=\u00a0\u00bbdefault\u00a0\u00bb header_2_font_size=\u00a0\u00bb30px\u00a0\u00bb global_colors_info=\u00a0\u00bb{}\u00a0\u00bb]<\/p>\n<div class=\"hgroup\">\n<h2 class=\"as-h1\"><em><strong>Domaines d&rsquo;activit\u00e9s<\/strong><\/em><\/h2>\n<\/div>\n<p>[\/et_pb_text][\/et_pb_column][\/et_pb_row][et_pb_row column_structure=\u00a0\u00bb1_2,1_2&Prime; use_custom_gutter=\u00a0\u00bbon\u00a0\u00bb gutter_width=\u00a0\u00bb2&Prime; _builder_version=\u00a0\u00bb4.16&Prime; _module_preset=\u00a0\u00bbdefault\u00a0\u00bb custom_padding=\u00a0\u00bb10px||||false|false\u00a0\u00bb global_colors_info=\u00a0\u00bb{}\u00a0\u00bb][et_pb_column type=\u00a0\u00bb1_2&Prime; _builder_version=\u00a0\u00bb4.16&Prime; _module_preset=\u00a0\u00bbdefault\u00a0\u00bb global_colors_info=\u00a0\u00bb{}\u00a0\u00bb][et_pb_text _builder_version=\u00a0\u00bb4.21.0&Prime; _module_preset=\u00a0\u00bbdefault\u00a0\u00bb global_colors_info=\u00a0\u00bb{}\u00a0\u00bb]<\/p>\n<h4 id=\"Elemente2758\">Plaidoyer<\/h4>\n<p id=\"Elemente2759\">La pr\u00e9vention structurelle des dommages li\u00e9s \u00e0 l&rsquo;abus de substances n\u00e9cessite des <strong>politiques en mati\u00e8re d&rsquo;alcool et de drogues fond\u00e9es sur des preuves.<\/strong> L&rsquo;IBC <strong>encourage<\/strong> de telles politiques, en <strong>suivant de pr\u00e8s<\/strong> les progr\u00e8s locaux et en <strong>d\u00e9fendant<\/strong> la n\u00e9cessit\u00e9 de <strong>prot\u00e9ger<\/strong> le d\u00e9veloppement de la politique en mati\u00e8re d&rsquo;alcool de l&rsquo;interf\u00e9rence des int\u00e9r\u00eats \u00e9conomiques. L&rsquo;IBC soutient <strong>SAFER<\/strong>, l&rsquo;initiative dirig\u00e9e par l&rsquo;OMS qui vise \u00e0 r\u00e9duire l&rsquo;usage nocif de l&rsquo;alcool de 10% d&rsquo;ici 2025.<\/p>\n<h4 id=\"Elemente2760\">Pr\u00e9vention<\/h4>\n<p id=\"Elemente2761\">L&rsquo;approche de la pr\u00e9vention d&rsquo;IBC combine la pr\u00e9vention <strong>individuelle (comportementale)<\/strong> et <strong>structurelle<\/strong> avec <strong>l&rsquo;action communautaire<\/strong>. Il s&rsquo;agit d&rsquo;une <strong>approche globale<\/strong>. Le changement de comportement est rendu possible par l&rsquo;offre de programmes de Comp\u00e9tences de Vie. Il s&rsquo;agit d&rsquo;une solution IBC <strong>reconnue<\/strong> pour pr\u00e9venir les m\u00e9faits de l&rsquo;alcool et des autres drogues et fournir aux gens ce dont ils ont besoin pour une bonne sant\u00e9 mentale et un bon bien-\u00eatre. Le programme d&rsquo;IBC Comp\u00e9tence de Vie pour les <strong>jeunes<\/strong> est mis en place dans le cadre de programmes internationaux de coop\u00e9ration au d\u00e9veloppement.<\/p>\n<h4 id=\"Elemente3264\">Traitement et Conseil<\/h4>\n<p id=\"Elemente3262\">Les organisations de la Croix Bleue nationale du monde entier offrent des services d&rsquo;intervention, de traitement et de conseil aux personnes et \u00e0 leurs proches touch\u00e9s par l&rsquo;alcool, les autres drogues et les jeux d&rsquo;argent. La Croix Bleue a une approche bio-psychosociale-spirituelle ; une vari\u00e9t\u00e9 de mod\u00e8les de traitement est utilis\u00e9e pour r\u00e9pondre \u00e0 chacun de ces besoins humains.<\/p>\n<p>[\/et_pb_text][\/et_pb_column][et_pb_column type=\u00a0\u00bb1_2&Prime; _builder_version=\u00a0\u00bb4.16&Prime; _module_preset=\u00a0\u00bbdefault\u00a0\u00bb global_colors_info=\u00a0\u00bb{}\u00a0\u00bb][et_pb_text _builder_version=\u00a0\u00bb4.16&Prime; _module_preset=\u00a0\u00bbdefault\u00a0\u00bb global_colors_info=\u00a0\u00bb{}\u00a0\u00bb]<\/p>\n<h4 id=\"Elemente2766\">Groupes d&rsquo;entraide<\/h4>\n<p id=\"Elemente2767\">Les organisations nationales de la Croix Bleue dans le monde facilitent <strong>les groupes d&rsquo;entraide et de soutien mutuel<\/strong>, cr\u00e9ant ainsi des communaut\u00e9s de vie saine. Des personnes atteintes de la m\u00eame maladie ou se trouvant dans des situations de vie similaires se rencontrent r\u00e9guli\u00e8rement dans des groupes. Les groupes constituent une partie importante du processus de r\u00e9tablissement apr\u00e8s un traitement ou un programme de r\u00e9habilitation. Les groupes sont efficaces pour pr\u00e9venir une rechute dans la d\u00e9pendance. Les groupes sont anim\u00e9s par des professionnels ou des b\u00e9n\u00e9voles de la Croix Bleue. Fond\u00e9s sur le soutien mutuel, les groupes <strong>de suivi<\/strong> offrent une exp\u00e9rience communautaire, un d\u00e9veloppement personnel, une plus grande confiance en soi et un meilleur sens de la vie.<\/p>\n<h4 id=\"Elemente2769\">Autre<\/h4>\n<p id=\"Elemente2770\">Les organisations de la Croix Bleue nationale proposent une gamme de services d&rsquo;aide \u00e0 la r\u00e9insertion adapt\u00e9e aux r\u00e9gions qu&rsquo;elles desservent, tels que des <strong>centres d&rsquo;accueil, des solutions pour les sans-abri et des programmes de pr\u00e9paration \u00e0 l&#8217;emploi<\/strong> Tous ces services ont pour but de permettre aux personnes concern\u00e9es de mener une vie ind\u00e9pendante et enrichissante.<\/p>\n<p>[\/et_pb_text][\/et_pb_column][\/et_pb_row][\/et_pb_section][et_pb_section fb_built=\u00a0\u00bb1&Prime; _builder_version=\u00a0\u00bb4.16&Prime; _module_preset=\u00a0\u00bbdefault\u00a0\u00bb background_enable_color=\u00a0\u00bboff\u00a0\u00bb custom_padding=\u00a0\u00bb20px||20px||false|false\u00a0\u00bb global_colors_info=\u00a0\u00bb{}\u00a0\u00bb][et_pb_row _builder_version=\u00a0\u00bb4.16&Prime; _module_preset=\u00a0\u00bbdefault\u00a0\u00bb custom_padding=\u00a0\u00bb||10px||false|false\u00a0\u00bb global_colors_info=\u00a0\u00bb{}\u00a0\u00bb][et_pb_column type=\u00a0\u00bb4_4&Prime; _builder_version=\u00a0\u00bb4.16&Prime; _module_preset=\u00a0\u00bbdefault\u00a0\u00bb global_colors_info=\u00a0\u00bb{}\u00a0\u00bb][et_pb_text _builder_version=\u00a0\u00bb4.25.2&Prime; _module_preset=\u00a0\u00bbdefault\u00a0\u00bb header_2_font_size=\u00a0\u00bb30px\u00a0\u00bb global_colors_info=\u00a0\u00bb{}\u00a0\u00bb]<\/p>\n<div class=\"hgroup\">\n<h2 class=\"as-h1\"><em><strong>Organizational Structure<\/strong><\/em><\/h2>\n<\/div>\n<p>[\/et_pb_text][\/et_pb_column][\/et_pb_row][et_pb_row column_structure=\u00a0\u00bb3_5,2_5&Prime; use_custom_gutter=\u00a0\u00bbon\u00a0\u00bb gutter_width=\u00a0\u00bb2&Prime; _builder_version=\u00a0\u00bb4.16&Prime; _module_preset=\u00a0\u00bbdefault\u00a0\u00bb custom_padding=\u00a0\u00bb10px||||false|false\u00a0\u00bb global_colors_info=\u00a0\u00bb{}\u00a0\u00bb][et_pb_column type=\u00a0\u00bb3_5&Prime; _builder_version=\u00a0\u00bb4.16&Prime; _module_preset=\u00a0\u00bbdefault\u00a0\u00bb global_colors_info=\u00a0\u00bb{}\u00a0\u00bb][et_pb_text _builder_version=\u00a0\u00bb4.21.0&Prime; _module_preset=\u00a0\u00bbdefault\u00a0\u00bb global_colors_info=\u00a0\u00bb{}\u00a0\u00bb]<\/p>\n<p id=\"e2646\">International Blue Cross (IBC) est une organisation non gouvernementale qui r\u00e9unit pr\u00e8s de 40 organisations nationales de la Croix Bleue sous un m\u00eame toit, cr\u00e9ant ainsi un r\u00e9seau mondial pour la promotion d&rsquo;une cause commune. Nous associons l&rsquo;expertise professionnelle et le savoir-faire des diff\u00e9rentes organisations de la Croix Bleue, ce qui nous permet d&rsquo;utiliser et d&rsquo;int\u00e9grer efficacement les exp\u00e9riences de chaque organisation au niveau local et international. Les organisations membres sont les principaux fournisseurs de services de la Croix Bleue et sont repr\u00e9sent\u00e9es par le Conseil d&rsquo;administration (Comit\u00e9 du r\u00e9seau).  <\/p>\n<h3 id=\"e2590\"><\/h3>\n<p id=\"e1707\">Notre principal organe de repr\u00e9sentation et de d\u00e9lib\u00e9ration est l&rsquo;<strong>Assembl\u00e9e G\u00e9n\u00e9rale<\/strong>, l&rsquo;autorit\u00e9 d\u00e9cisionnelle supr\u00eame d&rsquo;International Blue Cross. Chaque organisation membre a le droit d&rsquo;envoyer un repr\u00e9sentant \u00e0 l&rsquo;Assembl\u00e9e. L&rsquo;Assembl\u00e9e g\u00e9n\u00e9rale se r\u00e9unit tous les quatre ans. Elle d\u00e9signe alors le comit\u00e9 de r\u00e9seau d&rsquo;International Blue Cross et lui d\u00e9l\u00e8gue son autorit\u00e9. L&rsquo;Assembl\u00e9e g\u00e9n\u00e9rale d\u00e9cide en outre de la direction et de l&rsquo;orientation des questions cl\u00e9s qui affectent la strat\u00e9gie et les activit\u00e9s du mouvement de la Croix Bleue dans le monde entier.<\/p>\n<p>[\/et_pb_text][\/et_pb_column][et_pb_column type=\u00a0\u00bb2_5&Prime; _builder_version=\u00a0\u00bb4.16&Prime; _module_preset=\u00a0\u00bbdefault\u00a0\u00bb global_colors_info=\u00a0\u00bb{}\u00a0\u00bb][et_pb_image src=\u00a0\u00bbhttps:\/\/internationalbluecross.org\/wp-content\/uploads\/2022\/08\/IBC-Organisational-Chart_22_ENG-1-pdf.jpg\u00a0\u00bb title_text=\u00a0\u00bbIBC Organisational Chart_22_ENG\u00a0\u00bb show_in_lightbox=\u00a0\u00bbon\u00a0\u00bb use_overlay=\u00a0\u00bbon\u00a0\u00bb overlay_icon_color=\u00a0\u00bb#135ba6&Prime; hover_overlay_color=\u00a0\u00bbrgba(255,255,255,0.33)\u00a0\u00bb hover_icon=\u00a0\u00bb&#x54;||divi||400&Prime; _builder_version=\u00a0\u00bb4.18.0&Prime; _module_preset=\u00a0\u00bbdefault\u00a0\u00bb global_colors_info=\u00a0\u00bb{}\u00a0\u00bb][\/et_pb_image][\/et_pb_column][\/et_pb_row][\/et_pb_section][et_pb_section fb_built=\u00a0\u00bb1&Prime; admin_label=\u00a0\u00bbSection\u00a0\u00bb _builder_version=\u00a0\u00bb4.16&Prime; _module_preset=\u00a0\u00bbdefault\u00a0\u00bb background_enable_color=\u00a0\u00bboff\u00a0\u00bb custom_padding=\u00a0\u00bb20px||20px||false|false\u00a0\u00bb collapsed=\u00a0\u00bboff\u00a0\u00bb global_colors_info=\u00a0\u00bb{}\u00a0\u00bb][et_pb_row _builder_version=\u00a0\u00bb4.16&Prime; _module_preset=\u00a0\u00bbdefault\u00a0\u00bb custom_padding=\u00a0\u00bb||10px||false|false\u00a0\u00bb global_colors_info=\u00a0\u00bb{}\u00a0\u00bb][et_pb_column type=\u00a0\u00bb4_4&Prime; _builder_version=\u00a0\u00bb4.16&Prime; _module_preset=\u00a0\u00bbdefault\u00a0\u00bb global_colors_info=\u00a0\u00bb{}\u00a0\u00bb][et_pb_text _builder_version=\u00a0\u00bb4.16&Prime; _module_preset=\u00a0\u00bbdefault\u00a0\u00bb header_2_font_size=\u00a0\u00bb30px\u00a0\u00bb custom_margin=\u00a0\u00bb||0px||false|false\u00a0\u00bb custom_padding=\u00a0\u00bb||||false|false\u00a0\u00bb global_colors_info=\u00a0\u00bb{}\u00a0\u00bb]<\/p>\n<div class=\"hgroup\">\n<h2 class=\"as-h1\"><em><strong> Comit\u00e9 de r\u00e9seau<\/strong><\/em><\/h2>\n<\/div>\n<p>[\/et_pb_text][et_pb_text _builder_version=\u00a0\u00bb4.16&Prime; _module_preset=\u00a0\u00bbdefault\u00a0\u00bb custom_padding=\u00a0\u00bb0px||||false|false\u00a0\u00bb global_colors_info=\u00a0\u00bb{}\u00a0\u00bb]Le Comit\u00e9 de r\u00e9seau est l&rsquo;organe de gouvernance de l&rsquo;IBC.[\/et_pb_text][\/et_pb_column][\/et_pb_row][et_pb_row column_structure=\u00a0\u00bb1_2,1_2&Prime; use_custom_gutter=\u00a0\u00bbon\u00a0\u00bb gutter_width=\u00a0\u00bb2&Prime; _builder_version=\u00a0\u00bb4.16&Prime; _module_preset=\u00a0\u00bbdefault\u00a0\u00bb custom_padding=\u00a0\u00bb10px||||false|false\u00a0\u00bb collapsed=\u00a0\u00bboff\u00a0\u00bb global_colors_info=\u00a0\u00bb{}\u00a0\u00bb][et_pb_column type=\u00a0\u00bb1_2&Prime; _builder_version=\u00a0\u00bb4.16&Prime; _module_preset=\u00a0\u00bbdefault\u00a0\u00bb global_colors_info=\u00a0\u00bb{}\u00a0\u00bb][et_pb_blurb title=\u00a0\u00bbReinhard Jahn\u00a0\u00bb image=\u00a0\u00bbhttps:\/\/internationalbluecross.org\/wp-content\/uploads\/2025\/11\/Reinhard-Jahn-Germany-2-scaled.jpeg\u00a0\u00bb icon_placement=\u00a0\u00bbleft\u00a0\u00bb image_icon_width=\u00a0\u00bb180px\u00a0\u00bb icon_placement_tablet=\u00a0\u00bbleft\u00a0\u00bb icon_placement_phone=\u00a0\u00bbtop\u00a0\u00bb icon_placement_last_edited=\u00a0\u00bbon|phone\u00a0\u00bb image_icon_width_tablet=\u00a0\u00bb180px\u00a0\u00bb image_icon_width_phone=\u00a0\u00bb100%\u00a0\u00bb image_icon_width_last_edited=\u00a0\u00bbon|desktop\u00a0\u00bb _builder_version=\u00a0\u00bb4.27.4&Prime; _module_preset=\u00a0\u00bbdefault\u00a0\u00bb header_font=\u00a0\u00bb|700|||||||\u00a0\u00bb background_color=\u00a0\u00bb#D2EEF9&Prime; min_height=\u00a0\u00bb220px\u00a0\u00bb custom_padding=\u00a0\u00bb20px|10px|20px|10px|false|false\u00a0\u00bb custom_padding_tablet=\u00a0\u00bb20px|10px|20px|10px|false|false\u00a0\u00bb custom_padding_phone=\u00a0\u00bb20px|10px|20px|10px|false|false\u00a0\u00bb custom_padding_last_edited=\u00a0\u00bbon|phone\u00a0\u00bb global_colors_info=\u00a0\u00bb{}\u00a0\u00bb]<\/p>\n<p>Allemagne<br \/>Pr\u00e9sident du Blue Cross International<\/p>\n<div>\n<p class=\"p1\">Directeur g\u00e9n\u00e9ral de Blue Cross Allemagne<\/p>\n<\/div>\n<div>\n<p class=\"p1\">Membre du comit\u00e9 de r\u00e9seau depuis 2008<\/p>\n<p>&nbsp;<\/p>\n<\/div>\n<p class=\"p1\"><a href=\"https:\/\/internationalbluecross.org\/wp-content\/uploads\/2025\/11\/Jahn-Reinhard-Thomas_Register-of-interests.pdf\" target=\"_blank\"rel=\"attachment wp-att-1537\">Registre d&rsquo;int\u00e9r\u00eat<\/a><\/p>\n<p>[\/et_pb_blurb][\/et_pb_column][et_pb_column type=\u00a0\u00bb1_2&Prime; _builder_version=\u00a0\u00bb4.16&Prime; _module_preset=\u00a0\u00bbdefault\u00a0\u00bb global_colors_info=\u00a0\u00bb{}\u00a0\u00bb][et_pb_blurb title=\u00a0\u00bbHans Eglin\u00a0\u00bb image=\u00a0\u00bbhttps:\/\/internationalbluecross.org\/wp-content\/uploads\/2025\/11\/Hans-Eglin-Switzerland-2-scaled.jpeg\u00a0\u00bb icon_placement=\u00a0\u00bbleft\u00a0\u00bb image_icon_width=\u00a0\u00bb180px\u00a0\u00bb icon_placement_tablet=\u00a0\u00bbleft\u00a0\u00bb icon_placement_phone=\u00a0\u00bbtop\u00a0\u00bb icon_placement_last_edited=\u00a0\u00bbon|phone\u00a0\u00bb image_icon_width_tablet=\u00a0\u00bb180px\u00a0\u00bb image_icon_width_phone=\u00a0\u00bb100%\u00a0\u00bb image_icon_width_last_edited=\u00a0\u00bbon|desktop\u00a0\u00bb _builder_version=\u00a0\u00bb4.27.4&Prime; _module_preset=\u00a0\u00bbdefault\u00a0\u00bb header_font=\u00a0\u00bb|700|||||||\u00a0\u00bb background_color=\u00a0\u00bb#D2EEF9&Prime; min_height=\u00a0\u00bb220px\u00a0\u00bb custom_padding=\u00a0\u00bb20px|10px|20px|10px|false|false\u00a0\u00bb custom_padding_tablet=\u00a0\u00bb20px|10px|20px|10px|false|false\u00a0\u00bb custom_padding_phone=\u00a0\u00bb20px|10px|20px|10px|false|false\u00a0\u00bb custom_padding_last_edited=\u00a0\u00bbon|phone\u00a0\u00bb global_colors_info=\u00a0\u00bb{}\u00a0\u00bb]<\/p>\n<p>Suisse<br \/>Vice-pr\u00e9sident du Blue Cross International<\/p>\n<div>\n<p>Fondateur et ancien directeur g\u00e9n\u00e9ral, Stiftung Jugendsozialwerk Blaues Kreuz BL<\/p>\n<\/div>\n<div>\n<p class=\"p1\">Membre du comit\u00e9 de r\u00e9seau depuis 2016<\/p>\n<\/div>\n<p><a href=\"https:\/\/internationalbluecross.org\/wp-content\/uploads\/2025\/11\/Hans-Eglin_Register-of-interests-of-members-of-the-Network-Committee-2025.pdf\" target=\"_blank\" rel=\"attachment wp-att-1543\" data-wplink-edit=\"true\">Registre d&rsquo;int\u00e9r\u00eat<\/a><\/p>\n<p>[\/et_pb_blurb][\/et_pb_column][\/et_pb_row][et_pb_row column_structure=\u00a0\u00bb1_2,1_2&Prime; use_custom_gutter=\u00a0\u00bbon\u00a0\u00bb gutter_width=\u00a0\u00bb2&Prime; _builder_version=\u00a0\u00bb4.16&Prime; _module_preset=\u00a0\u00bbdefault\u00a0\u00bb custom_padding=\u00a0\u00bb10px||||false|false\u00a0\u00bb global_colors_info=\u00a0\u00bb{}\u00a0\u00bb][et_pb_column type=\u00a0\u00bb1_2&Prime; _builder_version=\u00a0\u00bb4.16&Prime; _module_preset=\u00a0\u00bbdefault\u00a0\u00bb global_colors_info=\u00a0\u00bb{}\u00a0\u00bb][et_pb_blurb title=\u00a0\u00bbRolf Hartmann\u00a0\u00bb image=\u00a0\u00bbhttps:\/\/internationalbluecross.org\/wp-content\/uploads\/2025\/11\/Rolf-Hartmann-Brasil-2-scaled.jpeg\u00a0\u00bb icon_placement=\u00a0\u00bbleft\u00a0\u00bb image_icon_width=\u00a0\u00bb180px\u00a0\u00bb icon_placement_tablet=\u00a0\u00bbleft\u00a0\u00bb icon_placement_phone=\u00a0\u00bbtop\u00a0\u00bb icon_placement_last_edited=\u00a0\u00bbon|phone\u00a0\u00bb image_icon_width_tablet=\u00a0\u00bb180px\u00a0\u00bb image_icon_width_phone=\u00a0\u00bb100%\u00a0\u00bb image_icon_width_last_edited=\u00a0\u00bbon|desktop\u00a0\u00bb _builder_version=\u00a0\u00bb4.27.5&Prime; _module_preset=\u00a0\u00bbdefault\u00a0\u00bb header_font=\u00a0\u00bb|700|||||||\u00a0\u00bb background_color=\u00a0\u00bb#D2EEF9&Prime; min_height=\u00a0\u00bb228px\u00a0\u00bb custom_margin=\u00a0\u00bb||4px|||\u00a0\u00bb custom_padding=\u00a0\u00bb20px|10px|20px|10px|false|false\u00a0\u00bb custom_padding_tablet=\u00a0\u00bb20px|10px|20px|10px|false|false\u00a0\u00bb custom_padding_phone=\u00a0\u00bb20px|10px|20px|10px|false|false\u00a0\u00bb custom_padding_last_edited=\u00a0\u00bbon|phone\u00a0\u00bb global_colors_info=\u00a0\u00bb{}\u00a0\u00bb]<\/p>\n<p>Br\u00e9sil<br \/>Pr\u00e9sident de Blue Cross Br\u00e9sil<br \/>Membre du Comit\u00e9 de R\u00e9seau depuis 2008<\/p>\n<p><a href=\"https:\/\/internationalbluecross.org\/wp-content\/uploads\/2026\/01\/Rolf-Hartmann_Register-of-interests.pdf\" target=\"_blank\" rel=\"noopener\">Registre d&rsquo;int\u00e9r\u00eat<\/a><\/p>\n<p>[\/et_pb_blurb][\/et_pb_column][et_pb_column type=\u00a0\u00bb1_2&Prime; _builder_version=\u00a0\u00bb4.16&Prime; _module_preset=\u00a0\u00bbdefault\u00a0\u00bb global_colors_info=\u00a0\u00bb{}\u00a0\u00bb][et_pb_blurb title=\u00a0\u00bbDan Kofoed Mansson\u00a0\u00bb image=\u00a0\u00bbhttps:\/\/internationalbluecross.org\/wp-content\/uploads\/2025\/11\/Dan-Kofoed-Mansson-Denmark-2-scaled.jpeg\u00a0\u00bb icon_placement=\u00a0\u00bbleft\u00a0\u00bb image_icon_width=\u00a0\u00bb180px\u00a0\u00bb icon_placement_tablet=\u00a0\u00bbleft\u00a0\u00bb icon_placement_phone=\u00a0\u00bbtop\u00a0\u00bb icon_placement_last_edited=\u00a0\u00bbon|phone\u00a0\u00bb image_icon_width_tablet=\u00a0\u00bb180px\u00a0\u00bb image_icon_width_phone=\u00a0\u00bb100%\u00a0\u00bb image_icon_width_last_edited=\u00a0\u00bbon|desktop\u00a0\u00bb _builder_version=\u00a0\u00bb4.27.4&Prime; _module_preset=\u00a0\u00bbdefault\u00a0\u00bb header_font=\u00a0\u00bb|700|||||||\u00a0\u00bb background_color=\u00a0\u00bb#D2EEF9&Prime; min_height=\u00a0\u00bb228px\u00a0\u00bb custom_padding=\u00a0\u00bb20px|10px|20px|10px|false|false\u00a0\u00bb custom_padding_tablet=\u00a0\u00bb20px|10px|20px|10px|false|false\u00a0\u00bb custom_padding_phone=\u00a0\u00bb20px|10px|20px|10px|false|false\u00a0\u00bb custom_padding_last_edited=\u00a0\u00bbon|phone\u00a0\u00bb global_colors_info=\u00a0\u00bb{}\u00a0\u00bb]<\/p>\n<div>\n<div>\n<p>Danemark<\/p>\n<\/div>\n<div>\n<p class=\"p1\">Pr\u00e9sident de Blue Cross Danemark<\/p>\n<\/div>\n<div>\n<p>Membre du Comit\u00e9 de R\u00e9seau depuis 2025<\/p>\n<\/div>\n<\/div>\n<p><a href=\"https:\/\/internationalbluecross.org\/wp-content\/uploads\/2025\/11\/Dan-Kofoed-Maansson-Register-of-interests-.pdf\" target=\"_blank\" rel=\"attachment wp-att-1550\">Registre d&rsquo;int\u00e9r\u00eat<\/a><\/p>\n<p>[\/et_pb_blurb][\/et_pb_column][\/et_pb_row][et_pb_row column_structure=\u00a0\u00bb1_2,1_2&Prime; use_custom_gutter=\u00a0\u00bbon\u00a0\u00bb gutter_width=\u00a0\u00bb2&Prime; _builder_version=\u00a0\u00bb4.16&Prime; _module_preset=\u00a0\u00bbdefault\u00a0\u00bb custom_padding=\u00a0\u00bb10px||||false|false\u00a0\u00bb global_colors_info=\u00a0\u00bb{}\u00a0\u00bb][et_pb_column type=\u00a0\u00bb1_2&Prime; _builder_version=\u00a0\u00bb4.16&Prime; _module_preset=\u00a0\u00bbdefault\u00a0\u00bb global_colors_info=\u00a0\u00bb{}\u00a0\u00bb][et_pb_blurb title=\u00a0\u00bbEwa Duda\u00a0\u00bb image=\u00a0\u00bbhttps:\/\/internationalbluecross.org\/wp-content\/uploads\/2025\/11\/Ewa-Duda-Poland2&#8211;scaled.jpeg\u00a0\u00bb icon_placement=\u00a0\u00bbleft\u00a0\u00bb image_icon_width=\u00a0\u00bb180px\u00a0\u00bb icon_placement_tablet=\u00a0\u00bbleft\u00a0\u00bb icon_placement_phone=\u00a0\u00bbtop\u00a0\u00bb icon_placement_last_edited=\u00a0\u00bbon|phone\u00a0\u00bb image_icon_width_tablet=\u00a0\u00bb180px\u00a0\u00bb image_icon_width_phone=\u00a0\u00bb100%\u00a0\u00bb image_icon_width_last_edited=\u00a0\u00bbon|desktop\u00a0\u00bb _builder_version=\u00a0\u00bb4.27.4&Prime; _module_preset=\u00a0\u00bbdefault\u00a0\u00bb header_font=\u00a0\u00bb|700|||||||\u00a0\u00bb background_color=\u00a0\u00bb#D2EEF9&Prime; min_height=\u00a0\u00bb228px\u00a0\u00bb custom_margin=\u00a0\u00bb||-1px|||\u00a0\u00bb custom_padding=\u00a0\u00bb20px|10px|20px|10px|false|false\u00a0\u00bb custom_padding_tablet=\u00a0\u00bb20px|10px|20px|10px|false|false\u00a0\u00bb custom_padding_phone=\u00a0\u00bb20px|10px|20px|10px|false|false\u00a0\u00bb custom_padding_last_edited=\u00a0\u00bbon|phone\u00a0\u00bb global_colors_info=\u00a0\u00bb{}\u00a0\u00bb]<\/p>\n<div>\n<p>Pologne<\/p>\n<\/div>\n<div>\n<p>Th\u00e9rapeute sp\u00e9cialis\u00e9 dans les addictions et conseiller familial, coordinateur promotionnel chez Blue Cross Pologne.<\/p>\n<\/div>\n<div>\n<p>Membre du Comit\u00e9 de R\u00e9seau depuis 2021<\/p>\n<\/div>\n<p><a href=\"https:\/\/internationalbluecross.org\/wp-content\/uploads\/2025\/11\/Ewa-Duda-Register-of-interests.pdf\" target=\"_blank\" rel=\"attachment noopener wp-att-1559\">Registre d&rsquo;int\u00e9r\u00eat<\/a><\/p>\n<p>[\/et_pb_blurb][\/et_pb_column][et_pb_column type=\u00a0\u00bb1_2&Prime; _builder_version=\u00a0\u00bb4.16&Prime; _module_preset=\u00a0\u00bbdefault\u00a0\u00bb global_colors_info=\u00a0\u00bb{}\u00a0\u00bb][et_pb_blurb title=\u00a0\u00bbMawouena Komlan Bohm \u00a0\u00bb image=\u00a0\u00bbhttps:\/\/internationalbluecross.org\/wp-content\/uploads\/2025\/11\/Bohm-Mawoiena-Komlan-Togo-1-scaled.jpeg\u00a0\u00bb icon_placement=\u00a0\u00bbleft\u00a0\u00bb image_icon_width=\u00a0\u00bb180px\u00a0\u00bb icon_placement_tablet=\u00a0\u00bbleft\u00a0\u00bb icon_placement_phone=\u00a0\u00bbtop\u00a0\u00bb icon_placement_last_edited=\u00a0\u00bbon|phone\u00a0\u00bb image_icon_width_tablet=\u00a0\u00bb180px\u00a0\u00bb image_icon_width_phone=\u00a0\u00bb100%\u00a0\u00bb image_icon_width_last_edited=\u00a0\u00bbon|desktop\u00a0\u00bb _builder_version=\u00a0\u00bb4.27.4&Prime; _module_preset=\u00a0\u00bbdefault\u00a0\u00bb header_font=\u00a0\u00bb|700|||||||\u00a0\u00bb background_color=\u00a0\u00bb#D2EEF9&Prime; min_height=\u00a0\u00bb228px\u00a0\u00bb custom_margin=\u00a0\u00bb||-1px|||\u00a0\u00bb custom_padding=\u00a0\u00bb20px|10px|5px|10px|false|false\u00a0\u00bb custom_padding_tablet=\u00a0\u00bb20px|10px|20px|10px|false|false\u00a0\u00bb custom_padding_phone=\u00a0\u00bb20px|10px|20px|10px|false|false\u00a0\u00bb custom_padding_last_edited=\u00a0\u00bbon|phone\u00a0\u00bb global_colors_info=\u00a0\u00bb{}\u00a0\u00bb]<\/p>\n<div>\n<p class=\"p1\">Togo<\/p>\n<\/div>\n<div>\n<p class=\"p1\">Psychologue clinicienne &amp; Coordinatrice nationale pour la r\u00e9duction de la demande de drogues, Gouvernement du Togo<\/p>\n<\/div>\n<div>\n<p>Membre du Comit\u00e9 de R\u00e9seau depuis 2025<\/p>\n<\/div>\n<p><a href=\"https:\/\/internationalbluecross.org\/wp-content\/uploads\/2025\/11\/Mawouena-K.-Bohm-_Register-of-interests.pdf\" target=\"_bank\" rel=\"attachment wp-att-1546\">Registre d&rsquo;int\u00e9r\u00eat<\/a><\/p>\n<p>[\/et_pb_blurb][\/et_pb_column][\/et_pb_row][et_pb_row column_structure=\u00a0\u00bb1_2,1_2&Prime; use_custom_gutter=\u00a0\u00bbon\u00a0\u00bb gutter_width=\u00a0\u00bb2&Prime; _builder_version=\u00a0\u00bb4.16&Prime; _module_preset=\u00a0\u00bbdefault\u00a0\u00bb custom_padding=\u00a0\u00bb10px||||false|false\u00a0\u00bb global_colors_info=\u00a0\u00bb{}\u00a0\u00bb][et_pb_column type=\u00a0\u00bb1_2&Prime; _builder_version=\u00a0\u00bb4.16&Prime; _module_preset=\u00a0\u00bbdefault\u00a0\u00bb global_colors_info=\u00a0\u00bb{}\u00a0\u00bb][et_pb_blurb title=\u00a0\u00bbTorbjoerg Aalborg\u00a0\u00bb image=\u00a0\u00bbhttps:\/\/internationalbluecross.org\/wp-content\/uploads\/2025\/11\/Torbjorn-Aalborg-Norway&#8211;scaled.jpeg\u00a0\u00bb icon_placement=\u00a0\u00bbleft\u00a0\u00bb image_icon_width=\u00a0\u00bb180px\u00a0\u00bb icon_placement_tablet=\u00a0\u00bbleft\u00a0\u00bb icon_placement_phone=\u00a0\u00bbtop\u00a0\u00bb icon_placement_last_edited=\u00a0\u00bbon|phone\u00a0\u00bb image_icon_width_tablet=\u00a0\u00bb180px\u00a0\u00bb image_icon_width_phone=\u00a0\u00bb100%\u00a0\u00bb image_icon_width_last_edited=\u00a0\u00bbon|desktop\u00a0\u00bb _builder_version=\u00a0\u00bb4.27.4&Prime; _module_preset=\u00a0\u00bbdefault\u00a0\u00bb header_font=\u00a0\u00bb|700|||||||\u00a0\u00bb background_color=\u00a0\u00bb#D2EEF9&Prime; min_height=\u00a0\u00bb220px\u00a0\u00bb custom_padding=\u00a0\u00bb20px|10px|20px|10px|false|false\u00a0\u00bb custom_padding_tablet=\u00a0\u00bb20px|10px|20px|10px|false|false\u00a0\u00bb custom_padding_phone=\u00a0\u00bb20px|10px|20px|10px|false|false\u00a0\u00bb custom_padding_last_edited=\u00a0\u00bbon|phone\u00a0\u00bb global_colors_info=\u00a0\u00bb{}\u00a0\u00bb]<\/p>\n<div>\n<p class=\"p1\">Norv\u00e8ge<\/p>\n<\/div>\n<div>\n<p class=\"p1\">Pr\u00e9sident du Conseil National de Blue Cross Norv\u00e8ge<\/p>\n<\/div>\n<div>\n<p>Membre du Comit\u00e9 de R\u00e9seau depuis 2025<\/p>\n<\/div>\n<p class=\"p1\"><a href=\"https:\/\/internationalbluecross.org\/wp-content\/uploads\/2025\/11\/Torbjorg-Aalborg_Register-of-interests.pdf\" target=\"_blank\" rel=\"attachment wp-att-1563\">Registre d&rsquo;int\u00e9r\u00eat<\/a><\/p>\n<p>[\/et_pb_blurb][\/et_pb_column][et_pb_column type=\u00a0\u00bb1_2&Prime; _builder_version=\u00a0\u00bb4.16&Prime; _module_preset=\u00a0\u00bbdefault\u00a0\u00bb global_colors_info=\u00a0\u00bb{}\u00a0\u00bb][et_pb_blurb title=\u00a0\u00bbGrace Tshegofatso Thudi\u00a0\u00bb image=\u00a0\u00bbhttps:\/\/internationalbluecross.org\/wp-content\/uploads\/2025\/11\/Grace-Tshegofatso-Thudi-Botswana-2-scaled.jpeg\u00a0\u00bb icon_placement=\u00a0\u00bbleft\u00a0\u00bb image_icon_width=\u00a0\u00bb180px\u00a0\u00bb icon_placement_tablet=\u00a0\u00bbleft\u00a0\u00bb icon_placement_phone=\u00a0\u00bbtop\u00a0\u00bb icon_placement_last_edited=\u00a0\u00bbon|phone\u00a0\u00bb image_icon_width_tablet=\u00a0\u00bb180px\u00a0\u00bb image_icon_width_phone=\u00a0\u00bb100%\u00a0\u00bb image_icon_width_last_edited=\u00a0\u00bbon|desktop\u00a0\u00bb _builder_version=\u00a0\u00bb4.27.4&Prime; _module_preset=\u00a0\u00bbdefault\u00a0\u00bb header_font=\u00a0\u00bb|700|||||||\u00a0\u00bb background_color=\u00a0\u00bb#D2EEF9&Prime; min_height=\u00a0\u00bb220px\u00a0\u00bb custom_padding=\u00a0\u00bb20px|10px|20px|10px|false|false\u00a0\u00bb custom_padding_tablet=\u00a0\u00bb20px|10px|20px|10px|false|false\u00a0\u00bb custom_padding_phone=\u00a0\u00bb20px|10px|20px|10px|false|false\u00a0\u00bb custom_padding_last_edited=\u00a0\u00bbon|phone\u00a0\u00bb global_colors_info=\u00a0\u00bb{}\u00a0\u00bb]<\/p>\n<div>\n<p>Botswana<\/p>\n<\/div>\n<div>\n<p class=\"p1\">Secr\u00e9taire g\u00e9n\u00e9ral de Blue Cross Botswana<\/p>\n<\/div>\n<div>\n<p>Membre du Comit\u00e9 de R\u00e9seau depuis 2025<\/p>\n<\/div>\n<p><a href=\"https:\/\/internationalbluecross.org\/wp-content\/uploads\/2025\/11\/Grace-Thudi_Register-of-interests.pdf\" target=\"_blank\" rel=\"attachment wp-att-1554\">Registre d&rsquo;int\u00e9r\u00eat<\/a><\/p>\n<p>[\/et_pb_blurb][\/et_pb_column][\/et_pb_row][et_pb_row column_structure=\u00a0\u00bb1_2,1_2&Prime; use_custom_gutter=\u00a0\u00bbon\u00a0\u00bb gutter_width=\u00a0\u00bb2&Prime; _builder_version=\u00a0\u00bb4.16&Prime; _module_preset=\u00a0\u00bbdefault\u00a0\u00bb custom_padding=\u00a0\u00bb10px||||false|false\u00a0\u00bb global_colors_info=\u00a0\u00bb{}\u00a0\u00bb][et_pb_column type=\u00a0\u00bb1_2&Prime; _builder_version=\u00a0\u00bb4.16&Prime; _module_preset=\u00a0\u00bbdefault\u00a0\u00bb global_colors_info=\u00a0\u00bb{}\u00a0\u00bb][et_pb_blurb title=\u00a0\u00bbPatrick Acheampong\u00a0\u00bb image=\u00a0\u00bbhttps:\/\/internationalbluecross.org\/wp-content\/uploads\/2025\/11\/Patrick-Adjei-Acheampong-Ghana-2-scaled.jpeg\u00a0\u00bb icon_placement=\u00a0\u00bbleft\u00a0\u00bb image_icon_width=\u00a0\u00bb180px\u00a0\u00bb icon_placement_tablet=\u00a0\u00bbleft\u00a0\u00bb icon_placement_phone=\u00a0\u00bbtop\u00a0\u00bb icon_placement_last_edited=\u00a0\u00bbon|phone\u00a0\u00bb image_icon_width_tablet=\u00a0\u00bb180px\u00a0\u00bb image_icon_width_phone=\u00a0\u00bb100%\u00a0\u00bb image_icon_width_last_edited=\u00a0\u00bbon|desktop\u00a0\u00bb _builder_version=\u00a0\u00bb4.27.4&Prime; _module_preset=\u00a0\u00bbdefault\u00a0\u00bb header_font=\u00a0\u00bb|700|||||||\u00a0\u00bb background_color=\u00a0\u00bb#D2EEF9&Prime; min_height=\u00a0\u00bb220px\u00a0\u00bb custom_padding=\u00a0\u00bb20px|10px|20px|10px|false|false\u00a0\u00bb custom_padding_tablet=\u00a0\u00bb20px|10px|20px|10px|false|false\u00a0\u00bb custom_padding_phone=\u00a0\u00bb20px|10px|20px|10px|false|false\u00a0\u00bb custom_padding_last_edited=\u00a0\u00bbon|phone\u00a0\u00bb global_colors_info=\u00a0\u00bb{}\u00a0\u00bb]<\/p>\n<p>Ghana<br \/>Secr\u00e9taire g\u00e9n\u00e9ral de Blue Cross Ghana<br \/>Membre du Comit\u00e9 de R\u00e9seau depuis 2021<\/p>\n<p><a href=\"https:\/\/internationalbluecross.org\/wp-content\/uploads\/2025\/11\/Patrick-Adjei-Acheampomg_Register-of-interests.pdf\" target=\"_blank\" rel=\"attachment noopener wp-att-3450\">Registre d&rsquo;int\u00e9r\u00eat<\/a><\/p>\n<p>[\/et_pb_blurb][\/et_pb_column][et_pb_column type=\u00a0\u00bb1_2&Prime; _builder_version=\u00a0\u00bb4.16&Prime; _module_preset=\u00a0\u00bbdefault\u00a0\u00bb global_colors_info=\u00a0\u00bb{}\u00a0\u00bb][\/et_pb_column][\/et_pb_row][et_pb_row _builder_version=\u00a0\u00bb4.16&Prime; _module_preset=\u00a0\u00bbdefault\u00a0\u00bb custom_padding=\u00a0\u00bb||10px||false|false\u00a0\u00bb global_colors_info=\u00a0\u00bb{}\u00a0\u00bb][et_pb_column type=\u00a0\u00bb4_4&Prime; _builder_version=\u00a0\u00bb4.16&Prime; _module_preset=\u00a0\u00bbdefault\u00a0\u00bb global_colors_info=\u00a0\u00bb{}\u00a0\u00bb][et_pb_text _builder_version=\u00a0\u00bb4.22.1&Prime; _module_preset=\u00a0\u00bbdefault\u00a0\u00bb header_2_font_size=\u00a0\u00bb30px\u00a0\u00bb custom_margin=\u00a0\u00bb||0px||false|false\u00a0\u00bb custom_padding=\u00a0\u00bb||||false|false\u00a0\u00bb global_colors_info=\u00a0\u00bb{}\u00a0\u00bb]<\/p>\n<div class=\"hgroup\">\n<h2 class=\"as-h1\"><em><strong>Secretaire G\u00e9n\u00e9ral<\/strong><\/em><\/h2>\n<\/div>\n<p>[\/et_pb_text][et_pb_text _builder_version=\u00a0\u00bb4.16&Prime; _module_preset=\u00a0\u00bbdefault\u00a0\u00bb custom_padding=\u00a0\u00bb0px||||false|false\u00a0\u00bb global_colors_info=\u00a0\u00bb{}\u00a0\u00bb]<\/p>\n<p id=\"e3882\">Le secr\u00e9tariat g\u00e9n\u00e9ral de IBC coordonne le travail en r\u00e9seau avec les organisations membres et les soutient dans des domaines tels que la mise en \u0153uvre des programmes, la collecte de fonds et la planification strat\u00e9gique. En outre, le Secr\u00e9tariat met en \u0153uvre des programmes de d\u00e9veloppement international avec des partenaires locaux et des organisations membres en Afrique. <\/p>\n<p id=\"e3883\">Le si\u00e8ge du secr\u00e9tariat international d&rsquo;International Blue Cross est situ\u00e9 \u00e0 Berne, en Suisse.<\/p>\n<p>[\/et_pb_text][\/et_pb_column][\/et_pb_row][et_pb_row column_structure=\u00a0\u00bb1_2,1_2&Prime; use_custom_gutter=\u00a0\u00bbon\u00a0\u00bb gutter_width=\u00a0\u00bb2&Prime; _builder_version=\u00a0\u00bb4.16&Prime; _module_preset=\u00a0\u00bbdefault\u00a0\u00bb min_height=\u00a0\u00bb164.8px\u00a0\u00bb custom_margin=\u00a0\u00bb|auto|-28px|auto||\u00a0\u00bb custom_padding=\u00a0\u00bb10px||||false|false\u00a0\u00bb global_colors_info=\u00a0\u00bb{}\u00a0\u00bb][et_pb_column type=\u00a0\u00bb1_2&Prime; _builder_version=\u00a0\u00bb4.16&Prime; _module_preset=\u00a0\u00bbdefault\u00a0\u00bb global_colors_info=\u00a0\u00bb{}\u00a0\u00bb][et_pb_blurb title=\u00a0\u00bbAnne Babb\u00a0\u00bb image=\u00a0\u00bbhttps:\/\/internationalbluecross.org\/wp-content\/uploads\/2026\/02\/Anne-picture-2-scaled.jpeg\u00a0\u00bb icon_placement=\u00a0\u00bbleft\u00a0\u00bb image_icon_width=\u00a0\u00bb180px\u00a0\u00bb icon_placement_tablet=\u00a0\u00bbleft\u00a0\u00bb icon_placement_phone=\u00a0\u00bbtop\u00a0\u00bb icon_placement_last_edited=\u00a0\u00bbon|phone\u00a0\u00bb image_icon_width_tablet=\u00a0\u00bb180px\u00a0\u00bb image_icon_width_phone=\u00a0\u00bb100%\u00a0\u00bb image_icon_width_last_edited=\u00a0\u00bbon|desktop\u00a0\u00bb _builder_version=\u00a0\u00bb4.27.6&Prime; _module_preset=\u00a0\u00bbdefault\u00a0\u00bb header_font=\u00a0\u00bb|700|||||||\u00a0\u00bb background_color=\u00a0\u00bb#D2EEF9&Prime; min_height=\u00a0\u00bb176px\u00a0\u00bb custom_padding=\u00a0\u00bb20px|10px|20px|10px|false|false\u00a0\u00bb custom_padding_tablet=\u00a0\u00bb20px|10px|20px|10px|false|false\u00a0\u00bb custom_padding_phone=\u00a0\u00bb20px|10px|20px|10px|false|false\u00a0\u00bb custom_padding_last_edited=\u00a0\u00bbon|phone\u00a0\u00bb global_colors_info=\u00a0\u00bb{}\u00a0\u00bb]<\/p>\n<p>Finlande<br \/>Secr\u00e9taire g\u00e9n\u00e9ral<\/p>\n<p>[\/et_pb_blurb][\/et_pb_column][et_pb_column type=\u00a0\u00bb1_2&Prime; _builder_version=\u00a0\u00bb4.16&Prime; _module_preset=\u00a0\u00bbdefault\u00a0\u00bb global_colors_info=\u00a0\u00bb{}\u00a0\u00bb][et_pb_blurb title=\u00a0\u00bbKatrin Schmidt\u00a0\u00bb image=\u00a0\u00bbhttps:\/\/internationalbluecross.org\/wp-content\/uploads\/2022\/02\/600M-KatrinSchmidt.jpg\u00a0\u00bb icon_placement=\u00a0\u00bbleft\u00a0\u00bb image_icon_width=\u00a0\u00bb180px\u00a0\u00bb icon_placement_tablet=\u00a0\u00bbleft\u00a0\u00bb icon_placement_phone=\u00a0\u00bbtop\u00a0\u00bb icon_placement_last_edited=\u00a0\u00bbon|phone\u00a0\u00bb image_icon_width_tablet=\u00a0\u00bb180px\u00a0\u00bb image_icon_width_phone=\u00a0\u00bb100%\u00a0\u00bb image_icon_width_last_edited=\u00a0\u00bbon|desktop\u00a0\u00bb _builder_version=\u00a0\u00bb4.27.4&Prime; _module_preset=\u00a0\u00bbdefault\u00a0\u00bb header_font=\u00a0\u00bb|700|||||||\u00a0\u00bb background_color=\u00a0\u00bb#D2EEF9&Prime; min_height=\u00a0\u00bb176px\u00a0\u00bb custom_padding=\u00a0\u00bb20px|10px|20px|10px|false|false\u00a0\u00bb custom_padding_tablet=\u00a0\u00bb20px|10px|20px|10px|false|false\u00a0\u00bb custom_padding_phone=\u00a0\u00bb20px|10px|20px|10px|false|false\u00a0\u00bb custom_padding_last_edited=\u00a0\u00bbon|phone\u00a0\u00bb global_colors_info=\u00a0\u00bb{}\u00a0\u00bb]<\/p>\n<p>Suisse<br \/>Responsable financier<\/p>\n<p>[\/et_pb_blurb][\/et_pb_column][\/et_pb_row][et_pb_row column_structure=\u00a0\u00bb1_2,1_2&Prime; use_custom_gutter=\u00a0\u00bbon\u00a0\u00bb gutter_width=\u00a0\u00bb2&Prime; _builder_version=\u00a0\u00bb4.16&Prime; _module_preset=\u00a0\u00bbdefault\u00a0\u00bb custom_padding=\u00a0\u00bb10px||||false|false\u00a0\u00bb global_colors_info=\u00a0\u00bb{}\u00a0\u00bb][et_pb_column type=\u00a0\u00bb1_2&Prime; _builder_version=\u00a0\u00bb4.16&Prime; _module_preset=\u00a0\u00bbdefault\u00a0\u00bb global_colors_info=\u00a0\u00bb{}\u00a0\u00bb][et_pb_blurb title=\u00a0\u00bbFlavia Ganarin\u00a0\u00bb image=\u00a0\u00bbhttps:\/\/internationalbluecross.org\/wp-content\/uploads\/2026\/03\/Flavia-Ganarin_Picture.jpeg\u00a0\u00bb _builder_version=\u00a0\u00bb4.27.6&Prime; _module_preset=\u00a0\u00bbdefault\u00a0\u00bb global_colors_info=\u00a0\u00bb{}\u00a0\u00bb icon_placement=\u00a0\u00bbleft\u00a0\u00bb icon_placement_tablet=\u00a0\u00bbleft\u00a0\u00bb icon_placement_phone=\u00a0\u00bbtop\u00a0\u00bb icon_placement_last_edited=\u00a0\u00bbon|phone\u00a0\u00bb image_icon_width=\u00a0\u00bb180px\u00a0\u00bb image_icon_width_tablet=\u00a0\u00bb180px\u00a0\u00bb image_icon_width_phone=\u00a0\u00bb100%\u00a0\u00bb image_icon_width_last_edited=\u00a0\u00bbon|desktop\u00a0\u00bb header_font=\u00a0\u00bb|700|||||||\u00a0\u00bb background_color=\u00a0\u00bb#D2EEF9&Prime; min_height=\u00a0\u00bb176px\u00a0\u00bb custom_padding=\u00a0\u00bb20px|10px|20px|10px|false|false\u00a0\u00bb custom_padding_tablet=\u00a0\u00bb20px|10px|20px|10px|false|false\u00a0\u00bb custom_padding_phone=\u00a0\u00bb20px|10px|20px|10px|false|false\u00a0\u00bb custom_padding_last_edited=\u00a0\u00bbon|phone\u00a0\u00bb]<\/p>\n<p>Suisse<br \/>Responsable de programme<\/p>\n<p>[\/et_pb_blurb][\/et_pb_column][et_pb_column type=\u00a0\u00bb1_2&Prime; _builder_version=\u00a0\u00bb4.16&Prime; _module_preset=\u00a0\u00bbdefault\u00a0\u00bb global_colors_info=\u00a0\u00bb{}\u00a0\u00bb][et_pb_blurb title=\u00a0\u00bbJulian Sterling\u00a0\u00bb image=\u00a0\u00bbhttps:\/\/internationalbluecross.org\/wp-content\/uploads\/2023\/09\/Julian.jpg\u00a0\u00bb icon_placement=\u00a0\u00bbleft\u00a0\u00bb image_icon_width=\u00a0\u00bb180px\u00a0\u00bb icon_placement_tablet=\u00a0\u00bbleft\u00a0\u00bb icon_placement_phone=\u00a0\u00bbtop\u00a0\u00bb icon_placement_last_edited=\u00a0\u00bbon|phone\u00a0\u00bb image_icon_width_tablet=\u00a0\u00bb180px\u00a0\u00bb image_icon_width_phone=\u00a0\u00bb100%\u00a0\u00bb image_icon_width_last_edited=\u00a0\u00bbon|desktop\u00a0\u00bb _builder_version=\u00a0\u00bb4.27.4&Prime; _module_preset=\u00a0\u00bbdefault\u00a0\u00bb header_font=\u00a0\u00bb|700|||||||\u00a0\u00bb background_color=\u00a0\u00bb#D2EEF9&Prime; min_height=\u00a0\u00bb176px\u00a0\u00bb custom_padding=\u00a0\u00bb20px|10px|20px|10px|false|false\u00a0\u00bb custom_padding_tablet=\u00a0\u00bb20px|10px|20px|10px|false|false\u00a0\u00bb custom_padding_phone=\u00a0\u00bb20px|10px|20px|10px|false|false\u00a0\u00bb custom_padding_last_edited=\u00a0\u00bbon|phone\u00a0\u00bb global_colors_info=\u00a0\u00bb{}\u00a0\u00bb]<\/p>\n<p>Suisse<br \/>Collecte de fonds &amp; Programmes<\/p>\n<p>[\/et_pb_blurb][\/et_pb_column][\/et_pb_row][et_pb_row column_structure=\u00a0\u00bb1_2,1_2&Prime; use_custom_gutter=\u00a0\u00bbon\u00a0\u00bb gutter_width=\u00a0\u00bb2&Prime; _builder_version=\u00a0\u00bb4.16&Prime; _module_preset=\u00a0\u00bbdefault\u00a0\u00bb custom_padding=\u00a0\u00bb10px||||false|false\u00a0\u00bb global_colors_info=\u00a0\u00bb{}\u00a0\u00bb][et_pb_column type=\u00a0\u00bb1_2&Prime; _builder_version=\u00a0\u00bb4.16&Prime; _module_preset=\u00a0\u00bbdefault\u00a0\u00bb global_colors_info=\u00a0\u00bb{}\u00a0\u00bb][et_pb_blurb title=\u00a0\u00bbJonas Graf\u00a0\u00bb image=\u00a0\u00bbhttps:\/\/internationalbluecross.org\/wp-content\/uploads\/2026\/03\/IMG_6815-scaled.jpeg\u00a0\u00bb _builder_version=\u00a0\u00bb4.27.6&Prime; _module_preset=\u00a0\u00bbdefault\u00a0\u00bb global_colors_info=\u00a0\u00bb{}\u00a0\u00bb icon_placement=\u00a0\u00bbleft\u00a0\u00bb icon_placement_tablet=\u00a0\u00bbleft\u00a0\u00bb icon_placement_phone=\u00a0\u00bbtop\u00a0\u00bb icon_placement_last_edited=\u00a0\u00bbon|phone\u00a0\u00bb image_icon_width=\u00a0\u00bb180px\u00a0\u00bb image_icon_width_tablet=\u00a0\u00bb180px\u00a0\u00bb image_icon_width_phone=\u00a0\u00bb100%\u00a0\u00bb image_icon_width_last_edited=\u00a0\u00bbon|desktop\u00a0\u00bb header_font=\u00a0\u00bb|700|||||||\u00a0\u00bb background_color=\u00a0\u00bb#D2EEF9&Prime; min_height=\u00a0\u00bb176px\u00a0\u00bb custom_padding=\u00a0\u00bb20px|10px|20px|10px|false|false\u00a0\u00bb custom_padding_tablet=\u00a0\u00bb20px|10px|20px|10px|false|false\u00a0\u00bb custom_padding_phone=\u00a0\u00bb20px|10px|20px|10px|false|false\u00a0\u00bb custom_padding_last_edited=\u00a0\u00bbon|phone\u00a0\u00bb]<\/p>\n<p>Suisse<br \/>Assistante Collecte de fonds &amp; Communication<\/p>\n<p>[\/et_pb_blurb][\/et_pb_column][et_pb_column type=\u00a0\u00bb1_2&Prime; _builder_version=\u00a0\u00bb4.16&Prime; _module_preset=\u00a0\u00bbdefault\u00a0\u00bb global_colors_info=\u00a0\u00bb{}\u00a0\u00bb][et_pb_blurb title=\u00a0\u00bbMirjam Schmitz\u00a0\u00bb image=\u00a0\u00bbhttps:\/\/internationalbluecross.org\/wp-content\/uploads\/2026\/03\/IMG_6823-scaled.jpeg\u00a0\u00bb icon_placement=\u00a0\u00bbleft\u00a0\u00bb image_icon_width=\u00a0\u00bb180px\u00a0\u00bb icon_placement_tablet=\u00a0\u00bbleft\u00a0\u00bb icon_placement_phone=\u00a0\u00bbtop\u00a0\u00bb icon_placement_last_edited=\u00a0\u00bbon|phone\u00a0\u00bb image_icon_width_tablet=\u00a0\u00bb180px\u00a0\u00bb image_icon_width_phone=\u00a0\u00bb100%\u00a0\u00bb image_icon_width_last_edited=\u00a0\u00bbon|desktop\u00a0\u00bb _builder_version=\u00a0\u00bb4.27.6&Prime; _module_preset=\u00a0\u00bbdefault\u00a0\u00bb header_font=\u00a0\u00bb|700|||||||\u00a0\u00bb background_color=\u00a0\u00bb#D2EEF9&Prime; min_height=\u00a0\u00bb176px\u00a0\u00bb custom_padding=\u00a0\u00bb20px|10px|20px|10px|false|false\u00a0\u00bb custom_padding_tablet=\u00a0\u00bb20px|10px|20px|10px|false|false\u00a0\u00bb custom_padding_phone=\u00a0\u00bb20px|10px|20px|10px|false|false\u00a0\u00bb custom_padding_last_edited=\u00a0\u00bbon|phone\u00a0\u00bb global_colors_info=\u00a0\u00bb{}\u00a0\u00bb]<\/p>\n<p>Suisse<br \/>Responsable de programme<\/p>\n<p>[\/et_pb_blurb][\/et_pb_column][\/et_pb_row][et_pb_row column_structure=\u00a0\u00bb1_2,1_2&Prime; use_custom_gutter=\u00a0\u00bbon\u00a0\u00bb gutter_width=\u00a0\u00bb2&Prime; _builder_version=\u00a0\u00bb4.16&Prime; _module_preset=\u00a0\u00bbdefault\u00a0\u00bb custom_padding=\u00a0\u00bb10px||||false|false\u00a0\u00bb global_colors_info=\u00a0\u00bb{}\u00a0\u00bb][et_pb_column type=\u00a0\u00bb1_2&Prime; _builder_version=\u00a0\u00bb4.16&Prime; _module_preset=\u00a0\u00bbdefault\u00a0\u00bb global_colors_info=\u00a0\u00bb{}\u00a0\u00bb][et_pb_blurb title=\u00a0\u00bbEdiomo-Ubong Ekpo Nelson\u00a0\u00bb image=\u00a0\u00bbhttps:\/\/internationalbluecross.org\/wp-content\/uploads\/2022\/02\/600M-Photograph.jpg\u00a0\u00bb icon_placement=\u00a0\u00bbleft\u00a0\u00bb image_icon_width=\u00a0\u00bb180px\u00a0\u00bb icon_placement_tablet=\u00a0\u00bbleft\u00a0\u00bb icon_placement_phone=\u00a0\u00bbtop\u00a0\u00bb icon_placement_last_edited=\u00a0\u00bbon|phone\u00a0\u00bb image_icon_width_tablet=\u00a0\u00bb180px\u00a0\u00bb image_icon_width_phone=\u00a0\u00bb100%\u00a0\u00bb image_icon_width_last_edited=\u00a0\u00bbon|desktop\u00a0\u00bb _builder_version=\u00a0\u00bb4.27.4&Prime; _module_preset=\u00a0\u00bbdefault\u00a0\u00bb header_font=\u00a0\u00bb|700|||||||\u00a0\u00bb background_color=\u00a0\u00bb#D2EEF9&Prime; min_height=\u00a0\u00bb176px\u00a0\u00bb custom_padding=\u00a0\u00bb20px|10px|20px|10px|false|false\u00a0\u00bb custom_padding_tablet=\u00a0\u00bb20px|10px|20px|10px|false|false\u00a0\u00bb custom_padding_phone=\u00a0\u00bb20px|10px|20px|10px|false|false\u00a0\u00bb custom_padding_last_edited=\u00a0\u00bbon|phone\u00a0\u00bb global_colors_info=\u00a0\u00bb{}\u00a0\u00bb]<\/p>\n<p>Nigeria<br \/>Charg\u00e9 de plaidoyer sur les politiques relatives \u00e0 l\u2019alcool et aux drogues<\/p>\n<p>[\/et_pb_blurb][\/et_pb_column][et_pb_column type=\u00a0\u00bb1_2&Prime; _builder_version=\u00a0\u00bb4.16&Prime; _module_preset=\u00a0\u00bbdefault\u00a0\u00bb global_colors_info=\u00a0\u00bb{}\u00a0\u00bb][et_pb_blurb title=\u00a0\u00bb Anna Lozko \u00a0\u00bb image=\u00a0\u00bbhttps:\/\/internationalbluecross.org\/wp-content\/uploads\/2026\/03\/IMG_6839-scaled.jpeg\u00a0\u00bb icon_placement=\u00a0\u00bbleft\u00a0\u00bb image_icon_width=\u00a0\u00bb180px\u00a0\u00bb icon_placement_tablet=\u00a0\u00bbleft\u00a0\u00bb icon_placement_phone=\u00a0\u00bbtop\u00a0\u00bb icon_placement_last_edited=\u00a0\u00bbon|phone\u00a0\u00bb image_icon_width_tablet=\u00a0\u00bb180px\u00a0\u00bb image_icon_width_phone=\u00a0\u00bb100%\u00a0\u00bb image_icon_width_last_edited=\u00a0\u00bbon|desktop\u00a0\u00bb _builder_version=\u00a0\u00bb4.27.6&Prime; _module_preset=\u00a0\u00bbdefault\u00a0\u00bb header_font=\u00a0\u00bb|700|||||||\u00a0\u00bb background_color=\u00a0\u00bb#D2EEF9&Prime; min_height=\u00a0\u00bb176px\u00a0\u00bb custom_padding=\u00a0\u00bb20px|10px|20px|10px|false|false\u00a0\u00bb custom_padding_tablet=\u00a0\u00bb20px|10px|20px|10px|false|false\u00a0\u00bb custom_padding_phone=\u00a0\u00bb20px|10px|20px|10px|false|false\u00a0\u00bb custom_padding_last_edited=\u00a0\u00bbon|phone\u00a0\u00bb global_colors_info=\u00a0\u00bb{}\u00a0\u00bb]<\/p>\n<div>\n<p>Suisse<\/p>\n<\/div>\n<div>\n<p>Stagiaire en relations publiques, communication et collecte de fonds<\/p>\n<\/div>\n<p>&nbsp;<\/p>\n<div>\u00a0<\/div>\n<p>[\/et_pb_blurb][\/et_pb_column][\/et_pb_row][\/et_pb_section][et_pb_section fb_built=\u00a0\u00bb1&Prime; _builder_version=\u00a0\u00bb4.16&Prime; _module_preset=\u00a0\u00bbdefault\u00a0\u00bb background_color=\u00a0\u00bb#f0f0f0&Prime; custom_padding=\u00a0\u00bb20px||20px||false|false\u00a0\u00bb global_colors_info=\u00a0\u00bb{}\u00a0\u00bb][et_pb_row _builder_version=\u00a0\u00bb4.16&Prime; _module_preset=\u00a0\u00bbdefault\u00a0\u00bb custom_padding=\u00a0\u00bb||10px||false|false\u00a0\u00bb global_colors_info=\u00a0\u00bb{}\u00a0\u00bb][et_pb_column type=\u00a0\u00bb4_4&Prime; _builder_version=\u00a0\u00bb4.16&Prime; _module_preset=\u00a0\u00bbdefault\u00a0\u00bb global_colors_info=\u00a0\u00bb{}\u00a0\u00bb][et_pb_text _builder_version=\u00a0\u00bb4.16&Prime; _module_preset=\u00a0\u00bbdefault\u00a0\u00bb header_2_font_size=\u00a0\u00bb30px\u00a0\u00bb global_colors_info=\u00a0\u00bb{}\u00a0\u00bb]<\/p>\n<div class=\"hgroup\">\n<h1 class=\"as-h1\"><em><strong>Membres<\/strong><\/em><\/h1>\n<\/div>\n<p>[\/et_pb_text][\/et_pb_column][\/et_pb_row][et_pb_row column_structure=\u00a0\u00bb3_5,2_5&Prime; use_custom_gutter=\u00a0\u00bbon\u00a0\u00bb gutter_width=\u00a0\u00bb2&Prime; _builder_version=\u00a0\u00bb4.16&Prime; _module_preset=\u00a0\u00bbdefault\u00a0\u00bb custom_padding=\u00a0\u00bb10px||||false|false\u00a0\u00bb global_colors_info=\u00a0\u00bb{}\u00a0\u00bb][et_pb_column type=\u00a0\u00bb3_5&Prime; _builder_version=\u00a0\u00bb4.16&Prime; _module_preset=\u00a0\u00bbdefault\u00a0\u00bb global_colors_info=\u00a0\u00bb{}\u00a0\u00bb][et_pb_text _builder_version=\u00a0\u00bb4.16&Prime; _module_preset=\u00a0\u00bbdefault\u00a0\u00bb global_colors_info=\u00a0\u00bb{}\u00a0\u00bb]<\/p>\n<p id=\"Elemente2628\">International Blue Cross est l&rsquo;organisation fa\u00eeti\u00e8re non gouvernementale qui repr\u00e9sente le travail de ses quelque 40 organisations membres nationales au niveau international Les membres sont tous des associations chr\u00e9tiennes ind\u00e9pendantes et non confessionnelles qui se consacrent \u00e0 la r\u00e9alisation du mandat du mouvement de la Croix-Bleue tel qu&rsquo;il est d\u00e9fini dans sa vision et sa mission, conform\u00e9ment \u00e0 des normes sp\u00e9cifiques d&rsquo;\u00e9thique professionnelle et aux valeurs fondamentales de la Croix-Bleue, \u00e0 savoir <strong>le respect, la dignit\u00e9, la solidarit\u00e9, l&rsquo;inclusion et l&rsquo;attention aux autres.<\/strong><\/p>\n<p id=\"Elemente2629\">Toutes les organisations nationales membres de la Croix Bleue sont tenues d&rsquo;adh\u00e9rer \u00e0 un ensemble de crit\u00e8res d&rsquo;adh\u00e9sion approuv\u00e9s par l&rsquo;Assembl\u00e9e g\u00e9n\u00e9rale. Ces crit\u00e8res couvrent :<\/p>\n<ul id=\"Elemente2630\" class=\"list-plus\">\n<li>Mise en place de l&rsquo;organisation et information<\/li>\n<li>Gouvernance<\/li>\n<li>Valeurs et \u00e9thiques<\/li>\n<li>Normes de gestion, de d\u00e9veloppement social et de pratique professionnelle<\/li>\n<li>Paiement de la cotisation annuelle<\/li>\n<li>Obligations envers les autres membres de la Croix Bleue aux niveaux r\u00e9gional et international.<\/li>\n<\/ul>\n<p id=\"Elemente2631\">Les organisations nationales membres de la Croix Bleue sont cens\u00e9es exister avant de demander leur adh\u00e9sion ou se d\u00e9velopper rapidement pour devenir des organisations autonomes et responsables au niveau local. Cela signifie qu&rsquo;en plus d&rsquo;avoir une base locale de membres, ils doivent mettre en \u0153uvre des activit\u00e9s viables qui contribuent \u00e0 r\u00e9soudre les probl\u00e8mes li\u00e9s \u00e0 l&rsquo;alcool et aux autres drogues. <\/p>\n<p id=\"Elemente2632\">Les demandes d&rsquo;affiliation sont re\u00e7ues et examin\u00e9es par le Secr\u00e9tariat et, apr\u00e8s une premi\u00e8re enqu\u00eate, sont soumises au Comit\u00e9 de r\u00e9seau (conseil de direction) de la Croix Bleue Internationale pour examen, acceptation ou rejet.<\/p>\n<p>[\/et_pb_text][\/et_pb_column][et_pb_column type=\u00a0\u00bb2_5&Prime; _builder_version=\u00a0\u00bb4.16&Prime; _module_preset=\u00a0\u00bbdefault\u00a0\u00bb global_colors_info=\u00a0\u00bb{}\u00a0\u00bb][et_pb_blurb title=\u00a0\u00bbContact pour plus d\u2019informations : office@internationalbluecross.org\u00a0\u00bb _builder_version=\u00a0\u00bb4.27.4&Prime; _module_preset=\u00a0\u00bbdefault\u00a0\u00bb header_line_height=\u00a0\u00bb1.4em\u00a0\u00bb background_color=\u00a0\u00bb#e3e3e3&Prime; custom_padding=\u00a0\u00bb15px|10px|10px|10px|false|false\u00a0\u00bb locked=\u00a0\u00bboff\u00a0\u00bb global_colors_info=\u00a0\u00bb{}\u00a0\u00bb][\/et_pb_blurb][\/et_pb_column][\/et_pb_row][et_pb_row _builder_version=\u00a0\u00bb4.16&Prime; _module_preset=\u00a0\u00bbdefault\u00a0\u00bb global_colors_info=\u00a0\u00bb{}\u00a0\u00bb][et_pb_column type=\u00a0\u00bb4_4&Prime; _builder_version=\u00a0\u00bb4.16&Prime; _module_preset=\u00a0\u00bbdefault\u00a0\u00bb global_colors_info=\u00a0\u00bb{}\u00a0\u00bb][et_pb_divider _builder_version=\u00a0\u00bb4.16&Prime; _module_preset=\u00a0\u00bbdefault\u00a0\u00bb global_colors_info=\u00a0\u00bb{}\u00a0\u00bb][\/et_pb_divider][\/et_pb_column][\/et_pb_row][et_pb_row column_structure=\u00a0\u00bb1_2,1_2&Prime; _builder_version=\u00a0\u00bb4.16&Prime; _module_preset=\u00a0\u00bbdefault\u00a0\u00bb global_colors_info=\u00a0\u00bb{}\u00a0\u00bb][et_pb_column type=\u00a0\u00bb1_2&Prime; _builder_version=\u00a0\u00bb4.16&Prime; _module_preset=\u00a0\u00bbdefault\u00a0\u00bb global_colors_info=\u00a0\u00bb{}\u00a0\u00bb][et_pb_blurb title=\u00a0\u00bbOrganisations nationales de la Croix Bleue\u00a0\u00bb icon_placement=\u00a0\u00bbleft\u00a0\u00bb _builder_version=\u00a0\u00bb4.27.4&Prime; _dynamic_attributes=\u00a0\u00bblink_option_url\u00a0\u00bb _module_preset=\u00a0\u00bbdefault\u00a0\u00bb header_text_color=\u00a0\u00bb#145ba6&Prime; custom_margin=\u00a0\u00bb||0px||false|false\u00a0\u00bb link_option_url=\u00a0\u00bb@ET-DC@eyJkeW5hbWljIjp0cnVlLCJjb250ZW50IjoicG9zdF9saW5rX3VybF9wYWdlIiwic2V0dGluZ3MiOnsicG9zdF9pZCI6IjM1OSJ9fQ==@\u00a0\u00bb locked=\u00a0\u00bboff\u00a0\u00bb global_colors_info=\u00a0\u00bb{}\u00a0\u00bb][\/et_pb_blurb][et_pb_button button_url=\u00a0\u00bb@ET-DC@eyJkeW5hbWljIjp0cnVlLCJjb250ZW50IjoicG9zdF9saW5rX3VybF9wYWdlIiwic2V0dGluZ3MiOnsicG9zdF9pZCI6IjM1OSJ9fQ==@\u00a0\u00bb button_text=\u00a0\u00bben savoir plus\u00a0\u00bb _builder_version=\u00a0\u00bb4.16&Prime; _dynamic_attributes=\u00a0\u00bbbutton_url\u00a0\u00bb _module_preset=\u00a0\u00bbdefault\u00a0\u00bb custom_button=\u00a0\u00bbon\u00a0\u00bb button_text_size=\u00a0\u00bb16px\u00a0\u00bb button_text_color=\u00a0\u00bb#135ba6&Prime; button_bg_color=\u00a0\u00bbRGBA(255,255,255,0)\u00a0\u00bb button_border_width=\u00a0\u00bb0px\u00a0\u00bb button_font=\u00a0\u00bb|600|||||||\u00a0\u00bb button_icon=\u00a0\u00bb&#xf0a9;||fa||900&Prime; button_icon_color=\u00a0\u00bb#135ba6&Prime; button_icon_placement=\u00a0\u00bbleft\u00a0\u00bb button_on_hover=\u00a0\u00bboff\u00a0\u00bb global_colors_info=\u00a0\u00bb{}\u00a0\u00bb][\/et_pb_button][\/et_pb_column][et_pb_column type=\u00a0\u00bb1_2&Prime; _builder_version=\u00a0\u00bb4.16&Prime; _module_preset=\u00a0\u00bbdefault\u00a0\u00bb global_colors_info=\u00a0\u00bb{}\u00a0\u00bb][et_pb_blurb title=\u00a0\u00bbOrganisations nationales des jeunes de la Croix Bleue\u00a0\u00bb icon_placement=\u00a0\u00bbleft\u00a0\u00bb _builder_version=\u00a0\u00bb4.27.4&Prime; _dynamic_attributes=\u00a0\u00bblink_option_url\u00a0\u00bb _module_preset=\u00a0\u00bbdefault\u00a0\u00bb header_text_color=\u00a0\u00bb#145ba6&Prime; custom_margin=\u00a0\u00bb||0px||false|false\u00a0\u00bb link_option_url=\u00a0\u00bb@ET-DC@eyJkeW5hbWljIjp0cnVlLCJjb250ZW50IjoicG9zdF9saW5rX3VybF9wYWdlIiwic2V0dGluZ3MiOnsicG9zdF9pZCI6IjM1NSJ9fQ==@\u00a0\u00bb locked=\u00a0\u00bboff\u00a0\u00bb global_colors_info=\u00a0\u00bb{}\u00a0\u00bb][\/et_pb_blurb][et_pb_button button_url=\u00a0\u00bb@ET-DC@eyJkeW5hbWljIjp0cnVlLCJjb250ZW50IjoicG9zdF9saW5rX3VybF9wYWdlIiwic2V0dGluZ3MiOnsicG9zdF9pZCI6IjM1NSJ9fQ==@\u00a0\u00bb button_text=\u00a0\u00bben savoir plus\u00a0\u00bb _builder_version=\u00a0\u00bb4.16&Prime; _dynamic_attributes=\u00a0\u00bbbutton_url\u00a0\u00bb _module_preset=\u00a0\u00bbdefault\u00a0\u00bb custom_button=\u00a0\u00bbon\u00a0\u00bb button_text_size=\u00a0\u00bb16px\u00a0\u00bb button_text_color=\u00a0\u00bb#135ba6&Prime; button_bg_color=\u00a0\u00bbRGBA(255,255,255,0)\u00a0\u00bb button_border_width=\u00a0\u00bb0px\u00a0\u00bb button_font=\u00a0\u00bb|600|||||||\u00a0\u00bb button_icon=\u00a0\u00bb&#xf0a9;||fa||900&Prime; button_icon_color=\u00a0\u00bb#135ba6&Prime; button_icon_placement=\u00a0\u00bbleft\u00a0\u00bb button_on_hover=\u00a0\u00bboff\u00a0\u00bb global_colors_info=\u00a0\u00bb{}\u00a0\u00bb][\/et_pb_button][\/et_pb_column][\/et_pb_row][\/et_pb_section]<\/p>\n","protected":false},"excerpt":{"rendered":"<p>IBC en bref Dans de nombreux pays, la consommation nocive d&rsquo;alcool et d&rsquo;autres drogues constitue un obstacle au d\u00e9veloppement social et \u00e9conomique durable. Des personnes vivent dans des conditions pr\u00e9caires, dans le besoin, au ch\u00f4mage et d\u00e9pourvues de perspectives. International Blue Cross s&rsquo;engage donc \u00e0 r\u00e9duire l&rsquo;impact n\u00e9gatif de la consommation d&rsquo;alcool et d&rsquo;autres drogues [&hellip;]<\/p>\n","protected":false},"author":2,"featured_media":0,"parent":0,"menu_order":0,"comment_status":"closed","ping_status":"closed","template":"","meta":{"give_campaign_id":0,"_et_pb_use_builder":"on","_et_pb_old_content":"","_et_gb_content_width":"","footnotes":""},"class_list":["post-1635","page","type-page","status-publish","hentry"],"yoast_head":"<!-- This site is optimized with the Yoast SEO plugin v27.4 - https:\/\/yoast.com\/product\/yoast-seo-wordpress\/ -->\n<title>Qui sommes-nous? - International Blue Cross<\/title>\n<meta name=\"robots\" content=\"index, follow, max-snippet:-1, max-image-preview:large, max-video-preview:-1\" \/>\n<link rel=\"canonical\" href=\"https:\/\/internationalbluecross.org\/fr\/qui-sommes-nous\/\" \/>\n<meta property=\"og:locale\" content=\"fr_FR\" \/>\n<meta property=\"og:type\" content=\"article\" \/>\n<meta property=\"og:title\" content=\"Qui sommes-nous? - International Blue Cross\" \/>\n<meta property=\"og:description\" content=\"IBC en bref Dans de nombreux pays, la consommation nocive d&#039;alcool et d&#039;autres drogues constitue un obstacle au d\u00e9veloppement social et \u00e9conomique durable. Des personnes vivent dans des conditions pr\u00e9caires, dans le besoin, au ch\u00f4mage et d\u00e9pourvues de perspectives. International Blue Cross s&#039;engage donc \u00e0 r\u00e9duire l&#039;impact n\u00e9gatif de la consommation d&#039;alcool et d&#039;autres drogues [&hellip;]\" \/>\n<meta property=\"og:url\" content=\"https:\/\/internationalbluecross.org\/fr\/qui-sommes-nous\/\" \/>\n<meta property=\"og:site_name\" content=\"International Blue Cross\" \/>\n<meta property=\"article:publisher\" content=\"https:\/\/www.facebook.com\/InternationalBlueCross\" \/>\n<meta property=\"article:modified_time\" content=\"2026-03-04T14:32:43+00:00\" \/>\n<meta property=\"og:image\" content=\"https:\/\/mll3h1jyy9a5.i.optimole.com\/w:auto\/h:auto\/q:mauto\/ig:avif\/https:\/\/internationalbluecross.org\/wp-content\/uploads\/2022\/01\/2000H-title-picture2.jpg\" \/>\n\t<meta property=\"og:image:width\" content=\"2000\" \/>\n\t<meta property=\"og:image:height\" content=\"1500\" \/>\n\t<meta property=\"og:image:type\" content=\"image\/jpeg\" \/>\n<meta name=\"twitter:card\" content=\"summary_large_image\" \/>\n<meta name=\"twitter:site\" content=\"@BlueCrossTweets\" \/>\n<meta name=\"twitter:label1\" content=\"Dur\u00e9e de lecture estim\u00e9e\" \/>\n\t<meta name=\"twitter:data1\" content=\"13 minutes\" \/>\n<script type=\"application\/ld+json\" class=\"yoast-schema-graph\">{\"@context\":\"https:\\\/\\\/schema.org\",\"@graph\":[{\"@type\":\"WebPage\",\"@id\":\"https:\\\/\\\/internationalbluecross.org\\\/fr\\\/qui-sommes-nous\\\/\",\"url\":\"https:\\\/\\\/internationalbluecross.org\\\/fr\\\/qui-sommes-nous\\\/\",\"name\":\"Qui sommes-nous? - International Blue Cross\",\"isPartOf\":{\"@id\":\"https:\\\/\\\/internationalbluecross.org\\\/fr\\\/#website\"},\"primaryImageOfPage\":{\"@id\":\"https:\\\/\\\/internationalbluecross.org\\\/fr\\\/qui-sommes-nous\\\/#primaryimage\"},\"image\":{\"@id\":\"https:\\\/\\\/internationalbluecross.org\\\/fr\\\/qui-sommes-nous\\\/#primaryimage\"},\"thumbnailUrl\":\"https:\\/\\/internationalbluecross.org\\/wp-content\\/uploads\\/2022\\/01\\/2000H-title-picture2-1024x768.jpg\",\"datePublished\":\"2022-02-03T14:18:58+00:00\",\"dateModified\":\"2026-03-04T14:32:43+00:00\",\"breadcrumb\":{\"@id\":\"https:\\\/\\\/internationalbluecross.org\\\/fr\\\/qui-sommes-nous\\\/#breadcrumb\"},\"inLanguage\":\"fr-FR\",\"potentialAction\":[{\"@type\":\"ReadAction\",\"target\":[\"https:\\\/\\\/internationalbluecross.org\\\/fr\\\/qui-sommes-nous\\\/\"]}]},{\"@type\":\"ImageObject\",\"inLanguage\":\"fr-FR\",\"@id\":\"https:\\\/\\\/internationalbluecross.org\\\/fr\\\/qui-sommes-nous\\\/#primaryimage\",\"url\":\"https:\\/\\/internationalbluecross.org\\/wp-content\\/uploads\\/2022\\/01\\/2000H-title-picture2-1024x768.jpg\",\"contentUrl\":\"https:\\/\\/internationalbluecross.org\\/wp-content\\/uploads\\/2022\\/01\\/2000H-title-picture2-1024x768.jpg\"},{\"@type\":\"BreadcrumbList\",\"@id\":\"https:\\\/\\\/internationalbluecross.org\\\/fr\\\/qui-sommes-nous\\\/#breadcrumb\",\"itemListElement\":[{\"@type\":\"ListItem\",\"position\":1,\"name\":\"Home\",\"item\":\"https:\\\/\\\/internationalbluecross.org\\\/fr\\\/la-croix-bleue-internationale\\\/\"},{\"@type\":\"ListItem\",\"position\":2,\"name\":\"Qui sommes-nous?\"}]},{\"@type\":\"WebSite\",\"@id\":\"https:\\\/\\\/internationalbluecross.org\\\/fr\\\/#website\",\"url\":\"https:\\\/\\\/internationalbluecross.org\\\/fr\\\/\",\"name\":\"International Blue Cross\",\"description\":\"Protecting People from being harmed by Alcohol and Drugs\",\"publisher\":{\"@id\":\"https:\\\/\\\/internationalbluecross.org\\\/fr\\\/#organization\"},\"potentialAction\":[{\"@type\":\"SearchAction\",\"target\":{\"@type\":\"EntryPoint\",\"urlTemplate\":\"https:\\\/\\\/internationalbluecross.org\\\/fr\\\/?s={search_term_string}\"},\"query-input\":{\"@type\":\"PropertyValueSpecification\",\"valueRequired\":true,\"valueName\":\"search_term_string\"}}],\"inLanguage\":\"fr-FR\"},{\"@type\":\"Organization\",\"@id\":\"https:\\\/\\\/internationalbluecross.org\\\/fr\\\/#organization\",\"name\":\"International Blue Cross\",\"url\":\"https:\\\/\\\/internationalbluecross.org\\\/fr\\\/\",\"logo\":{\"@type\":\"ImageObject\",\"inLanguage\":\"fr-FR\",\"@id\":\"https:\\\/\\\/internationalbluecross.org\\\/fr\\\/#\\\/schema\\\/logo\\\/image\\\/\",\"url\":\"https:\\/\\/internationalbluecross.org\\/wp-content\\/uploads\\/2022\\/08\\/logo-donations-thanks-sm.jpg\",\"contentUrl\":\"https:\\/\\/internationalbluecross.org\\/wp-content\\/uploads\\/2022\\/08\\/logo-donations-thanks-sm.jpg\",\"width\":680,\"height\":400,\"caption\":\"International Blue Cross\"},\"image\":{\"@id\":\"https:\\\/\\\/internationalbluecross.org\\\/fr\\\/#\\\/schema\\\/logo\\\/image\\\/\"},\"sameAs\":[\"https:\\\/\\\/www.facebook.com\\\/InternationalBlueCross\",\"https:\\\/\\\/x.com\\\/BlueCrossTweets\"]}]}<\/script>\n<!-- \/ Yoast SEO plugin. -->","yoast_head_json":{"title":"Qui sommes-nous? - International Blue Cross","robots":{"index":"index","follow":"follow","max-snippet":"max-snippet:-1","max-image-preview":"max-image-preview:large","max-video-preview":"max-video-preview:-1"},"canonical":"https:\/\/internationalbluecross.org\/fr\/qui-sommes-nous\/","og_locale":"fr_FR","og_type":"article","og_title":"Qui sommes-nous? - International Blue Cross","og_description":"IBC en bref Dans de nombreux pays, la consommation nocive d'alcool et d'autres drogues constitue un obstacle au d\u00e9veloppement social et \u00e9conomique durable. Des personnes vivent dans des conditions pr\u00e9caires, dans le besoin, au ch\u00f4mage et d\u00e9pourvues de perspectives. International Blue Cross s'engage donc \u00e0 r\u00e9duire l'impact n\u00e9gatif de la consommation d'alcool et d'autres drogues [&hellip;]","og_url":"https:\/\/internationalbluecross.org\/fr\/qui-sommes-nous\/","og_site_name":"International Blue Cross","article_publisher":"https:\/\/www.facebook.com\/InternationalBlueCross","article_modified_time":"2026-03-04T14:32:43+00:00","og_image":[{"width":2000,"height":1500,"url":"https:\/\/mll3h1jyy9a5.i.optimole.com\/w:auto\/h:auto\/q:mauto\/ig:avif\/https:\/\/internationalbluecross.org\/wp-content\/uploads\/2022\/01\/2000H-title-picture2.jpg","type":"image\/jpeg"}],"twitter_card":"summary_large_image","twitter_site":"@BlueCrossTweets","twitter_misc":{"Dur\u00e9e de lecture estim\u00e9e":"13 minutes"},"schema":{"@context":"https:\/\/schema.org","@graph":[{"@type":"WebPage","@id":"https:\/\/internationalbluecross.org\/fr\/qui-sommes-nous\/","url":"https:\/\/internationalbluecross.org\/fr\/qui-sommes-nous\/","name":"Qui sommes-nous? - International Blue Cross","isPartOf":{"@id":"https:\/\/internationalbluecross.org\/fr\/#website"},"primaryImageOfPage":{"@id":"https:\/\/internationalbluecross.org\/fr\/qui-sommes-nous\/#primaryimage"},"image":{"@id":"https:\/\/internationalbluecross.org\/fr\/qui-sommes-nous\/#primaryimage"},"thumbnailUrl":"https:\/\/mll3h1jyy9a5.i.optimole.com\/w:1024\/h:768\/q:mauto\/ig:avif\/https:\/\/internationalbluecross.org\/wp-content\/uploads\/2022\/01\/2000H-title-picture2.jpg","datePublished":"2022-02-03T14:18:58+00:00","dateModified":"2026-03-04T14:32:43+00:00","breadcrumb":{"@id":"https:\/\/internationalbluecross.org\/fr\/qui-sommes-nous\/#breadcrumb"},"inLanguage":"fr-FR","potentialAction":[{"@type":"ReadAction","target":["https:\/\/internationalbluecross.org\/fr\/qui-sommes-nous\/"]}]},{"@type":"ImageObject","inLanguage":"fr-FR","@id":"https:\/\/internationalbluecross.org\/fr\/qui-sommes-nous\/#primaryimage","url":"https:\/\/mll3h1jyy9a5.i.optimole.com\/w:1024\/h:768\/q:mauto\/ig:avif\/https:\/\/internationalbluecross.org\/wp-content\/uploads\/2022\/01\/2000H-title-picture2.jpg","contentUrl":"https:\/\/mll3h1jyy9a5.i.optimole.com\/w:1024\/h:768\/q:mauto\/ig:avif\/https:\/\/internationalbluecross.org\/wp-content\/uploads\/2022\/01\/2000H-title-picture2.jpg"},{"@type":"BreadcrumbList","@id":"https:\/\/internationalbluecross.org\/fr\/qui-sommes-nous\/#breadcrumb","itemListElement":[{"@type":"ListItem","position":1,"name":"Home","item":"https:\/\/internationalbluecross.org\/fr\/la-croix-bleue-internationale\/"},{"@type":"ListItem","position":2,"name":"Qui sommes-nous?"}]},{"@type":"WebSite","@id":"https:\/\/internationalbluecross.org\/fr\/#website","url":"https:\/\/internationalbluecross.org\/fr\/","name":"International Blue Cross","description":"Protecting People from being harmed by Alcohol and Drugs","publisher":{"@id":"https:\/\/internationalbluecross.org\/fr\/#organization"},"potentialAction":[{"@type":"SearchAction","target":{"@type":"EntryPoint","urlTemplate":"https:\/\/internationalbluecross.org\/fr\/?s={search_term_string}"},"query-input":{"@type":"PropertyValueSpecification","valueRequired":true,"valueName":"search_term_string"}}],"inLanguage":"fr-FR"},{"@type":"Organization","@id":"https:\/\/internationalbluecross.org\/fr\/#organization","name":"International Blue Cross","url":"https:\/\/internationalbluecross.org\/fr\/","logo":{"@type":"ImageObject","inLanguage":"fr-FR","@id":"https:\/\/internationalbluecross.org\/fr\/#\/schema\/logo\/image\/","url":"https:\/\/mll3h1jyy9a5.i.optimole.com\/w:auto\/h:auto\/q:mauto\/ig:avif\/https:\/\/internationalbluecross.org\/wp-content\/uploads\/2022\/08\/logo-donations-thanks-sm.jpg","contentUrl":"https:\/\/mll3h1jyy9a5.i.optimole.com\/w:auto\/h:auto\/q:mauto\/ig:avif\/https:\/\/internationalbluecross.org\/wp-content\/uploads\/2022\/08\/logo-donations-thanks-sm.jpg","width":680,"height":400,"caption":"International Blue Cross"},"image":{"@id":"https:\/\/internationalbluecross.org\/fr\/#\/schema\/logo\/image\/"},"sameAs":["https:\/\/www.facebook.com\/InternationalBlueCross","https:\/\/x.com\/BlueCrossTweets"]}]}},"campaignId":"","_links":{"self":[{"href":"https:\/\/internationalbluecross.org\/fr\/wp-json\/wp\/v2\/pages\/1635","targetHints":{"allow":["GET"]}}],"collection":[{"href":"https:\/\/internationalbluecross.org\/fr\/wp-json\/wp\/v2\/pages"}],"about":[{"href":"https:\/\/internationalbluecross.org\/fr\/wp-json\/wp\/v2\/types\/page"}],"author":[{"embeddable":true,"href":"https:\/\/internationalbluecross.org\/fr\/wp-json\/wp\/v2\/users\/2"}],"replies":[{"embeddable":true,"href":"https:\/\/internationalbluecross.org\/fr\/wp-json\/wp\/v2\/comments?post=1635"}],"version-history":[{"count":29,"href":"https:\/\/internationalbluecross.org\/fr\/wp-json\/wp\/v2\/pages\/1635\/revisions"}],"predecessor-version":[{"id":7337,"href":"https:\/\/internationalbluecross.org\/fr\/wp-json\/wp\/v2\/pages\/1635\/revisions\/7337"}],"wp:attachment":[{"href":"https:\/\/internationalbluecross.org\/fr\/wp-json\/wp\/v2\/media?parent=1635"}],"curies":[{"name":"wp","href":"https:\/\/api.w.org\/{rel}","templated":true}]}}