{"id":2232,"date":"2022-02-03T14:18:58","date_gmt":"2022-02-03T14:18:58","guid":{"rendered":"https:\/\/internationalbluecross.org\/uber-uns\/"},"modified":"2026-03-24T13:25:35","modified_gmt":"2026-03-24T13:25:35","slug":"uber-uns","status":"publish","type":"page","link":"https:\/\/internationalbluecross.org\/de\/uber-uns\/","title":{"rendered":"\u00dcber uns"},"content":{"rendered":"<p>[et_pb_section fb_built=&#8220;1&#8243; _builder_version=&#8220;4.16&#8243; _module_preset=&#8220;default&#8220; custom_padding=&#8220;20px||20px||false|false&#8220; global_colors_info=&#8220;{}&#8220;][et_pb_row _builder_version=&#8220;4.16&#8243; _module_preset=&#8220;default&#8220; custom_margin=&#8220;||0px||false|false&#8220; custom_padding=&#8220;||0px||false|false&#8220; global_colors_info=&#8220;{}&#8220;][et_pb_column type=&#8220;4_4&#8243; _builder_version=&#8220;4.16&#8243; _module_preset=&#8220;default&#8220; global_colors_info=&#8220;{}&#8220;][et_pb_post_title meta=&#8220;off&#8220; featured_image=&#8220;off&#8220; _builder_version=&#8220;4.16&#8243; _module_preset=&#8220;default&#8220; title_font=&#8220;|700|on||||||&#8220; title_font_size=&#8220;30px&#8220; custom_margin=&#8220;||10px||false|false&#8220; global_colors_info=&#8220;{}&#8220;][\/et_pb_post_title][\/et_pb_column][\/et_pb_row][\/et_pb_section][et_pb_section fb_built=&#8220;1&#8243; _builder_version=&#8220;4.16&#8243; _module_preset=&#8220;default&#8220; background_color=&#8220;#f0f0f0&#8243; custom_padding=&#8220;20px||20px||false|false&#8220; global_colors_info=&#8220;{}&#8220;][et_pb_row _builder_version=&#8220;4.16&#8243; _module_preset=&#8220;default&#8220; custom_padding=&#8220;||10px||false|false&#8220; global_colors_info=&#8220;{}&#8220;][et_pb_column type=&#8220;4_4&#8243; _builder_version=&#8220;4.16&#8243; _module_preset=&#8220;default&#8220; global_colors_info=&#8220;{}&#8220;][et_pb_text _builder_version=&#8220;4.21.0&#8243; _module_preset=&#8220;default&#8220; header_2_font_size=&#8220;30px&#8220; global_colors_info=&#8220;{}&#8220;]<\/p>\n<div class=\"hgroup\">\n<h2 class=\"as-h1\"><em><strong>IBC auf einen Blick<\/strong><\/em><\/h2>\n<\/div>\n<p>[\/et_pb_text][\/et_pb_column][\/et_pb_row][et_pb_row use_custom_gutter=&#8220;on&#8220; gutter_width=&#8220;2&#8243; _builder_version=&#8220;4.16&#8243; _module_preset=&#8220;default&#8220; custom_padding=&#8220;10px||||false|false&#8220; global_colors_info=&#8220;{}&#8220;][et_pb_column type=&#8220;4_4&#8243; _builder_version=&#8220;4.16&#8243; _module_preset=&#8220;default&#8220; global_colors_info=&#8220;{}&#8220;][et_pb_text _builder_version=&#8220;4.22.2&#8243; _module_preset=&#8220;default&#8220; global_colors_info=&#8220;{}&#8220;]<\/p>\n<p id=\"e1527\" style=\"text-align: left;\"><img data-opt-id=1975931284  fetchpriority=\"high\" decoding=\"async\" class=\"wp-image-22 alignleft size-large\" src=\"https:\/\/mll3h1jyy9a5.i.optimole.com\/w:1024\/h:768\/q:mauto\/ig:avif\/https:\/\/internationalbluecross.org\/wp-content\/uploads\/2022\/01\/2000H-title-picture2.jpg\" alt=\"\" width=\"513\" height=\"385\"><span style=\"font-size: 15px;\">In vielen L\u00e4ndern behindert der sch\u00e4dliche Konsum von Alkohol und anderen Drogen eine nachhaltige soziale und wirtschaftliche Entwicklung. Menschen leben in prek\u00e4ren Verh\u00e4ltnissen, sind arbeitslos und ohne Perspektive. International Blue Cross (IBC) setzt sich daher daf\u00fcr ein, die negativen Auswirkungen des Alkohol- und anderen Drogenkonsums weltweit zu reduzieren und ein konstruktives Zusammenleben in Gesellschaften zu erm\u00f6glichen \u2013 frei von Gewalt, Unterdr\u00fcckung und suchtbedingten Krankheiten! Von der Schweiz bis zu den F\u00e4r\u00f6er-Inseln, vom Kongo bis nach Brasilien &#8211; seit 1886 engagiert sich IBC f\u00fcr Menschen, die am Rande der Gesellschaft leben und versucht, ihre Not zu lindern.<\/span><\/p>\n<p id=\"e1528\">As a non-governmental umbrella organization, IBC coordinates the activities of 37 affiliated member organizations in 35 countries. Sie bilden ein Netzwerk, das Menschen auf vier Kontinenten hilft, ein Leben ohne Sucht und Gewalt zu f\u00fchren.<\/p>\n<p>Als globale Gesundheitsorganisation f\u00fchrt IBC auch Programme der internationalen Entwicklungszusammenarbeit im Einklang mit der <a href=\"https:\/\/www.un.org\/sustainabledevelopment\/sustainable-development-goals\/\" target=\"_blank\" rel=\"noopener\">Agenda 2030 der Vereinten Nationen<\/a> durch. IBC <span lang=\"EN-US\">Die Programme der Entwicklungszusammenarbeit arbeiten im Bereich der umfassenden Alkohol- und Drogenpr\u00e4vention durch Kompetenzentwicklung, Gemeinschaftsaktionen, Interessenvertretung und Selbsthilfegruppen.<\/span><\/p>\n<div><\/div>\n<p>Seit 2013 f\u00fchrt IBC Programme mit lokalen Partnern durch. Derzeit befinden sich die Partner in der Republik Tschad, der Republik Kongo, Togo und Tansania.<\/p>\n<p id=\"e3841\"><strong>Mehr als 1&#8217;000 SozialarbeiterInnen, Pr\u00e4ventions- und andere Fachkr\u00e4fte in aller Welt k\u00fcmmern sich unter der Flagge des Blauen Kreuzes um Menschen mit Alkohol- und anderen Drogenproblemen &#8211; und dabei insbesondere um speziell benachteiligte und schutzbed\u00fcrftige Gruppen.<\/strong><\/p>\n<p>[\/et_pb_text][\/et_pb_column][\/et_pb_row][\/et_pb_section][et_pb_section fb_built=&#8220;1&#8243; _builder_version=&#8220;4.22.2&#8243; _module_preset=&#8220;default&#8220; background_color=&#8220;#4e84bc&#8220; custom_padding=&#8220;0px||0px||false|false&#8220; global_colors_info=&#8220;{}&#8220;][et_pb_row column_structure=&#8220;1_2,1_2&#8243; _builder_version=&#8220;4.22.2&#8243; _module_preset=&#8220;default&#8220; background_color=&#8220;#4e84bc&#8220; background_enable_image=&#8220;off&#8220; width=&#8220;100%&#8220; max_width=&#8220;100%&#8220; custom_padding=&#8220;0px||0px||false|false&#8220; global_colors_info=&#8220;{}&#8220;][et_pb_column type=&#8220;1_2&#8243; _builder_version=&#8220;4.22.2&#8243; _module_preset=&#8220;default&#8220; global_colors_info=&#8220;{}&#8220;][et_pb_image title_text=&#8220;2000H-kongo&#8220; show_bottom_space=&#8220;off&#8220; _builder_version=&#8220;4.22.2&#8243; _module_preset=&#8220;default&#8220; background_image=&#8220;https:\/\/mll3h1jyy9a5.i.optimole.com\/w:auto\/h:auto\/q:mauto\/ig:avif\/https:\/\/internationalbluecross.org\/wp-content\/uploads\/2022\/02\/2000H-kongo.jpg&#8220; parallax=&#8220;on&#8220; min_height=&#8220;420px&#8220; custom_padding=&#8220;210px||210px||false|false&#8220; global_colors_info=&#8220;{}&#8220;][\/et_pb_image][\/et_pb_column][et_pb_column type=&#8220;1_2&#8243; _builder_version=&#8220;4.22.2&#8243; _module_preset=&#8220;default&#8220; global_colors_info=&#8220;{}&#8220;][et_pb_text _builder_version=&#8220;4.23.1&#8243; _module_preset=&#8220;default&#8220; text_text_color=&#8220;#FFFFFF&#8220; text_font_size=&#8220;17px&#8220; header_text_color=&#8220;#FFFFFF&#8220; header_2_text_color=&#8220;#FFFFFF&#8220; width=&#8220;99.9%&#8220; min_height=&#8220;427px&#8220; custom_margin_last_edited=&#8220;off|desktop&#8220; custom_padding=&#8220;60px|40px|60px|1px|false|false&#8220; custom_padding_tablet=&#8220;0px|20px|20px|20px|false|false&#8220; custom_padding_phone=&#8220;||20px||false|false&#8220; custom_padding_last_edited=&#8220;on|desktop&#8220; global_colors_info=&#8220;{}&#8220;]<\/p>\n<h2><strong>Strategischer Fokus <\/strong><span>2021 \u2013 2028<\/span><\/h2>\n<p><span><\/span><\/p>\n<ul>\n<li><span style=\"font-size: 17px; font-weight: 400;\">F\u00f6rderung eines gesunden und erf\u00fcllten Leben,<\/span> <span style=\"font-size: 17px; font-weight: 400;\">frei von Alkohol, Drogen und Abh\u00e4ngigkeiten <strong>durch<\/strong><\/span> <span style=\"font-size: 17px; font-weight: 400;\">umfassende evidenzbasierte Pr\u00e4ventions- und Interventionsmodelle <\/span><span style=\"font-size: 17px; font-weight: 400;\"> <\/span><\/li>\n<li><span style=\"font-size: 17px;\"><span style=\"font-size: 17px;\">Starke Mitgliedsorganisationen;<\/span><\/span> <span style=\"font-size: 17px;\"><span style=\"font-size: 17px;\">F\u00f6rderung der Zusammenarbeit zwischen Mitgliedsorganisationen,<\/span><\/span> <span style=\"font-size: 17px;\"><span style=\"font-size: 17px;\">aktives Engagement<\/span><\/span> <span style=\"font-size: 17px;\">und Vertretung in globalen Gesundheitsnetzwerken<\/span><\/li>\n<li><span style=\"font-size: 17px;\">Auf christlichen Werten basierender Ansatz; F\u00f6rderung<\/span> <span style=\"font-size: 17px;\">einer ganzheitlichen Sicht auf die Gesundheit und das menschliche Wohlbefinden sowie eines professionellen, glaubensbasierten Ansatzes der Sozialarbeit<\/span><\/li>\n<\/ul>\n<p id=\"bar_items1532\"><strong>IBC arbeitet nach den priorisierten UN-Entwicklungszielen und ist ZEWO-zertifiziert.<\/strong><strong><\/strong><\/p>\n<p style=\"font-weight: 400;\">[\/et_pb_text][\/et_pb_column][\/et_pb_row][\/et_pb_section][et_pb_section fb_built=&#8220;1&#8243; _builder_version=&#8220;4.16&#8243; _module_preset=&#8220;default&#8220; background_color=&#8220;#f0f0f0&#8243; custom_padding=&#8220;20px||20px||false|false&#8220; global_colors_info=&#8220;{}&#8220;][et_pb_row _builder_version=&#8220;4.16&#8243; _module_preset=&#8220;default&#8220; custom_padding=&#8220;||10px||false|false&#8220; global_colors_info=&#8220;{}&#8220;][et_pb_column type=&#8220;4_4&#8243; _builder_version=&#8220;4.16&#8243; _module_preset=&#8220;default&#8220; global_colors_info=&#8220;{}&#8220;][et_pb_text _builder_version=&#8220;4.16&#8243; _module_preset=&#8220;default&#8220; header_2_font_size=&#8220;30px&#8220; global_colors_info=&#8220;{}&#8220;]<\/p>\n<div class=\"hgroup\">\n<h2 class=\"as-h1\"><em><strong>Unsere Geschichte<\/strong><\/em><\/h2>\n<\/div>\n<p>[\/et_pb_text][\/et_pb_column][\/et_pb_row][et_pb_row column_structure=&#8220;3_5,2_5&#8243; use_custom_gutter=&#8220;on&#8220; gutter_width=&#8220;2&#8243; _builder_version=&#8220;4.16&#8243; _module_preset=&#8220;default&#8220; custom_padding=&#8220;10px||||false|false&#8220; global_colors_info=&#8220;{}&#8220;][et_pb_column type=&#8220;3_5&#8243; _builder_version=&#8220;4.16&#8243; _module_preset=&#8220;default&#8220; global_colors_info=&#8220;{}&#8220;][et_pb_text _builder_version=&#8220;4.16&#8243; _module_preset=&#8220;default&#8220; global_colors_info=&#8220;{}&#8220;]<\/p>\n<p id=\"e1514\">Die Urspr\u00fcnge der Blaues-Kreuz-Bewegung und damit auch des internationalen Dachverbandes IBC gehen auf das 19. Jahrhundert zur\u00fcck. Alkoholprobleme waren in der Gesellschaft jener Zeit weit verbreitet. Dies veranlasste den Schweizer Pfarrer Louis-Lucien Rochat, sich f\u00fcr die Betroffenen einzusetzen. Gemeinsam mit seinen Kollegen versuchte er, das Leiden von Personen mit Alkoholproblemen zu lindern. Sein Engagement f\u00fchrte zur offiziellen Gr\u00fcndung des Blauen Kreuzes am 21. September 1877 in Genf.<\/p>\n<p id=\"e1515\">Schon bald verbreitete sich die Bewegung des Blauen Kreuzes \u00fcber die Grenzen der Schweiz hinaus. Daraus ergab sich die Notwendigkeit, die einzelnen Gruppen unter einer internationalen Dachorganisation zu vereinen. Aus diesem Grund wurde im Jahr 1886 in La Chaux-de-Fonds (Schweiz) das &#8222;Comit\u00e9 International &#8211; und damit International Blue Cross als Organisation gegr\u00fcndet. Bald \u00fcberschritt die Bewegung nicht nur nationale Grenzen, sondern breitete sich auch \u00fcber Europa hinaus aus: 1906 wurde die erste au\u00dfereurop\u00e4ische Blaues-Kreuz-Organisation in Afrika, Ghana, gegr\u00fcndet. Heute sind fast 40 nationale Organisationen aus Europa, Afrika, Asien und S\u00fcdamerika Teil des Internationalen Blauen Kreuzes. <\/p>\n<p>[\/et_pb_text][\/et_pb_column][et_pb_column type=&#8220;2_5&#8243; _builder_version=&#8220;4.16&#8243; _module_preset=&#8220;default&#8220; global_colors_info=&#8220;{}&#8220;][et_pb_image src=&#8220;https:\/\/mll3h1jyy9a5.i.optimole.com\/w:auto\/h:auto\/q:mauto\/ig:avif\/https:\/\/internationalbluecross.org\/wp-content\/uploads\/2022\/02\/Louis-Lucien-Rochat-kl.jpg&#8220; title_text=&#8220;Louis-Lucien-Rochat-kl&#8220; show_in_lightbox=&#8220;on&#8220; use_overlay=&#8220;on&#8220; overlay_icon_color=&#8220;#FFFFFF&#8220; hover_overlay_color=&#8220;rgba(255,255,255,0.33)&#8220; hover_icon=&#8220;&#x54;||divi||400&#8243; _builder_version=&#8220;4.16&#8243; _module_preset=&#8220;default&#8220; global_colors_info=&#8220;{}&#8220;][\/et_pb_image][et_pb_text _builder_version=&#8220;4.16&#8243; _module_preset=&#8220;default&#8220; text_font_size=&#8220;12px&#8220; global_colors_info=&#8220;{}&#8220;]Der Gr\u00fcnder des Blauen Kreuzes, Pfarrer Louis-Lucien Rochat[\/et_pb_text][\/et_pb_column][\/et_pb_row][\/et_pb_section][et_pb_section fb_built=&#8220;1&#8243; _builder_version=&#8220;4.16&#8243; _module_preset=&#8220;default&#8220; custom_padding=&#8220;0px||0px||false|false&#8220; global_colors_info=&#8220;{}&#8220;][et_pb_row column_structure=&#8220;1_2,1_2&#8243; _builder_version=&#8220;4.16&#8243; _module_preset=&#8220;default&#8220; background_color=&#8220;#4e84bc&#8220; background_enable_image=&#8220;off&#8220; width=&#8220;100%&#8220; max_width=&#8220;100%&#8220; custom_padding=&#8220;0px||0px||false|false&#8220; global_colors_info=&#8220;{}&#8220;][et_pb_column type=&#8220;1_2&#8243; _builder_version=&#8220;4.16&#8243; _module_preset=&#8220;default&#8220; global_colors_info=&#8220;{}&#8220;][et_pb_image title_text=&#8220;2000H-afrika&#8220; force_fullwidth=&#8220;on&#8220; _builder_version=&#8220;4.22.2&#8243; _module_preset=&#8220;default&#8220; background_image=&#8220;https:\/\/mll3h1jyy9a5.i.optimole.com\/w:auto\/h:auto\/q:mauto\/ig:avif\/https:\/\/internationalbluecross.org\/wp-content\/uploads\/2022\/02\/2000H-afrika.jpg&#8220; parallax=&#8220;on&#8220; max_height=&#8220;347px&#8220; custom_padding=&#8220;250px||250px||false|false&#8220; global_colors_info=&#8220;{}&#8220;][\/et_pb_image][\/et_pb_column][et_pb_column type=&#8220;1_2&#8243; _builder_version=&#8220;4.16&#8243; _module_preset=&#8220;default&#8220; global_colors_info=&#8220;{}&#8220;][et_pb_text admin_label=&#8220;Text&#8220; _builder_version=&#8220;4.23.1&#8243; _module_preset=&#8220;default&#8220; text_text_color=&#8220;#FFFFFF&#8220; text_font_size=&#8220;17px&#8220; header_text_color=&#8220;#FFFFFF&#8220; header_2_text_color=&#8220;#FFFFFF&#8220; header_3_font=&#8220;|600|on||||||&#8220; header_3_text_color=&#8220;#FFFFFF&#8220; custom_margin_last_edited=&#8220;off|desktop&#8220; custom_padding=&#8220;60px|40px|60px||false|false&#8220; custom_padding_tablet=&#8220;0px|20px|20px|20px|false|false&#8220; custom_padding_phone=&#8220;||20px||false|false&#8220; custom_padding_last_edited=&#8220;on|desktop&#8220; global_colors_info=&#8220;{}&#8220;]<\/p>\n<h2 id=\"bar_items3828\"><strong>Vision und Mission<\/strong><\/h2>\n<h3 id=\"bar_items3831\">Unsere Vision<\/h3>\n<ul>\n<li>Menschen f\u00fchren ein w\u00fcrdiges und gesundes Leben in einer Welt, in der gesellschaftliche Strukturen und Dienstleistungen ein Leben ohne Alkohol und andere drogenbedingte Sch\u00e4den erm\u00f6glichen.<\/li>\n<\/ul>\n<p>&nbsp;<\/p>\n<h3 id=\"bar_items3833\">Unsere Mission<\/h3>\n<ul id=\"bar_items3832\" class=\"list-plus\">\n<li>Pr\u00e4vention und Verringerung des Konsums, des Missbrauchs und der Abh\u00e4ngigkeit von Alkohol und anderen Drogen sowie der damit verbundenen Sch\u00e4den, insbesondere bei den am meisten benachteiligten Personen<\/li>\n<li>Einbindung von Blaukreuz-Organisationen in aller Welt zur F\u00f6rderung der Mission, mit einer ganzheitlichen Sicht des Menschen als Zustand des vollst\u00e4ndigen k\u00f6rperlichen, geistigen, seelischen und sozialen Wohlbefindens.<\/li>\n<\/ul>\n<p>[\/et_pb_text][\/et_pb_column][\/et_pb_row][\/et_pb_section][et_pb_section fb_built=&#8220;1&#8243; _builder_version=&#8220;4.16&#8243; _module_preset=&#8220;default&#8220; background_color=&#8220;#f0f0f0&#8243; custom_padding=&#8220;20px||20px||false|false&#8220; global_colors_info=&#8220;{}&#8220;][et_pb_row _builder_version=&#8220;4.16&#8243; _module_preset=&#8220;default&#8220; custom_padding=&#8220;||10px||false|false&#8220; global_colors_info=&#8220;{}&#8220;][et_pb_column type=&#8220;4_4&#8243; _builder_version=&#8220;4.16&#8243; _module_preset=&#8220;default&#8220; global_colors_info=&#8220;{}&#8220;][et_pb_text _builder_version=&#8220;4.16&#8243; _module_preset=&#8220;default&#8220; header_2_font_size=&#8220;30px&#8220; global_colors_info=&#8220;{}&#8220;]<\/p>\n<div class=\"hgroup\">\n<h2 class=\"as-h1\"><em><strong>Arbeitsbereiche<\/strong><\/em><\/h2>\n<\/div>\n<p>[\/et_pb_text][\/et_pb_column][\/et_pb_row][et_pb_row column_structure=&#8220;1_2,1_2&#8243; use_custom_gutter=&#8220;on&#8220; gutter_width=&#8220;2&#8243; _builder_version=&#8220;4.16&#8243; _module_preset=&#8220;default&#8220; custom_padding=&#8220;10px||||false|false&#8220; global_colors_info=&#8220;{}&#8220;][et_pb_column type=&#8220;1_2&#8243; _builder_version=&#8220;4.16&#8243; _module_preset=&#8220;default&#8220; global_colors_info=&#8220;{}&#8220;][et_pb_text _builder_version=&#8220;4.21.0&#8243; _module_preset=&#8220;default&#8220; global_colors_info=&#8220;{}&#8220;]<\/p>\n<h4 id=\"Elemente2758\">Interessenvertretung<\/h4>\n<p id=\"Elemente2759\">Die strukturelle Pr\u00e4vention von Sch\u00e4den durch den Konsum von Alkohol und anderen Drogen erfordert <strong>eine evidenzbasierte Alkohol- und Drogenpolitik<\/strong>. IBC <strong>f\u00f6rdert<\/strong> und initiert politische Ver\u00e4nderungsprozesse, <strong>\u00fcberwacht<\/strong> die Fortschritte auf lokaler Ebene und <strong>setzt sich daf\u00fcr ein<\/strong>, dass die Entwicklung der Alkoholpolitik vor der Einmischung von Wirtschaftsinteressen <strong>gesch\u00fctzt wird<\/strong>. IBC unterst\u00fctzt die von der WHO geleitete Initiative <strong>SAFER<\/strong>, die darauf abzielt, den sch\u00e4dlichen Alkoholkonsum bis 2025 um 10% zu reduzieren.<\/p>\n<h4 id=\"Elemente2760\">Pr\u00e4vention<\/h4>\n<p id=\"Elemente2761\">Der IBC-Pr\u00e4ventionsansatz kombiniert <strong>individuelle (Verhaltens-)<\/strong> und <strong>strukturelle Pr\u00e4vention<\/strong> mit <strong>gemeinschaftlichen Aktionsprogrammen<\/strong>. Hierbei handelt es sich um einen <strong>umfassenden Ansatz<\/strong>. Verhaltens\u00e4nderungen werden durch das Angebot von Life-Skills-Programmen erm\u00f6glicht. Es handelt sich um eine <strong>bew\u00e4hrte<\/strong> IBC-L\u00f6sung zur Vorbeugung von Sch\u00e4den durch Alkohol und andere Drogen und zur Versorgung der Menschen mit dem, was sie f\u00fcr ihre psychische Gesundheit und ihr Wohlbefinden ben\u00f6tigen. Das IBC Life Skills-Programm f\u00fcr <strong>Jugendliche<\/strong> wird im Rahmen von Programmen der internationalen Entwicklungszusammenarbeit durchgef\u00fchrt.<\/p>\n<h4 id=\"Elemente3264\">Behandlung und Therapie<\/h4>\n<p id=\"Elemente3262\">Nationale Blaue-Kreuz-Organisationen auf der ganzen Welt bieten Interventions-, Behandlungs- und Beratungsdienste f\u00fcr Menschen und ihre Angeh\u00f6rigen an, die von Alkohol, anderen Drogen und Gl\u00fccksspiel betroffen sind. Das Blaue Kreuz verfolgt einen bio-psycho-sozial-spirituellen Ansatz. Hierf\u00fcr wird eine Vielzahl von Behandlungsmodellen eingesetzt, um jedes dieser menschlichen Bed\u00fcrfnisse gerecht zu werden.<\/p>\n<p>[\/et_pb_text][\/et_pb_column][et_pb_column type=&#8220;1_2&#8243; _builder_version=&#8220;4.16&#8243; _module_preset=&#8220;default&#8220; global_colors_info=&#8220;{}&#8220;][et_pb_text _builder_version=&#8220;4.16&#8243; _module_preset=&#8220;default&#8220; global_colors_info=&#8220;{}&#8220;]<\/p>\n<h4 id=\"Elemente2766\">Selbsthilfegruppen<\/h4>\n<p id=\"Elemente2767\">Die nationalen Blaukreuz-Organisationen auf der ganzen Welt unterst\u00fctzen <strong>Gegenseitigkeits- und Selbsthilfegruppen,<\/strong> die gesunde Lebensgemeinschaften schaffen. In Selbsthilfegruppen treffen sich regelm\u00e4ssig Menschen mit Alkohol- und anderen Drogenproblemen, die sich in \u00e4hnlichen Lebenssituationen befinden. Die Gruppen sind ein wichtiger Bestandteil des Genesungsprozesses nach der Behandlung oder nach einem Rehabilitationsprogramm. Die Gruppen sind wirksam, um einen R\u00fcckfall in die Sucht zu verhindern. Die Gruppen werden von Mitarbeitenden oder Freiwilligen des Blauen Kreuzes vor Ort geleitet. Auf der Grundlage gegenseitiger Unterst\u00fctzung bieten die <strong>Nachsorgegruppen<\/strong> eine Gemeinschaftserfahrung, pers\u00f6nliches Wachstum, mehr Selbstvertrauen und einen gr\u00f6\u00dferen Sinn im Leben.<\/p>\n<h4 id=\"Elemente2769\">Sonstiges<\/h4>\n<p id=\"Elemente2770\">Nationale Blaue-Kreuz-Organisationen bieten eine Reihe von Wiedereingliederungsdiensten an, die auf die von ihnen betreuten Regionen zugeschnitten sind, wie z. B. <strong>Anlaufstellen, L\u00f6sungen f\u00fcr Obdachlosigkeit und Programme zur Vorbereitung auf den Arbeitsmarkt<\/strong>. Sie alle zielen darauf ab, ein unabh\u00e4ngiges und sinnvolles Leben aufzubauen.<\/p>\n<p>[\/et_pb_text][\/et_pb_column][\/et_pb_row][\/et_pb_section][et_pb_section fb_built=&#8220;1&#8243; _builder_version=&#8220;4.16&#8243; _module_preset=&#8220;default&#8220; background_enable_color=&#8220;off&#8220; custom_padding=&#8220;20px||20px||false|false&#8220; global_colors_info=&#8220;{}&#8220;][et_pb_row _builder_version=&#8220;4.16&#8243; _module_preset=&#8220;default&#8220; custom_padding=&#8220;||10px||false|false&#8220; global_colors_info=&#8220;{}&#8220;][et_pb_column type=&#8220;4_4&#8243; _builder_version=&#8220;4.16&#8243; _module_preset=&#8220;default&#8220; global_colors_info=&#8220;{}&#8220;][et_pb_text _builder_version=&#8220;4.25.2&#8243; _module_preset=&#8220;default&#8220; header_2_font_size=&#8220;30px&#8220; global_colors_info=&#8220;{}&#8220;]<\/p>\n<div class=\"hgroup\">\n<h2 class=\"as-h1\"><em><strong>Organisationsstruktur<\/strong><\/em><\/h2>\n<\/div>\n<p>[\/et_pb_text][\/et_pb_column][\/et_pb_row][et_pb_row column_structure=&#8220;3_5,2_5&#8243; use_custom_gutter=&#8220;on&#8220; gutter_width=&#8220;2&#8243; _builder_version=&#8220;4.16&#8243; _module_preset=&#8220;default&#8220; custom_padding=&#8220;10px||||false|false&#8220; global_colors_info=&#8220;{}&#8220;][et_pb_column type=&#8220;3_5&#8243; _builder_version=&#8220;4.16&#8243; _module_preset=&#8220;default&#8220; global_colors_info=&#8220;{}&#8220;][et_pb_text _builder_version=&#8220;4.21.0&#8243; _module_preset=&#8220;default&#8220; global_colors_info=&#8220;{}&#8220;]<\/p>\n<p id=\"e2646\">International Blue Cross (IBC) ist eine Nichtregierungsorganisation, die fast 40 nationale Blaue-Kreuz-Organisationen unter einem Dach vereint und so ein weltweites Netzwerk f\u00fcr die F\u00f6rderung einer gemeinsamen Sache schafft. Wir b\u00fcndeln die Fachkenntnisse und das Know-how der verschiedenen Blaukreuz-Organisationen und k\u00f6nnen so die Erfahrungen der einzelnen Organisationen auf lokaler und internationaler Ebene effektiv nutzen und integrieren. Die Mitgliedsorganisationen sind die Hauptanbieter von Blaukreuz-Diensten und werden durch den Vorstand (Netzwerkausschuss) vertreten.  <\/p>\n<h3 id=\"e2590\"><\/h3>\n<p id=\"e1707\">Unser wichtigstes Vertretungs- und Beratungsorgan ist die <strong>Generalversammlung<\/strong>, die oberste Entscheidungsinstanz des International Blue Cross. Jede Mitgliedsorganisation ist berechtigt, einen Vertreter in die Versammlung zu entsenden. Die Generalversammlung wird alle vier Jahre durchgef\u00fchrt. Infolgedessen wird der Vorstand von International Blue Cross gew\u00e4hlt und Leitungsbefugnisse erteilt. Die Generalversammlung trifft ebenfalls Entscheidungen, die f\u00fcr die Strategie sowie Aktivit\u00e4ten der weltweiten Blaukreuz-Bewegung richtungsweisend sind.<\/p>\n<p>[\/et_pb_text][\/et_pb_column][et_pb_column type=&#8220;2_5&#8243; _builder_version=&#8220;4.16&#8243; _module_preset=&#8220;default&#8220; global_colors_info=&#8220;{}&#8220;][et_pb_image src=&#8220;https:\/\/mll3h1jyy9a5.i.optimole.com\/w:auto\/h:auto\/q:mauto\/ig:avif\/https:\/\/internationalbluecross.org\/wp-content\/uploads\/2022\/08\/IBC-Organisational-Chart_22_ENG-1-pdf.jpg&#8220; title_text=&#8220;IBC Organisational Chart_22_ENG&#8220; show_in_lightbox=&#8220;on&#8220; use_overlay=&#8220;on&#8220; overlay_icon_color=&#8220;#135ba6&#8243; hover_overlay_color=&#8220;rgba(255,255,255,0.33)&#8220; hover_icon=&#8220;&#x54;||divi||400&#8243; _builder_version=&#8220;4.18.0&#8243; _module_preset=&#8220;default&#8220; global_colors_info=&#8220;{}&#8220;][\/et_pb_image][\/et_pb_column][\/et_pb_row][\/et_pb_section][et_pb_section fb_built=&#8220;1&#8243; admin_label=&#8220;Section&#8220; _builder_version=&#8220;4.16&#8243; _module_preset=&#8220;default&#8220; background_enable_color=&#8220;off&#8220; custom_padding=&#8220;20px||20px||false|false&#8220; collapsed=&#8220;off&#8220; global_colors_info=&#8220;{}&#8220;][et_pb_row _builder_version=&#8220;4.16&#8243; _module_preset=&#8220;default&#8220; custom_padding=&#8220;||10px||false|false&#8220; global_colors_info=&#8220;{}&#8220;][et_pb_column type=&#8220;4_4&#8243; _builder_version=&#8220;4.16&#8243; _module_preset=&#8220;default&#8220; global_colors_info=&#8220;{}&#8220;][et_pb_text _builder_version=&#8220;4.16&#8243; _module_preset=&#8220;default&#8220; header_2_font_size=&#8220;30px&#8220; custom_margin=&#8220;||0px||false|false&#8220; custom_padding=&#8220;||||false|false&#8220; global_colors_info=&#8220;{}&#8220;]<\/p>\n<div class=\"hgroup\">\n<h2 class=\"as-h1\"><em><strong> Netzwerk-Komitee\/Vorstand<\/strong><\/em><\/h2>\n<\/div>\n<p>[\/et_pb_text][et_pb_text _builder_version=&#8220;4.16&#8243; _module_preset=&#8220;default&#8220; custom_padding=&#8220;0px||||false|false&#8220; global_colors_info=&#8220;{}&#8220;]Das Netzwerk-Komitee ist das Leitungsgremium von IBC.[\/et_pb_text][\/et_pb_column][\/et_pb_row][et_pb_row column_structure=&#8220;1_2,1_2&#8243; use_custom_gutter=&#8220;on&#8220; gutter_width=&#8220;2&#8243; _builder_version=&#8220;4.16&#8243; _module_preset=&#8220;default&#8220; custom_padding=&#8220;10px||||false|false&#8220; collapsed=&#8220;off&#8220; global_colors_info=&#8220;{}&#8220;][et_pb_column type=&#8220;1_2&#8243; _builder_version=&#8220;4.16&#8243; _module_preset=&#8220;default&#8220; global_colors_info=&#8220;{}&#8220;][et_pb_blurb title=&#8220;Reinhard Jahn&#8220; image=&#8220;https:\/\/mll3h1jyy9a5.i.optimole.com\/w:auto\/h:auto\/q:mauto\/ig:avif\/https:\/\/internationalbluecross.org\/wp-content\/uploads\/2025\/11\/Reinhard-Jahn-Germany-2-scaled.jpeg&#8220; icon_placement=&#8220;left&#8220; image_icon_width=&#8220;180px&#8220; icon_placement_tablet=&#8220;left&#8220; icon_placement_phone=&#8220;top&#8220; icon_placement_last_edited=&#8220;on|phone&#8220; image_icon_width_tablet=&#8220;180px&#8220; image_icon_width_phone=&#8220;100%&#8220; image_icon_width_last_edited=&#8220;on|desktop&#8220; _builder_version=&#8220;4.27.4&#8243; _module_preset=&#8220;default&#8220; header_font=&#8220;|700|||||||&#8220; background_color=&#8220;#D2EEF9&#8243; min_height=&#8220;220px&#8220; custom_padding=&#8220;20px|10px|20px|10px|false|false&#8220; custom_padding_tablet=&#8220;20px|10px|20px|10px|false|false&#8220; custom_padding_phone=&#8220;20px|10px|20px|10px|false|false&#8220; custom_padding_last_edited=&#8220;on|phone&#8220; global_colors_info=&#8220;{}&#8220;]<\/p>\n<p>Deutschland<br \/>Pr\u00e4sident Internationales Blaues Kreuz<\/p>\n<div>\n<p class=\"p1\">Gesch\u00e4ftsf\u00fchrer von Blue Cross Germany<\/p>\n<\/div>\n<div>\n<p class=\"p1\">Mitglied des Netzwerkkomitees seit 2008<\/p>\n<p>&nbsp;<\/p>\n<\/div>\n<p class=\"p1\"><a href=\"https:\/\/internationalbluecross.org\/wp-content\/uploads\/2025\/11\/Jahn-Reinhard-Thomas_Register-of-interests.pdf\" target=\"_blank\" rel=\"attachment wp-att-1537\">Interessenregister<\/a><\/p>\n<p>[\/et_pb_blurb][\/et_pb_column][et_pb_column type=&#8220;1_2&#8243; _builder_version=&#8220;4.16&#8243; _module_preset=&#8220;default&#8220; global_colors_info=&#8220;{}&#8220;][et_pb_blurb title=&#8220;Hans Eglin&#8220; image=&#8220;https:\/\/mll3h1jyy9a5.i.optimole.com\/w:auto\/h:auto\/q:mauto\/ig:avif\/https:\/\/internationalbluecross.org\/wp-content\/uploads\/2025\/11\/Hans-Eglin-Switzerland-2-scaled.jpeg&#8220; icon_placement=&#8220;left&#8220; image_icon_width=&#8220;180px&#8220; icon_placement_tablet=&#8220;left&#8220; icon_placement_phone=&#8220;top&#8220; icon_placement_last_edited=&#8220;on|phone&#8220; image_icon_width_tablet=&#8220;180px&#8220; image_icon_width_phone=&#8220;100%&#8220; image_icon_width_last_edited=&#8220;on|desktop&#8220; _builder_version=&#8220;4.27.4&#8243; _module_preset=&#8220;default&#8220; header_font=&#8220;|700|||||||&#8220; background_color=&#8220;#D2EEF9&#8243; min_height=&#8220;220px&#8220; custom_padding=&#8220;20px|10px|20px|10px|false|false&#8220; custom_padding_tablet=&#8220;20px|10px|20px|10px|false|false&#8220; custom_padding_phone=&#8220;20px|10px|20px|10px|false|false&#8220; custom_padding_last_edited=&#8220;on|phone&#8220; global_colors_info=&#8220;{}&#8220;]Schweiz<br \/>\n<strong>Vizepr\u00e4sident International Blue Cross<\/strong><\/p>\n<div>\n<p>Gr\u00fcnder und ehemaliger Gesch\u00e4ftsf\u00fchrer, Stiftung Jugendsozialwerk Blaues Kreuz BL<\/p>\n<\/div>\n<div>\n<p class=\"p1\">Mitglied des Netzwerkkomitees seit 2016<\/p>\n<\/div>\n<p><a href=\"https:\/\/internationalbluecross.org\/wp-content\/uploads\/2025\/11\/Hans-Eglin_Register-of-interests-of-members-of-the-Network-Committee-2025.pdf\" target=\"_blank\" rel=\"attachment wp-att-1543\" data-wplink-edit=\"true\">Interessenregister<\/a>[\/et_pb_blurb][\/et_pb_column][\/et_pb_row][et_pb_row column_structure=&#8220;1_2,1_2&#8243; use_custom_gutter=&#8220;on&#8220; gutter_width=&#8220;2&#8243; _builder_version=&#8220;4.16&#8243; _module_preset=&#8220;default&#8220; custom_padding=&#8220;10px||||false|false&#8220; global_colors_info=&#8220;{}&#8220;][et_pb_column type=&#8220;1_2&#8243; _builder_version=&#8220;4.16&#8243; _module_preset=&#8220;default&#8220; global_colors_info=&#8220;{}&#8220;][et_pb_blurb title=&#8220;Rolf Hartmann&#8220; image=&#8220;https:\/\/mll3h1jyy9a5.i.optimole.com\/w:auto\/h:auto\/q:mauto\/ig:avif\/https:\/\/internationalbluecross.org\/wp-content\/uploads\/2025\/11\/Rolf-Hartmann-Brasil-2-scaled.jpeg&#8220; icon_placement=&#8220;left&#8220; image_icon_width=&#8220;180px&#8220; icon_placement_tablet=&#8220;left&#8220; icon_placement_phone=&#8220;top&#8220; icon_placement_last_edited=&#8220;on|phone&#8220; image_icon_width_tablet=&#8220;180px&#8220; image_icon_width_phone=&#8220;100%&#8220; image_icon_width_last_edited=&#8220;on|desktop&#8220; _builder_version=&#8220;4.27.5&#8243; _module_preset=&#8220;default&#8220; header_font=&#8220;|700|||||||&#8220; background_color=&#8220;#D2EEF9&#8243; min_height=&#8220;228px&#8220; custom_margin=&#8220;||4px|||&#8220; custom_padding=&#8220;20px|10px|20px|10px|false|false&#8220; custom_padding_tablet=&#8220;20px|10px|20px|10px|false|false&#8220; custom_padding_phone=&#8220;20px|10px|20px|10px|false|false&#8220; custom_padding_last_edited=&#8220;on|phone&#8220; global_colors_info=&#8220;{}&#8220;]<\/p>\n<p>Brasilien<br \/>Pr\u00e4sident Blue Cross Brasilien<br \/>Mitglied des Netzwerkkomitees seit 2008<\/p>\n<p><a href=\"https:\/\/internationalbluecross.org\/wp-content\/uploads\/2026\/01\/Rolf-Hartmann_Register-of-interests.pdf\" target=\"_blank\" rel=\"noopener\">Interessenregister<\/a><\/p>\n<p>[\/et_pb_blurb][\/et_pb_column][et_pb_column type=&#8220;1_2&#8243; _builder_version=&#8220;4.16&#8243; _module_preset=&#8220;default&#8220; global_colors_info=&#8220;{}&#8220;][et_pb_blurb title=&#8220;Dan Kofoed Mansson&#8220; image=&#8220;https:\/\/mll3h1jyy9a5.i.optimole.com\/w:auto\/h:auto\/q:mauto\/ig:avif\/https:\/\/internationalbluecross.org\/wp-content\/uploads\/2025\/11\/Dan-Kofoed-Mansson-Denmark-2-scaled.jpeg&#8220; icon_placement=&#8220;left&#8220; image_icon_width=&#8220;180px&#8220; icon_placement_tablet=&#8220;left&#8220; icon_placement_phone=&#8220;top&#8220; icon_placement_last_edited=&#8220;on|phone&#8220; image_icon_width_tablet=&#8220;180px&#8220; image_icon_width_phone=&#8220;100%&#8220; image_icon_width_last_edited=&#8220;on|desktop&#8220; _builder_version=&#8220;4.27.4&#8243; _module_preset=&#8220;default&#8220; header_font=&#8220;|700|||||||&#8220; background_color=&#8220;#D2EEF9&#8243; min_height=&#8220;228px&#8220; custom_padding=&#8220;20px|10px|20px|10px|false|false&#8220; custom_padding_tablet=&#8220;20px|10px|20px|10px|false|false&#8220; custom_padding_phone=&#8220;20px|10px|20px|10px|false|false&#8220; custom_padding_last_edited=&#8220;on|phone&#8220; global_colors_info=&#8220;{}&#8220;]<\/p>\n<div>\n<div>\n<p>D\u00e4nemark<\/p>\n<\/div>\n<div>\n<p class=\"p1\">Vorsitzender von Blue Cross Denmark<\/p>\n<\/div>\n<div>\n<p>Mitglied des Netzwerkkomitees seit 2025<\/p>\n<\/div>\n<\/div>\n<p><a href=\"https:\/\/internationalbluecross.org\/wp-content\/uploads\/2025\/11\/Dan-Kofoed-Maansson-Register-of-interests-.pdf\" target=\"_blank\" rel=\"attachment wp-att-1550\">Interessenregister<\/a><\/p>\n<p>[\/et_pb_blurb][\/et_pb_column][\/et_pb_row][et_pb_row column_structure=&#8220;1_2,1_2&#8243; use_custom_gutter=&#8220;on&#8220; gutter_width=&#8220;2&#8243; _builder_version=&#8220;4.16&#8243; _module_preset=&#8220;default&#8220; custom_padding=&#8220;10px||||false|false&#8220; global_colors_info=&#8220;{}&#8220;][et_pb_column type=&#8220;1_2&#8243; _builder_version=&#8220;4.16&#8243; _module_preset=&#8220;default&#8220; global_colors_info=&#8220;{}&#8220;][et_pb_blurb title=&#8220;Ewa Duda&#8220; image=&#8220;https:\/\/internationalbluecross.org\/wp-content\/uploads\/2025\/11\/Ewa-Duda-Poland2&#8211;scaled.jpeg&#8220; icon_placement=&#8220;left&#8220; image_icon_width=&#8220;180px&#8220; icon_placement_tablet=&#8220;left&#8220; icon_placement_phone=&#8220;top&#8220; icon_placement_last_edited=&#8220;on|phone&#8220; image_icon_width_tablet=&#8220;180px&#8220; image_icon_width_phone=&#8220;100%&#8220; image_icon_width_last_edited=&#8220;on|desktop&#8220; _builder_version=&#8220;4.27.5&#8243; _module_preset=&#8220;default&#8220; header_font=&#8220;|700|||||||&#8220; background_color=&#8220;#D2EEF9&#8243; min_height=&#8220;228px&#8220; custom_margin=&#8220;||-1px|||&#8220; custom_padding=&#8220;20px|10px|20px|10px|false|false&#8220; custom_padding_tablet=&#8220;20px|10px|20px|10px|false|false&#8220; custom_padding_phone=&#8220;20px|10px|20px|10px|false|false&#8220; custom_padding_last_edited=&#8220;on|phone&#8220; global_colors_info=&#8220;{}&#8220;]<\/p>\n<div>\n<p>Polen<\/p>\n<\/div>\n<div>\n<p>Suchttherapeutin und Familienberaterin, Koordinatorin f\u00fcr \u00d6ffentlichkeitsarbeit bei Blue Cross Poland<\/p>\n<\/div>\n<div>\n<p>Mitglied des Netzwerkkomitees seit 2021<\/p>\n<\/div>\n<p><a href=\"https:\/\/internationalbluecross.org\/wp-content\/uploads\/2025\/11\/Ewa-Duda-Register-of-interests.pdf\" target=\"_blank\" rel=\"attachment noopener wp-att-1550\">Interessenregister<\/a><\/p>\n<p>[\/et_pb_blurb][\/et_pb_column][et_pb_column type=&#8220;1_2&#8243; _builder_version=&#8220;4.16&#8243; _module_preset=&#8220;default&#8220; global_colors_info=&#8220;{}&#8220;][et_pb_blurb title=&#8220;Mawouena Komlan Bohm &#8220; image=&#8220;https:\/\/mll3h1jyy9a5.i.optimole.com\/w:auto\/h:auto\/q:mauto\/ig:avif\/https:\/\/internationalbluecross.org\/wp-content\/uploads\/2025\/11\/Bohm-Mawoiena-Komlan-Togo-1-scaled.jpeg&#8220; icon_placement=&#8220;left&#8220; image_icon_width=&#8220;180px&#8220; icon_placement_tablet=&#8220;left&#8220; icon_placement_phone=&#8220;top&#8220; icon_placement_last_edited=&#8220;on|phone&#8220; image_icon_width_tablet=&#8220;180px&#8220; image_icon_width_phone=&#8220;100%&#8220; image_icon_width_last_edited=&#8220;on|desktop&#8220; _builder_version=&#8220;4.27.4&#8243; _module_preset=&#8220;default&#8220; header_font=&#8220;|700|||||||&#8220; background_color=&#8220;#D2EEF9&#8243; min_height=&#8220;228px&#8220; custom_margin=&#8220;||-1px|||&#8220; custom_padding=&#8220;20px|10px|5px|10px|false|false&#8220; custom_padding_tablet=&#8220;20px|10px|20px|10px|false|false&#8220; custom_padding_phone=&#8220;20px|10px|20px|10px|false|false&#8220; custom_padding_last_edited=&#8220;on|phone&#8220; global_colors_info=&#8220;{}&#8220;]<\/p>\n<div>\n<p class=\"p1\">Togo<\/p>\n<\/div>\n<div>\n<p class=\"p1\">Klinischer Psychologe und nationaler Koordinator f\u00fcr die Reduzierung der Drogennachfrage, Regierung von Togo<\/p>\n<\/div>\n<div>\n<p>Mitglied des Netzwerkkomitees seit 2025<\/p>\n<\/div>\n<p><a href=\"https:\/\/internationalbluecross.org\/wp-content\/uploads\/2025\/11\/Mawouena-K.-Bohm-_Register-of-interests.pdf\" target=\"_bank\" rel=\"attachment wp-att-1546\">Interessenregister<\/a><\/p>\n<p>[\/et_pb_blurb][\/et_pb_column][\/et_pb_row][et_pb_row column_structure=&#8220;1_2,1_2&#8243; use_custom_gutter=&#8220;on&#8220; gutter_width=&#8220;2&#8243; _builder_version=&#8220;4.16&#8243; _module_preset=&#8220;default&#8220; custom_padding=&#8220;10px||||false|false&#8220; global_colors_info=&#8220;{}&#8220;][et_pb_column type=&#8220;1_2&#8243; _builder_version=&#8220;4.16&#8243; _module_preset=&#8220;default&#8220; global_colors_info=&#8220;{}&#8220;][et_pb_blurb title=&#8220;Torbjoerg Aalborg&#8220; image=&#8220;https:\/\/internationalbluecross.org\/wp-content\/uploads\/2025\/11\/Torbjorn-Aalborg-Norway&#8211;scaled.jpeg&#8220; icon_placement=&#8220;left&#8220; image_icon_width=&#8220;180px&#8220; icon_placement_tablet=&#8220;left&#8220; icon_placement_phone=&#8220;top&#8220; icon_placement_last_edited=&#8220;on|phone&#8220; image_icon_width_tablet=&#8220;180px&#8220; image_icon_width_phone=&#8220;100%&#8220; image_icon_width_last_edited=&#8220;on|desktop&#8220; _builder_version=&#8220;4.27.4&#8243; _module_preset=&#8220;default&#8220; header_font=&#8220;|700|||||||&#8220; background_color=&#8220;#D2EEF9&#8243; min_height=&#8220;220px&#8220; custom_padding=&#8220;20px|10px|20px|10px|false|false&#8220; custom_padding_tablet=&#8220;20px|10px|20px|10px|false|false&#8220; custom_padding_phone=&#8220;20px|10px|20px|10px|false|false&#8220; custom_padding_last_edited=&#8220;on|phone&#8220; global_colors_info=&#8220;{}&#8220;]<\/p>\n<div>\n<p class=\"p1\">Norwegen<\/p>\n<\/div>\n<div>\n<p class=\"p1\">Pr\u00e4sidentin des Nationalen Vorstands des Norwegischen Blauen Kreuzes<\/p>\n<\/div>\n<div>\n<p>Mitglied des Netzwerkkomitees seit 2025<\/p>\n<\/div>\n<p class=\"p1\"><a href=\"https:\/\/internationalbluecross.org\/wp-content\/uploads\/2025\/11\/Torbjorg-Aalborg_Register-of-interests.pdf\" target=\"_blank\" rel=\"attachment wp-att-1563\">Interessenregister<\/a><\/p>\n<p>[\/et_pb_blurb][\/et_pb_column][et_pb_column type=&#8220;1_2&#8243; _builder_version=&#8220;4.16&#8243; _module_preset=&#8220;default&#8220; global_colors_info=&#8220;{}&#8220;][et_pb_blurb title=&#8220;Grace Tshegofatso Thudi&#8220; image=&#8220;https:\/\/mll3h1jyy9a5.i.optimole.com\/w:auto\/h:auto\/q:mauto\/ig:avif\/https:\/\/internationalbluecross.org\/wp-content\/uploads\/2025\/11\/Grace-Tshegofatso-Thudi-Botswana-2-scaled.jpeg&#8220; icon_placement=&#8220;left&#8220; image_icon_width=&#8220;180px&#8220; icon_placement_tablet=&#8220;left&#8220; icon_placement_phone=&#8220;top&#8220; icon_placement_last_edited=&#8220;on|phone&#8220; image_icon_width_tablet=&#8220;180px&#8220; image_icon_width_phone=&#8220;100%&#8220; image_icon_width_last_edited=&#8220;on|desktop&#8220; _builder_version=&#8220;4.27.4&#8243; _module_preset=&#8220;default&#8220; header_font=&#8220;|700|||||||&#8220; background_color=&#8220;#D2EEF9&#8243; min_height=&#8220;220px&#8220; custom_padding=&#8220;20px|10px|20px|10px|false|false&#8220; custom_padding_tablet=&#8220;20px|10px|20px|10px|false|false&#8220; custom_padding_phone=&#8220;20px|10px|20px|10px|false|false&#8220; custom_padding_last_edited=&#8220;on|phone&#8220; global_colors_info=&#8220;{}&#8220;]<\/p>\n<div>\n<p>Botswana<\/p>\n<\/div>\n<div>\n<p class=\"p1\">Generalsekret\u00e4r von Blue Cross Botswana<\/p>\n<\/div>\n<div>\n<p>Mitglied des Netzwerkkomitees seit 2025<\/p>\n<\/div>\n<p><a href=\"https:\/\/internationalbluecross.org\/wp-content\/uploads\/2025\/11\/Grace-Thudi_Register-of-interests.pdf\" target=\"_blank\" rel=\"attachment wp-att-1554\">Interessenregister<\/a>[\/et_pb_blurb][\/et_pb_column][\/et_pb_row][et_pb_row column_structure=&#8220;1_2,1_2&#8243; use_custom_gutter=&#8220;on&#8220; gutter_width=&#8220;2&#8243; _builder_version=&#8220;4.16&#8243; _module_preset=&#8220;default&#8220; custom_padding=&#8220;10px||||false|false&#8220; global_colors_info=&#8220;{}&#8220;][et_pb_column type=&#8220;1_2&#8243; _builder_version=&#8220;4.16&#8243; _module_preset=&#8220;default&#8220; global_colors_info=&#8220;{}&#8220;][et_pb_blurb title=&#8220;Patrick Acheampong&#8220; image=&#8220;https:\/\/mll3h1jyy9a5.i.optimole.com\/w:auto\/h:auto\/q:mauto\/ig:avif\/https:\/\/internationalbluecross.org\/wp-content\/uploads\/2025\/11\/Patrick-Adjei-Acheampong-Ghana-2-scaled.jpeg&#8220; icon_placement=&#8220;left&#8220; image_icon_width=&#8220;180px&#8220; icon_placement_tablet=&#8220;left&#8220; icon_placement_phone=&#8220;top&#8220; icon_placement_last_edited=&#8220;on|phone&#8220; image_icon_width_tablet=&#8220;180px&#8220; image_icon_width_phone=&#8220;100%&#8220; image_icon_width_last_edited=&#8220;on|desktop&#8220; _builder_version=&#8220;4.27.4&#8243; _module_preset=&#8220;default&#8220; header_font=&#8220;|700|||||||&#8220; background_color=&#8220;#D2EEF9&#8243; min_height=&#8220;220px&#8220; custom_padding=&#8220;20px|10px|20px|10px|false|false&#8220; custom_padding_tablet=&#8220;20px|10px|20px|10px|false|false&#8220; custom_padding_phone=&#8220;20px|10px|20px|10px|false|false&#8220; custom_padding_last_edited=&#8220;on|phone&#8220; global_colors_info=&#8220;{}&#8220;]<\/p>\n<p>Ghana<br \/>Generalsekret\u00e4r von Blue Cross Ghana<br \/>Mitglied des Netzwerkkomitees seit 2021<\/p>\n<p><a href=\"https:\/\/internationalbluecross.org\/wp-content\/uploads\/2025\/11\/Patrick-Adjei-Acheampomg_Register-of-interests.pdf\" target=\"_blank\" rel=\"attachment noopener wp-att-3450\">Interessenregister<\/a><\/p>\n<p>[\/et_pb_blurb][\/et_pb_column][et_pb_column type=&#8220;1_2&#8243; _builder_version=&#8220;4.16&#8243; _module_preset=&#8220;default&#8220; global_colors_info=&#8220;{}&#8220;][\/et_pb_column][\/et_pb_row][et_pb_row _builder_version=&#8220;4.16&#8243; _module_preset=&#8220;default&#8220; custom_padding=&#8220;||10px||false|false&#8220; global_colors_info=&#8220;{}&#8220;][et_pb_column type=&#8220;4_4&#8243; _builder_version=&#8220;4.16&#8243; _module_preset=&#8220;default&#8220; global_colors_info=&#8220;{}&#8220;][et_pb_text _builder_version=&#8220;4.22.1&#8243; _module_preset=&#8220;default&#8220; header_2_font_size=&#8220;30px&#8220; custom_margin=&#8220;||0px||false|false&#8220; custom_padding=&#8220;||||false|false&#8220; global_colors_info=&#8220;{}&#8220;]<\/p>\n<div class=\"hgroup\">\n<h2 class=\"as-h1\"><em><strong>Generalsekretariat<\/strong><\/em><\/h2>\n<\/div>\n<p>[\/et_pb_text][et_pb_text _builder_version=&#8220;4.16&#8243; _module_preset=&#8220;default&#8220; custom_padding=&#8220;0px||||false|false&#8220; global_colors_info=&#8220;{}&#8220;]<\/p>\n<p id=\"e3882\">Das Generalsekretariat von IBC koordiniert die Vernetzung mit den Mitgliedsorganisationen und unterst\u00fctzt diese bei Themen wie Programmumsetzung, Fundraising und strategischer Planung. Dar\u00fcber hinaus implementiert das Sekretariat umfassende Pr\u00e4ventionsprogramme mit lokalen Partnern und Mitgliedsorganisationen in Afrika. <\/p>\n<p id=\"e3883\">Der Hauptsitz des internationalen Sekretariats des International Blue Cross befindet sich in Bern, Schweiz.<\/p>\n<p>[\/et_pb_text][\/et_pb_column][\/et_pb_row][et_pb_row column_structure=&#8220;1_2,1_2&#8243; use_custom_gutter=&#8220;on&#8220; gutter_width=&#8220;2&#8243; _builder_version=&#8220;4.16&#8243; _module_preset=&#8220;default&#8220; min_height=&#8220;164.8px&#8220; custom_margin=&#8220;|auto|-28px|auto||&#8220; custom_padding=&#8220;10px||||false|false&#8220; global_colors_info=&#8220;{}&#8220;][et_pb_column type=&#8220;1_2&#8243; _builder_version=&#8220;4.16&#8243; _module_preset=&#8220;default&#8220; global_colors_info=&#8220;{}&#8220;][et_pb_blurb title=&#8220;Anne Babb&#8220; image=&#8220;https:\/\/mll3h1jyy9a5.i.optimole.com\/w:auto\/h:auto\/q:mauto\/ig:avif\/https:\/\/internationalbluecross.org\/wp-content\/uploads\/2026\/02\/Anne-picture-2-scaled.jpeg&#8220; icon_placement=&#8220;left&#8220; image_icon_width=&#8220;180px&#8220; icon_placement_tablet=&#8220;left&#8220; icon_placement_phone=&#8220;top&#8220; icon_placement_last_edited=&#8220;on|phone&#8220; image_icon_width_tablet=&#8220;180px&#8220; image_icon_width_phone=&#8220;100%&#8220; image_icon_width_last_edited=&#8220;on|desktop&#8220; _builder_version=&#8220;4.27.6&#8243; _module_preset=&#8220;default&#8220; header_font=&#8220;|700|||||||&#8220; background_color=&#8220;#D2EEF9&#8243; min_height=&#8220;176px&#8220; custom_padding=&#8220;20px|10px|20px|10px|false|false&#8220; custom_padding_tablet=&#8220;20px|10px|20px|10px|false|false&#8220; custom_padding_phone=&#8220;20px|10px|20px|10px|false|false&#8220; custom_padding_last_edited=&#8220;on|phone&#8220; global_colors_info=&#8220;{}&#8220;]<\/p>\n<p>Finnland<br \/>Generalsekret\u00e4rin<\/p>\n<p>[\/et_pb_blurb][\/et_pb_column][et_pb_column type=&#8220;1_2&#8243; _builder_version=&#8220;4.16&#8243; _module_preset=&#8220;default&#8220; global_colors_info=&#8220;{}&#8220;][et_pb_blurb title=&#8220;Katrin Schmidt&#8220; image=&#8220;https:\/\/mll3h1jyy9a5.i.optimole.com\/w:auto\/h:auto\/q:mauto\/ig:avif\/https:\/\/internationalbluecross.org\/wp-content\/uploads\/2022\/02\/600M-KatrinSchmidt.jpg&#8220; icon_placement=&#8220;left&#8220; image_icon_width=&#8220;180px&#8220; icon_placement_tablet=&#8220;left&#8220; icon_placement_phone=&#8220;top&#8220; icon_placement_last_edited=&#8220;on|phone&#8220; image_icon_width_tablet=&#8220;180px&#8220; image_icon_width_phone=&#8220;100%&#8220; image_icon_width_last_edited=&#8220;on|desktop&#8220; _builder_version=&#8220;4.27.5&#8243; _module_preset=&#8220;default&#8220; header_font=&#8220;|700|||||||&#8220; background_color=&#8220;#D2EEF9&#8243; min_height=&#8220;176px&#8220; custom_padding=&#8220;20px|10px|20px|10px|false|false&#8220; custom_padding_tablet=&#8220;20px|10px|20px|10px|false|false&#8220; custom_padding_phone=&#8220;20px|10px|20px|10px|false|false&#8220; custom_padding_last_edited=&#8220;on|phone&#8220; global_colors_info=&#8220;{}&#8220;]Schweiz<br \/>\nFinanzverantwortliche[\/et_pb_blurb][\/et_pb_column][\/et_pb_row][et_pb_row column_structure=&#8220;1_2,1_2&#8243; use_custom_gutter=&#8220;on&#8220; gutter_width=&#8220;2&#8243; _builder_version=&#8220;4.16&#8243; _module_preset=&#8220;default&#8220; min_height=&#8220;226px&#8220; custom_margin=&#8220;18px|auto||auto||&#8220; custom_padding=&#8220;10px||9px||false|false&#8220; global_colors_info=&#8220;{}&#8220;][et_pb_column type=&#8220;1_2&#8243; _builder_version=&#8220;4.16&#8243; _module_preset=&#8220;default&#8220; global_colors_info=&#8220;{}&#8220;][et_pb_blurb title=&#8220;Flavia Ganarin&#8220; image=&#8220;https:\/\/mll3h1jyy9a5.i.optimole.com\/w:auto\/h:auto\/q:mauto\/ig:avif\/https:\/\/internationalbluecross.org\/wp-content\/uploads\/2026\/03\/Flavia-Ganarin_Picture.jpeg&#8220; icon_placement=&#8220;left&#8220; image_icon_width=&#8220;180px&#8220; icon_placement_tablet=&#8220;left&#8220; icon_placement_phone=&#8220;top&#8220; icon_placement_last_edited=&#8220;on|phone&#8220; image_icon_width_tablet=&#8220;180px&#8220; image_icon_width_phone=&#8220;100%&#8220; image_icon_width_last_edited=&#8220;on|desktop&#8220; _builder_version=&#8220;4.27.6&#8243; _module_preset=&#8220;default&#8220; header_font=&#8220;|700|||||||&#8220; background_color=&#8220;#D2EEF9&#8243; min_height=&#8220;176px&#8220; custom_padding=&#8220;20px|10px|20px|10px|false|false&#8220; custom_padding_tablet=&#8220;20px|10px|20px|10px|false|false&#8220; custom_padding_phone=&#8220;20px|10px|20px|10px|false|false&#8220; custom_padding_last_edited=&#8220;on|phone&#8220; hover_enabled=&#8220;0&#8243; global_colors_info=&#8220;{}&#8220; sticky_enabled=&#8220;0&#8243;]<\/p>\n<p>Schweiz<br \/>Programmleiterin<\/p>\n<p>[\/et_pb_blurb][\/et_pb_column][et_pb_column type=&#8220;1_2&#8243; _builder_version=&#8220;4.16&#8243; _module_preset=&#8220;default&#8220; global_colors_info=&#8220;{}&#8220;][et_pb_blurb title=&#8220;Julian Sterling&#8220; image=&#8220;https:\/\/mll3h1jyy9a5.i.optimole.com\/w:auto\/h:auto\/q:mauto\/ig:avif\/https:\/\/internationalbluecross.org\/wp-content\/uploads\/2023\/09\/Julian.jpg&#8220; icon_placement=&#8220;left&#8220; image_icon_width=&#8220;180px&#8220; icon_placement_tablet=&#8220;left&#8220; icon_placement_phone=&#8220;top&#8220; icon_placement_last_edited=&#8220;on|phone&#8220; image_icon_width_tablet=&#8220;180px&#8220; image_icon_width_phone=&#8220;100%&#8220; image_icon_width_last_edited=&#8220;on|desktop&#8220; _builder_version=&#8220;4.27.4&#8243; _module_preset=&#8220;default&#8220; header_font=&#8220;|700|||||||&#8220; background_color=&#8220;#D2EEF9&#8243; min_height=&#8220;176px&#8220; custom_padding=&#8220;20px|10px|20px|10px|false|false&#8220; custom_padding_tablet=&#8220;20px|10px|20px|10px|false|false&#8220; custom_padding_phone=&#8220;20px|10px|20px|10px|false|false&#8220; custom_padding_last_edited=&#8220;on|phone&#8220; global_colors_info=&#8220;{}&#8220;]<\/p>\n<p>Schweiz<br \/>Spendenaktionen &amp; Programme<\/p>\n<p>[\/et_pb_blurb][\/et_pb_column][\/et_pb_row][et_pb_row column_structure=&#8220;1_2,1_2&#8243; use_custom_gutter=&#8220;on&#8220; gutter_width=&#8220;2&#8243; _builder_version=&#8220;4.16&#8243; _module_preset=&#8220;default&#8220; custom_margin=&#8220;-16px|auto||auto||&#8220; custom_padding=&#8220;10px||17px||false|false&#8220; global_colors_info=&#8220;{}&#8220;][et_pb_column type=&#8220;1_2&#8243; _builder_version=&#8220;4.16&#8243; _module_preset=&#8220;default&#8220; global_colors_info=&#8220;{}&#8220;][et_pb_blurb title=&#8220;Jonas Graf&#8220; image=&#8220;https:\/\/mll3h1jyy9a5.i.optimole.com\/w:auto\/h:auto\/q:mauto\/ig:avif\/https:\/\/internationalbluecross.org\/wp-content\/uploads\/2026\/03\/IMG_6815-scaled.jpeg&#8220; icon_placement=&#8220;left&#8220; image_icon_width=&#8220;180px&#8220; icon_placement_tablet=&#8220;left&#8220; icon_placement_phone=&#8220;top&#8220; icon_placement_last_edited=&#8220;on|phone&#8220; image_icon_width_tablet=&#8220;180px&#8220; image_icon_width_phone=&#8220;100%&#8220; image_icon_width_last_edited=&#8220;on|desktop&#8220; _builder_version=&#8220;4.27.6&#8243; _module_preset=&#8220;default&#8220; header_font=&#8220;|700|||||||&#8220; background_color=&#8220;#D2EEF9&#8243; min_height=&#8220;176px&#8220; custom_padding=&#8220;20px|10px|20px|10px|false|false&#8220; custom_padding_tablet=&#8220;20px|10px|20px|10px|false|false&#8220; custom_padding_phone=&#8220;20px|10px|20px|10px|false|false&#8220; custom_padding_last_edited=&#8220;on|phone&#8220; global_colors_info=&#8220;{}&#8220;]<\/p>\n<p>Schweiz<br \/>Assistent Fundraising &amp; Kommunikation<\/p>\n<p>[\/et_pb_blurb][\/et_pb_column][et_pb_column type=&#8220;1_2&#8243; _builder_version=&#8220;4.16&#8243; _module_preset=&#8220;default&#8220; global_colors_info=&#8220;{}&#8220;][et_pb_blurb title=&#8220;Mirjam Schmitz&#8220; image=&#8220;https:\/\/mll3h1jyy9a5.i.optimole.com\/w:auto\/h:auto\/q:mauto\/ig:avif\/https:\/\/internationalbluecross.org\/wp-content\/uploads\/2026\/03\/IMG_6823-scaled.jpeg&#8220; icon_placement=&#8220;left&#8220; image_icon_width=&#8220;180px&#8220; icon_placement_tablet=&#8220;left&#8220; icon_placement_phone=&#8220;top&#8220; icon_placement_last_edited=&#8220;on|phone&#8220; image_icon_width_tablet=&#8220;180px&#8220; image_icon_width_phone=&#8220;100%&#8220; image_icon_width_last_edited=&#8220;on|desktop&#8220; _builder_version=&#8220;4.27.6&#8243; _module_preset=&#8220;default&#8220; header_font=&#8220;|700|||||||&#8220; background_color=&#8220;#D2EEF9&#8243; min_height=&#8220;176px&#8220; custom_padding=&#8220;20px|10px|20px|10px|false|false&#8220; custom_padding_tablet=&#8220;20px|10px|20px|10px|false|false&#8220; custom_padding_phone=&#8220;20px|10px|20px|10px|false|false&#8220; custom_padding_last_edited=&#8220;on|phone&#8220; global_colors_info=&#8220;{}&#8220;]<\/p>\n<p>Schweiz<br \/>Programmbeauftragte<\/p>\n<p>[\/et_pb_blurb][\/et_pb_column][\/et_pb_row][et_pb_row column_structure=&#8220;1_2,1_2&#8243; use_custom_gutter=&#8220;on&#8220; gutter_width=&#8220;2&#8243; _builder_version=&#8220;4.16&#8243; _module_preset=&#8220;default&#8220; custom_padding=&#8220;10px||||false|false&#8220; global_colors_info=&#8220;{}&#8220;][et_pb_column type=&#8220;1_2&#8243; _builder_version=&#8220;4.16&#8243; _module_preset=&#8220;default&#8220; global_colors_info=&#8220;{}&#8220;][et_pb_blurb title=&#8220;Ediomo-Ubong Ekpo Nelson&#8220; image=&#8220;https:\/\/mll3h1jyy9a5.i.optimole.com\/w:auto\/h:auto\/q:mauto\/ig:avif\/https:\/\/internationalbluecross.org\/wp-content\/uploads\/2022\/02\/600M-Photograph.jpg&#8220; icon_placement=&#8220;left&#8220; image_icon_width=&#8220;180px&#8220; icon_placement_tablet=&#8220;left&#8220; icon_placement_phone=&#8220;top&#8220; icon_placement_last_edited=&#8220;on|phone&#8220; image_icon_width_tablet=&#8220;180px&#8220; image_icon_width_phone=&#8220;100%&#8220; image_icon_width_last_edited=&#8220;on|desktop&#8220; _builder_version=&#8220;4.27.4&#8243; _module_preset=&#8220;default&#8220; header_font=&#8220;|700|||||||&#8220; background_color=&#8220;#D2EEF9&#8243; min_height=&#8220;176px&#8220; custom_padding=&#8220;20px|10px|20px|10px|false|false&#8220; custom_padding_tablet=&#8220;20px|10px|20px|10px|false|false&#8220; custom_padding_phone=&#8220;20px|10px|20px|10px|false|false&#8220; custom_padding_last_edited=&#8220;on|phone&#8220; global_colors_info=&#8220;{}&#8220;]<\/p>\n<p>Nigeria<br \/>Beauftragter f\u00fcr Alkohol- und Drogenpolitik<\/p>\n<p>[\/et_pb_blurb][\/et_pb_column][et_pb_column type=&#8220;1_2&#8243; _builder_version=&#8220;4.16&#8243; _module_preset=&#8220;default&#8220; global_colors_info=&#8220;{}&#8220;][et_pb_blurb title=&#8220; Anna Lozko &#8220; image=&#8220;https:\/\/mll3h1jyy9a5.i.optimole.com\/w:auto\/h:auto\/q:mauto\/ig:avif\/https:\/\/internationalbluecross.org\/wp-content\/uploads\/2026\/03\/IMG_6839-scaled.jpeg&#8220; icon_placement=&#8220;left&#8220; image_icon_width=&#8220;180px&#8220; icon_placement_tablet=&#8220;left&#8220; icon_placement_phone=&#8220;top&#8220; icon_placement_last_edited=&#8220;on|phone&#8220; image_icon_width_tablet=&#8220;180px&#8220; image_icon_width_phone=&#8220;100%&#8220; image_icon_width_last_edited=&#8220;on|desktop&#8220; _builder_version=&#8220;4.27.6&#8243; _module_preset=&#8220;default&#8220; header_font=&#8220;|700|||||||&#8220; background_color=&#8220;#D2EEF9&#8243; min_height=&#8220;176px&#8220; custom_padding=&#8220;20px|10px|20px|10px|false|false&#8220; custom_padding_tablet=&#8220;20px|10px|20px|10px|false|false&#8220; custom_padding_phone=&#8220;20px|10px|20px|10px|false|false&#8220; custom_padding_last_edited=&#8220;on|phone&#8220; global_colors_info=&#8220;{}&#8220;]<\/p>\n<div>\n<p>Schweiz<\/p>\n<\/div>\n<div>\n<p>Praktikantin f\u00fcr PR, Kommunikation und Fundraising<\/p>\n<\/div>\n<p>&nbsp;<\/p>\n<div>\u00a0<\/div>\n<p>[\/et_pb_blurb][\/et_pb_column][\/et_pb_row][\/et_pb_section][et_pb_section fb_built=&#8220;1&#8243; _builder_version=&#8220;4.16&#8243; _module_preset=&#8220;default&#8220; background_color=&#8220;#f0f0f0&#8243; custom_padding=&#8220;20px||20px||false|false&#8220; global_colors_info=&#8220;{}&#8220;][et_pb_row _builder_version=&#8220;4.16&#8243; _module_preset=&#8220;default&#8220; custom_padding=&#8220;||10px||false|false&#8220; global_colors_info=&#8220;{}&#8220;][et_pb_column type=&#8220;4_4&#8243; _builder_version=&#8220;4.16&#8243; _module_preset=&#8220;default&#8220; global_colors_info=&#8220;{}&#8220;][et_pb_text _builder_version=&#8220;4.16&#8243; _module_preset=&#8220;default&#8220; header_2_font_size=&#8220;30px&#8220; global_colors_info=&#8220;{}&#8220;]<\/p>\n<div class=\"hgroup\">\n<h1 class=\"as-h1\"><em><strong>Mitglieder<\/strong><\/em><\/h1>\n<\/div>\n<p>[\/et_pb_text][\/et_pb_column][\/et_pb_row][et_pb_row column_structure=&#8220;3_5,2_5&#8243; use_custom_gutter=&#8220;on&#8220; gutter_width=&#8220;2&#8243; _builder_version=&#8220;4.16&#8243; _module_preset=&#8220;default&#8220; custom_padding=&#8220;10px||||false|false&#8220; global_colors_info=&#8220;{}&#8220;][et_pb_column type=&#8220;3_5&#8243; _builder_version=&#8220;4.16&#8243; _module_preset=&#8220;default&#8220; global_colors_info=&#8220;{}&#8220;][et_pb_text _builder_version=&#8220;4.16&#8243; _module_preset=&#8220;default&#8220; global_colors_info=&#8220;{}&#8220;]<\/p>\n<p id=\"Elemente2628\">International Blue Cross als nichtstaatlicher Dachverband vertritt die Arbeit der rund 40 nationalen Mitgliedsorganisationen auf internationaler Ebene. Die Mitglieder sind allesamt unabh\u00e4ngige, nicht konfessionelle christliche Organisationen, die sich dem Auftrag der Blaukreuz-Bewegung verschrieben haben, wie er in der Vision und Mission von IBC zum Ausdruck kommt. Dies gem\u00e4ss den festgelegten berufsethischen Standards und den Grundwerten des Blauen Kreuzes &#8211; <strong>Respekt, W\u00fcrde, Solidarit\u00e4t, Einbeziehung und F\u00fcrsorge f\u00fcr andere.<\/strong><\/p>\n<p id=\"Elemente2629\">Alle nationalen Mitgliedsorganisationen des Blauen Kreuzes m\u00fcssen sich an eine Reihe von Mitgliedschaftskriterien halten, die von der Generalversammlung beschlossen wurden. Diese Kriterien umfassen:<\/p>\n<ul id=\"Elemente2630\" class=\"list-plus\">\n<li>Organisatorischer Aufbau und Information<\/li>\n<li>Organisationsf\u00fchrung<\/li>\n<li>Werte und Ethik<\/li>\n<li>Standards f\u00fcr Management, soziale Entwicklung und berufliche Praxis<\/li>\n<li>Zahlung der Mitgliedsbeitr\u00e4ge<\/li>\n<li>Verpflichtungen gegen\u00fcber anderen Mitgliedern des Blauen Kreuzes auf regionaler und internationaler Ebene<\/li>\n<\/ul>\n<p id=\"Elemente2631\">Von den nationalen Mitgliedsorganisationen des Blauen Kreuzes wird erwartet, dass sie bereits bestehen, bevor sie die Mitgliedschaft beantragen, oder dass sie sich rasch zu lokal verantwortlichen und sich selbst tragenden Organisationen entwickeln. Dies bedeutet, dass sie nicht nur \u00fcber eine lokale Mitgliederbasis verf\u00fcgen, sondern auch tragf\u00e4hige Aktivit\u00e4ten durchf\u00fchren m\u00fcssen, die zur Bew\u00e4ltigung von Problemen im Zusammenhang mit alkohol- und drogenbedingten Sch\u00e4den beitragen. <\/p>\n<p id=\"Elemente2632\">Die Aufnahmegesuche werden vom Sekretariat entgegengenommen, zweimal j\u00e4hrlich durchgesehen und nach ersten Abkl\u00e4rungen dem Vorstand von IBC zur Pr\u00fcfung, Annahme oder Ablehnung vorgelegt.<\/p>\n<p>[\/et_pb_text][\/et_pb_column][et_pb_column type=&#8220;2_5&#8243; _builder_version=&#8220;4.16&#8243; _module_preset=&#8220;default&#8220; global_colors_info=&#8220;{}&#8220;][et_pb_blurb title=&#8220;Kontakt f\u00fcr weitere Informationen: office@internationalbluecross.org&#8220; _builder_version=&#8220;4.27.4&#8243; _module_preset=&#8220;default&#8220; header_line_height=&#8220;1.4em&#8220; background_color=&#8220;#e3e3e3&#8243; custom_padding=&#8220;15px|10px|10px|10px|false|false&#8220; locked=&#8220;off&#8220; global_colors_info=&#8220;{}&#8220;][\/et_pb_blurb][\/et_pb_column][\/et_pb_row][et_pb_row _builder_version=&#8220;4.16&#8243; _module_preset=&#8220;default&#8220; global_colors_info=&#8220;{}&#8220;][et_pb_column type=&#8220;4_4&#8243; _builder_version=&#8220;4.16&#8243; _module_preset=&#8220;default&#8220; global_colors_info=&#8220;{}&#8220;][et_pb_divider _builder_version=&#8220;4.16&#8243; _module_preset=&#8220;default&#8220; global_colors_info=&#8220;{}&#8220;][\/et_pb_divider][\/et_pb_column][\/et_pb_row][et_pb_row column_structure=&#8220;1_2,1_2&#8243; _builder_version=&#8220;4.16&#8243; _module_preset=&#8220;default&#8220; global_colors_info=&#8220;{}&#8220;][et_pb_column type=&#8220;1_2&#8243; _builder_version=&#8220;4.16&#8243; _module_preset=&#8220;default&#8220; global_colors_info=&#8220;{}&#8220;][et_pb_blurb title=&#8220;Nationale Mitgliedsorganisationen&#8220; icon_placement=&#8220;left&#8220; _builder_version=&#8220;4.27.4&#8243; _dynamic_attributes=&#8220;link_option_url&#8220; _module_preset=&#8220;default&#8220; header_text_color=&#8220;#145ba6&#8243; custom_margin=&#8220;||0px||false|false&#8220; link_option_url=&#8220;@ET-DC@eyJkeW5hbWljIjp0cnVlLCJjb250ZW50IjoicG9zdF9saW5rX3VybF9wYWdlIiwic2V0dGluZ3MiOnsicG9zdF9pZCI6IjM1OSIsImVuYWJsZV9odG1sIjoib2ZmIn19@&#8220; locked=&#8220;off&#8220; global_colors_info=&#8220;{}&#8220;][\/et_pb_blurb][et_pb_button button_url=&#8220;@ET-DC@eyJkeW5hbWljIjp0cnVlLCJjb250ZW50IjoicG9zdF9saW5rX3VybF9wYWdlIiwic2V0dGluZ3MiOnsicG9zdF9pZCI6IjM1OSIsImVuYWJsZV9odG1sIjoib2ZmIn19@&#8220; button_text=&#8220;mehr Informationen&#8220; _builder_version=&#8220;4.16&#8243; _dynamic_attributes=&#8220;button_url&#8220; _module_preset=&#8220;default&#8220; custom_button=&#8220;on&#8220; button_text_size=&#8220;16px&#8220; button_text_color=&#8220;#135ba6&#8243; button_bg_color=&#8220;RGBA(255,255,255,0)&#8220; button_border_width=&#8220;0px&#8220; button_font=&#8220;|600|||||||&#8220; button_icon=&#8220;&#xf0a9;||fa||900&#8243; button_icon_color=&#8220;#135ba6&#8243; button_icon_placement=&#8220;left&#8220; button_on_hover=&#8220;off&#8220; global_colors_info=&#8220;{}&#8220;][\/et_pb_button][\/et_pb_column][et_pb_column type=&#8220;1_2&#8243; _builder_version=&#8220;4.16&#8243; _module_preset=&#8220;default&#8220; global_colors_info=&#8220;{}&#8220;][et_pb_blurb title=&#8220;Nationale Jugendorganisationen des Blauen Kreuzes&#8220; icon_placement=&#8220;left&#8220; _builder_version=&#8220;4.27.4&#8243; _dynamic_attributes=&#8220;link_option_url&#8220; _module_preset=&#8220;default&#8220; header_text_color=&#8220;#145ba6&#8243; custom_margin=&#8220;||0px||false|false&#8220; link_option_url=&#8220;@ET-DC@eyJkeW5hbWljIjp0cnVlLCJjb250ZW50IjoicG9zdF9saW5rX3VybF9wYWdlIiwic2V0dGluZ3MiOnsicG9zdF9pZCI6IjM1NSIsImVuYWJsZV9odG1sIjoib2ZmIn19@&#8220; locked=&#8220;off&#8220; global_colors_info=&#8220;{}&#8220;][\/et_pb_blurb][et_pb_button button_url=&#8220;@ET-DC@eyJkeW5hbWljIjp0cnVlLCJjb250ZW50IjoicG9zdF9saW5rX3VybF9wYWdlIiwic2V0dGluZ3MiOnsicG9zdF9pZCI6IjM1NSIsImVuYWJsZV9odG1sIjoib2ZmIn19@&#8220; button_text=&#8220;mehr Informationen&#8220; _builder_version=&#8220;4.16&#8243; _dynamic_attributes=&#8220;button_url&#8220; _module_preset=&#8220;default&#8220; custom_button=&#8220;on&#8220; button_text_size=&#8220;16px&#8220; button_text_color=&#8220;#135ba6&#8243; button_bg_color=&#8220;RGBA(255,255,255,0)&#8220; button_border_width=&#8220;0px&#8220; button_font=&#8220;|600|||||||&#8220; button_icon=&#8220;&#xf0a9;||fa||900&#8243; button_icon_color=&#8220;#135ba6&#8243; button_icon_placement=&#8220;left&#8220; button_on_hover=&#8220;off&#8220; global_colors_info=&#8220;{}&#8220;][\/et_pb_button][\/et_pb_column][\/et_pb_row][\/et_pb_section]<\/p>\n","protected":false},"excerpt":{"rendered":"<p>IBC auf einen Blick In vielen L\u00e4ndern behindert der sch\u00e4dliche Konsum von Alkohol und anderen Drogen eine nachhaltige soziale und wirtschaftliche Entwicklung. Menschen leben in prek\u00e4ren Verh\u00e4ltnissen, sind arbeitslos und ohne Perspektive. International Blue Cross (IBC) setzt sich daher daf\u00fcr ein, die negativen Auswirkungen des Alkohol- und anderen Drogenkonsums weltweit zu reduzieren und ein konstruktives [&hellip;]<\/p>\n","protected":false},"author":2,"featured_media":0,"parent":0,"menu_order":0,"comment_status":"closed","ping_status":"closed","template":"","meta":{"give_campaign_id":0,"_et_pb_use_builder":"on","_et_pb_old_content":"","_et_gb_content_width":"","footnotes":""},"class_list":["post-2232","page","type-page","status-publish","hentry"],"yoast_head":"<!-- This site is optimized with the Yoast SEO plugin v27.5 - https:\/\/yoast.com\/product\/yoast-seo-wordpress\/ -->\n<title>\u00dcber uns - International Blue Cross<\/title>\n<meta name=\"robots\" content=\"index, follow, max-snippet:-1, max-image-preview:large, max-video-preview:-1\" \/>\n<link rel=\"canonical\" href=\"https:\/\/internationalbluecross.org\/de\/uber-uns\/\" \/>\n<meta property=\"og:locale\" content=\"de_DE\" \/>\n<meta property=\"og:type\" content=\"article\" \/>\n<meta property=\"og:title\" content=\"\u00dcber uns - International Blue Cross\" \/>\n<meta property=\"og:description\" content=\"IBC auf einen Blick In vielen L\u00e4ndern behindert der sch\u00e4dliche Konsum von Alkohol und anderen Drogen eine nachhaltige soziale und wirtschaftliche Entwicklung. Menschen leben in prek\u00e4ren Verh\u00e4ltnissen, sind arbeitslos und ohne Perspektive. International Blue Cross (IBC) setzt sich daher daf\u00fcr ein, die negativen Auswirkungen des Alkohol- und anderen Drogenkonsums weltweit zu reduzieren und ein konstruktives [&hellip;]\" \/>\n<meta property=\"og:url\" content=\"https:\/\/internationalbluecross.org\/de\/uber-uns\/\" \/>\n<meta property=\"og:site_name\" content=\"International Blue Cross\" \/>\n<meta property=\"article:publisher\" content=\"https:\/\/www.facebook.com\/InternationalBlueCross\" \/>\n<meta property=\"article:modified_time\" content=\"2026-03-24T13:25:35+00:00\" \/>\n<meta property=\"og:image\" content=\"https:\/\/mll3h1jyy9a5.i.optimole.com\/w:auto\/h:auto\/q:mauto\/ig:avif\/https:\/\/internationalbluecross.org\/wp-content\/uploads\/2022\/01\/2000H-title-picture2.jpg\" \/>\n\t<meta property=\"og:image:width\" content=\"2000\" \/>\n\t<meta property=\"og:image:height\" content=\"1500\" \/>\n\t<meta property=\"og:image:type\" content=\"image\/jpeg\" \/>\n<meta name=\"twitter:card\" content=\"summary_large_image\" \/>\n<meta name=\"twitter:site\" content=\"@BlueCrossTweets\" \/>\n<meta name=\"twitter:label1\" content=\"Gesch\u00e4tzte Lesezeit\" \/>\n\t<meta name=\"twitter:data1\" content=\"11\u00a0Minuten\" \/>\n<script type=\"application\/ld+json\" class=\"yoast-schema-graph\">{\"@context\":\"https:\\\/\\\/schema.org\",\"@graph\":[{\"@type\":\"WebPage\",\"@id\":\"https:\\\/\\\/internationalbluecross.org\\\/de\\\/uber-uns\\\/\",\"url\":\"https:\\\/\\\/internationalbluecross.org\\\/de\\\/uber-uns\\\/\",\"name\":\"\u00dcber uns - International Blue Cross\",\"isPartOf\":{\"@id\":\"https:\\\/\\\/internationalbluecross.org\\\/de\\\/#website\"},\"primaryImageOfPage\":{\"@id\":\"https:\\\/\\\/internationalbluecross.org\\\/de\\\/uber-uns\\\/#primaryimage\"},\"image\":{\"@id\":\"https:\\\/\\\/internationalbluecross.org\\\/de\\\/uber-uns\\\/#primaryimage\"},\"thumbnailUrl\":\"https:\\/\\/internationalbluecross.org\\/wp-content\\/uploads\\/2022\\/01\\/2000H-title-picture2-1024x768.jpg\",\"datePublished\":\"2022-02-03T14:18:58+00:00\",\"dateModified\":\"2026-03-24T13:25:35+00:00\",\"breadcrumb\":{\"@id\":\"https:\\\/\\\/internationalbluecross.org\\\/de\\\/uber-uns\\\/#breadcrumb\"},\"inLanguage\":\"de\",\"potentialAction\":[{\"@type\":\"ReadAction\",\"target\":[\"https:\\\/\\\/internationalbluecross.org\\\/de\\\/uber-uns\\\/\"]}]},{\"@type\":\"ImageObject\",\"inLanguage\":\"de\",\"@id\":\"https:\\\/\\\/internationalbluecross.org\\\/de\\\/uber-uns\\\/#primaryimage\",\"url\":\"https:\\/\\/internationalbluecross.org\\/wp-content\\/uploads\\/2022\\/01\\/2000H-title-picture2-1024x768.jpg\",\"contentUrl\":\"https:\\/\\/internationalbluecross.org\\/wp-content\\/uploads\\/2022\\/01\\/2000H-title-picture2-1024x768.jpg\"},{\"@type\":\"BreadcrumbList\",\"@id\":\"https:\\\/\\\/internationalbluecross.org\\\/de\\\/uber-uns\\\/#breadcrumb\",\"itemListElement\":[{\"@type\":\"ListItem\",\"position\":1,\"name\":\"Home\",\"item\":\"https:\\\/\\\/internationalbluecross.org\\\/de\\\/\"},{\"@type\":\"ListItem\",\"position\":2,\"name\":\"\u00dcber uns\"}]},{\"@type\":\"WebSite\",\"@id\":\"https:\\\/\\\/internationalbluecross.org\\\/de\\\/#website\",\"url\":\"https:\\\/\\\/internationalbluecross.org\\\/de\\\/\",\"name\":\"International Blue Cross\",\"description\":\"Protecting People from being harmed by Alcohol and Drugs\",\"publisher\":{\"@id\":\"https:\\\/\\\/internationalbluecross.org\\\/de\\\/#organization\"},\"potentialAction\":[{\"@type\":\"SearchAction\",\"target\":{\"@type\":\"EntryPoint\",\"urlTemplate\":\"https:\\\/\\\/internationalbluecross.org\\\/de\\\/?s={search_term_string}\"},\"query-input\":{\"@type\":\"PropertyValueSpecification\",\"valueRequired\":true,\"valueName\":\"search_term_string\"}}],\"inLanguage\":\"de\"},{\"@type\":\"Organization\",\"@id\":\"https:\\\/\\\/internationalbluecross.org\\\/de\\\/#organization\",\"name\":\"International Blue Cross\",\"url\":\"https:\\\/\\\/internationalbluecross.org\\\/de\\\/\",\"logo\":{\"@type\":\"ImageObject\",\"inLanguage\":\"de\",\"@id\":\"https:\\\/\\\/internationalbluecross.org\\\/de\\\/#\\\/schema\\\/logo\\\/image\\\/\",\"url\":\"https:\\/\\/internationalbluecross.org\\/wp-content\\/uploads\\/2022\\/08\\/logo-donations-thanks-sm.jpg\",\"contentUrl\":\"https:\\/\\/internationalbluecross.org\\/wp-content\\/uploads\\/2022\\/08\\/logo-donations-thanks-sm.jpg\",\"width\":680,\"height\":400,\"caption\":\"International Blue Cross\"},\"image\":{\"@id\":\"https:\\\/\\\/internationalbluecross.org\\\/de\\\/#\\\/schema\\\/logo\\\/image\\\/\"},\"sameAs\":[\"https:\\\/\\\/www.facebook.com\\\/InternationalBlueCross\",\"https:\\\/\\\/x.com\\\/BlueCrossTweets\"]}]}<\/script>\n<!-- \/ Yoast SEO plugin. -->","yoast_head_json":{"title":"\u00dcber uns - International Blue Cross","robots":{"index":"index","follow":"follow","max-snippet":"max-snippet:-1","max-image-preview":"max-image-preview:large","max-video-preview":"max-video-preview:-1"},"canonical":"https:\/\/internationalbluecross.org\/de\/uber-uns\/","og_locale":"de_DE","og_type":"article","og_title":"\u00dcber uns - International Blue Cross","og_description":"IBC auf einen Blick In vielen L\u00e4ndern behindert der sch\u00e4dliche Konsum von Alkohol und anderen Drogen eine nachhaltige soziale und wirtschaftliche Entwicklung. Menschen leben in prek\u00e4ren Verh\u00e4ltnissen, sind arbeitslos und ohne Perspektive. International Blue Cross (IBC) setzt sich daher daf\u00fcr ein, die negativen Auswirkungen des Alkohol- und anderen Drogenkonsums weltweit zu reduzieren und ein konstruktives [&hellip;]","og_url":"https:\/\/internationalbluecross.org\/de\/uber-uns\/","og_site_name":"International Blue Cross","article_publisher":"https:\/\/www.facebook.com\/InternationalBlueCross","article_modified_time":"2026-03-24T13:25:35+00:00","og_image":[{"width":2000,"height":1500,"url":"https:\/\/mll3h1jyy9a5.i.optimole.com\/w:auto\/h:auto\/q:mauto\/ig:avif\/https:\/\/internationalbluecross.org\/wp-content\/uploads\/2022\/01\/2000H-title-picture2.jpg","type":"image\/jpeg"}],"twitter_card":"summary_large_image","twitter_site":"@BlueCrossTweets","twitter_misc":{"Gesch\u00e4tzte Lesezeit":"11\u00a0Minuten"},"schema":{"@context":"https:\/\/schema.org","@graph":[{"@type":"WebPage","@id":"https:\/\/internationalbluecross.org\/de\/uber-uns\/","url":"https:\/\/internationalbluecross.org\/de\/uber-uns\/","name":"\u00dcber uns - International Blue Cross","isPartOf":{"@id":"https:\/\/internationalbluecross.org\/de\/#website"},"primaryImageOfPage":{"@id":"https:\/\/internationalbluecross.org\/de\/uber-uns\/#primaryimage"},"image":{"@id":"https:\/\/internationalbluecross.org\/de\/uber-uns\/#primaryimage"},"thumbnailUrl":"https:\/\/mll3h1jyy9a5.i.optimole.com\/w:1024\/h:768\/q:mauto\/ig:avif\/https:\/\/internationalbluecross.org\/wp-content\/uploads\/2022\/01\/2000H-title-picture2.jpg","datePublished":"2022-02-03T14:18:58+00:00","dateModified":"2026-03-24T13:25:35+00:00","breadcrumb":{"@id":"https:\/\/internationalbluecross.org\/de\/uber-uns\/#breadcrumb"},"inLanguage":"de","potentialAction":[{"@type":"ReadAction","target":["https:\/\/internationalbluecross.org\/de\/uber-uns\/"]}]},{"@type":"ImageObject","inLanguage":"de","@id":"https:\/\/internationalbluecross.org\/de\/uber-uns\/#primaryimage","url":"https:\/\/mll3h1jyy9a5.i.optimole.com\/w:1024\/h:768\/q:mauto\/ig:avif\/https:\/\/internationalbluecross.org\/wp-content\/uploads\/2022\/01\/2000H-title-picture2.jpg","contentUrl":"https:\/\/mll3h1jyy9a5.i.optimole.com\/w:1024\/h:768\/q:mauto\/ig:avif\/https:\/\/internationalbluecross.org\/wp-content\/uploads\/2022\/01\/2000H-title-picture2.jpg"},{"@type":"BreadcrumbList","@id":"https:\/\/internationalbluecross.org\/de\/uber-uns\/#breadcrumb","itemListElement":[{"@type":"ListItem","position":1,"name":"Home","item":"https:\/\/internationalbluecross.org\/de\/"},{"@type":"ListItem","position":2,"name":"\u00dcber uns"}]},{"@type":"WebSite","@id":"https:\/\/internationalbluecross.org\/de\/#website","url":"https:\/\/internationalbluecross.org\/de\/","name":"International Blue Cross","description":"Protecting People from being harmed by Alcohol and Drugs","publisher":{"@id":"https:\/\/internationalbluecross.org\/de\/#organization"},"potentialAction":[{"@type":"SearchAction","target":{"@type":"EntryPoint","urlTemplate":"https:\/\/internationalbluecross.org\/de\/?s={search_term_string}"},"query-input":{"@type":"PropertyValueSpecification","valueRequired":true,"valueName":"search_term_string"}}],"inLanguage":"de"},{"@type":"Organization","@id":"https:\/\/internationalbluecross.org\/de\/#organization","name":"International Blue Cross","url":"https:\/\/internationalbluecross.org\/de\/","logo":{"@type":"ImageObject","inLanguage":"de","@id":"https:\/\/internationalbluecross.org\/de\/#\/schema\/logo\/image\/","url":"https:\/\/mll3h1jyy9a5.i.optimole.com\/w:auto\/h:auto\/q:mauto\/ig:avif\/https:\/\/internationalbluecross.org\/wp-content\/uploads\/2022\/08\/logo-donations-thanks-sm.jpg","contentUrl":"https:\/\/mll3h1jyy9a5.i.optimole.com\/w:auto\/h:auto\/q:mauto\/ig:avif\/https:\/\/internationalbluecross.org\/wp-content\/uploads\/2022\/08\/logo-donations-thanks-sm.jpg","width":680,"height":400,"caption":"International Blue Cross"},"image":{"@id":"https:\/\/internationalbluecross.org\/de\/#\/schema\/logo\/image\/"},"sameAs":["https:\/\/www.facebook.com\/InternationalBlueCross","https:\/\/x.com\/BlueCrossTweets"]}]}},"campaignId":"","_links":{"self":[{"href":"https:\/\/internationalbluecross.org\/de\/wp-json\/wp\/v2\/pages\/2232","targetHints":{"allow":["GET"]}}],"collection":[{"href":"https:\/\/internationalbluecross.org\/de\/wp-json\/wp\/v2\/pages"}],"about":[{"href":"https:\/\/internationalbluecross.org\/de\/wp-json\/wp\/v2\/types\/page"}],"author":[{"embeddable":true,"href":"https:\/\/internationalbluecross.org\/de\/wp-json\/wp\/v2\/users\/2"}],"replies":[{"embeddable":true,"href":"https:\/\/internationalbluecross.org\/de\/wp-json\/wp\/v2\/comments?post=2232"}],"version-history":[{"count":38,"href":"https:\/\/internationalbluecross.org\/de\/wp-json\/wp\/v2\/pages\/2232\/revisions"}],"predecessor-version":[{"id":7341,"href":"https:\/\/internationalbluecross.org\/de\/wp-json\/wp\/v2\/pages\/2232\/revisions\/7341"}],"wp:attachment":[{"href":"https:\/\/internationalbluecross.org\/de\/wp-json\/wp\/v2\/media?parent=2232"}],"curies":[{"name":"wp","href":"https:\/\/api.w.org\/{rel}","templated":true}]}}